{"id":799,"date":"2014-10-14T09:14:33","date_gmt":"2014-10-14T07:14:33","guid":{"rendered":"http:\/\/www.cislferrara.it\/?page_id=799"},"modified":"2025-01-10T12:08:52","modified_gmt":"2025-01-10T11:08:52","slug":"ial-formazione-professionale","status":"publish","type":"page","link":"https:\/\/www.cislferrara.it\/fr\/ial-formazione-professionale\/","title":{"rendered":"IAL"},"content":{"rendered":"<div id=\"fws_69f0be1e6a2ad\"  data-column-margin=\"default\" data-midnight=\"dark\" data-top-percent=\"4%\"  class=\"wpb_row vc_row-fluid vc_row  top_padding_tablet_8pct bottom_padding_tablet_8pct\"  style=\"padding-top: calc(100vw * 0.04); padding-bottom: 0px; \"><div class=\"row-bg-wrap\" data-bg-animation=\"none\" data-bg-animation-delay=\"\" data-bg-overlay=\"false\"><div class=\"inner-wrap row-bg-layer\" ><div class=\"row-bg viewport-desktop\"  style=\"\"><\/div><\/div><\/div><div class=\"row_col_wrap_12 col span_12 dark left\">\n\t<div  class=\"vc_col-sm-2\/5 vc_col-xs-12 wpb_column column_container vc_column_container col no-extra-padding right_margin_tablet_auto right_margin_phone_auto left_margin_tablet_auto left_margin_phone_auto inherit_tablet inherit_phone max_width_tablet_600px max_width_phone_420px\"  data-padding-pos=\"all\" data-has-bg-color=\"false\" data-bg-color=\"\" data-bg-opacity=\"1\" data-animation=\"\" data-delay=\"0\" >\n\t\t<div class=\"vc_column-inner\" >\n\t\t\t<div class=\"wpb_wrapper\">\n\t\t\t\t<div id=\"fws_69f0be1e6aad0\" data-midnight=\"\" data-column-margin=\"default\" class=\"wpb_row vc_row-fluid vc_row inner_row\"  style=\"\"><div class=\"row-bg-wrap\"> <div class=\"row-bg\" ><\/div> <\/div><div class=\"row_col_wrap_12_inner col span_12  left\">\n\t<div  class=\"vc_col-sm-12 wpb_column column_container vc_column_container col child_column no-extra-padding inherit_tablet inherit_phone\"   data-padding-pos=\"all\" data-has-bg-color=\"false\" data-bg-color=\"\" data-bg-opacity=\"1\" data-animation=\"\" data-delay=\"0\" >\n\t\t<div class=\"vc_column-inner\" >\n\t\t<div class=\"wpb_wrapper\">\n\t\t\t<div class=\"img-with-aniamtion-wrap center\" data-max-width=\"100%\" data-max-width-mobile=\"default\" data-shadow=\"none\" data-animation=\"none\" >\n      <div class=\"inner\">\n        <div class=\"hover-wrap\"> \n          <div class=\"hover-wrap-inner\">\n            <img loading=\"lazy\" decoding=\"async\" class=\"img-with-animation skip-lazy\" data-delay=\"0\" height=\"250\" width=\"500\" data-animation=\"none\" src=\"https:\/\/www.cislferrara.it\/wp-content\/uploads\/2025\/01\/logo-ial-cisl-ferrara.jpg\" alt=\"\" srcset=\"https:\/\/www.cislferrara.it\/wp-content\/uploads\/2025\/01\/logo-ial-cisl-ferrara.jpg 500w, https:\/\/www.cislferrara.it\/wp-content\/uploads\/2025\/01\/logo-ial-cisl-ferrara-300x150.jpg 300w\" sizes=\"auto, (max-width: 500px) 100vw, 500px\" \/>\n          <\/div>\n        <\/div>\n        \n      <\/div>\n    <\/div>\n\t\t<\/div> \n\t<\/div>\n\t<\/div> \n<\/div><\/div>\n\t\t\t<\/div> \n\t\t<\/div>\n\t<\/div> \n\n\t<div style=\"z-index: 100; \" class=\"vc_col-sm-3\/5 vc_col-xs-12 wpb_column column_container vc_column_container col padding-3-percent max_width_desktop_1000px top_margin_tablet_40px right_margin_tablet_auto right_margin_phone_auto left_margin_tablet_auto left_margin_phone_auto no-extra-padding_tablet no-extra-padding_phone max_width_tablet_600px max_width_phone_420px\"  data-padding-pos=\"left\" data-has-bg-color=\"false\" data-bg-color=\"\" data-bg-opacity=\"1\" data-animation=\"\" data-delay=\"0\" >\n\t\t<div class=\"vc_column-inner\" >\n\t\t\t<div class=\"wpb_wrapper\">\n\t\t\t\t<div id=\"fws_69f0be1e6bc73\" data-midnight=\"\" data-column-margin=\"40px\" class=\"wpb_row vc_row-fluid vc_row inner_row\"  style=\"\"><div class=\"row-bg-wrap\"> <div class=\"row-bg\" ><\/div> <\/div><div class=\"row_col_wrap_12_inner col span_12  left\">\n\t<div  class=\"vc_col-sm-12 wpb_column column_container vc_column_container col child_column has-animation no-extra-padding inherit_tablet inherit_phone\"   data-padding-pos=\"all\" data-has-bg-color=\"false\" data-bg-color=\"\" data-bg-opacity=\"1\" data-animation=\"fade-in-from-bottom\" data-delay=\"0\" >\n\t\t<div class=\"vc_column-inner\" >\n\t\t<div class=\"wpb_wrapper\">\n\t\t\t\n<div class=\"wpb_text_column wpb_content_element  vc_custom_1736506398012\" >\n\t<h3>IAL<\/h3>\n<\/div>\n\n\n\n\n<div class=\"wpb_text_column wpb_content_element\" >\n\t<p>Centre de formation professionnelle CISL. Elle organise des cours de formation visant \u00e0 la qualification des jeunes et des adultes sans emploi et sans emploi, \u00e0 la requalification et \u00e0 la reconversion des travailleurs qui risquent l&#039;exclusion du march\u00e9 du travail.<\/p>\n<p>L&#039;offre de l&#039;IAL Ferrara sur le canal de formation professionnelle destin\u00e9e aux jeunes avec le droit-devoir d&#039;\u00e9ducation et de formation (IeFP) conduit \u00e0 la qualification de\u00a0<b>\u00ab Op\u00e9rateur de restauration \u00bb<\/b>\u00a0et de\u00a0<b>\u00ab Op\u00e9rateur de soins esth\u00e9tiques \u00bb<\/b>. Dans les deux cas, il s\u2019agit de formations d\u2019une dur\u00e9e de deux ans. Le Si\u00e8ge est \u00e9quip\u00e9 de laboratoires permettant de simuler les processus de travail sp\u00e9cifiques aux qualifications de r\u00e9f\u00e9rence.<\/p>\n<p>IAL Ferrara est \u00e9galement pr\u00e9sent dans le\u00a0<b>Enseignement sup\u00e9rieur<\/b>\u00a0par la mise en place d\u2019activit\u00e9s de formation destin\u00e9es aux dipl\u00f4m\u00e9s et aux titulaires de dipl\u00f4mes.<\/p>\n<p>Parmi les formations d\u00e9velopp\u00e9es : Informatique \u2013 Soudure \u2013 M\u00e9canique \u2013 Restauration \u2013 P\u00e2tisserie\u2026<\/p>\n<\/div>\n\n\n\n<div class=\"divider-wrap\" data-alignment=\"default\"><div style=\"height: 30px;\" class=\"divider\"><\/div><\/div><div class=\"nectar-cta  alignment_tablet_default alignment_phone_default display_tablet_inherit display_phone_inherit\" data-color=\"accent-color\" data-using-bg=\"true\" data-style=\"arrow-animation\" data-display=\"block\" data-alignment=\"left\" data-text-color=\"custom\" style=\"--nectar-text-color: #ffffff; --nectar-button-color: var(--nectar-accent-color); --nectar-icon-gap: 10px; \"><h5 style=\"color: #ffffff;\"><span class=\"link_wrap\" style=\"padding-top: 15px; padding-right: 35px; padding-bottom: 15px; padding-left: 35px;\"><a  class=\"link_text\" role=\"button\" href=\"https:\/\/www.cislferrara.it\/fr\/contatta-ial\/\"><span class=\"text\">CONTACTEZ IAL<\/span><svg class=\"next-arrow\" aria-hidden=\"true\" width=\"20px\" height=\"25px\" viewbox=\"0 0 50 80\" xml:space=\"preserve\">\n  <polyline stroke=\"#ffffff\" stroke-width=\"9\" fill=\"none\" stroke-linecap=\"round\" stroke-linejoin=\"round\" points=\"0, 0 45, 40 0, 80\"\/>\n  <\/svg>  <span aria-hidden=\"true\" class=\"line\"  style=\"background-color: #ffffff;\"><\/span> <\/a><\/span><\/h5><\/div>\n\t\t<\/div> \n\t<\/div>\n\t<\/div> \n<\/div><\/div>\n\t\t\t<\/div> \n\t\t<\/div>\n\t<\/div> \n<\/div><\/div>\n\t\t<div id=\"fws_69f0be1e6ca16\"  data-column-margin=\"default\" data-midnight=\"dark\"  class=\"wpb_row vc_row-fluid vc_row\"  style=\"padding-top: 0px; padding-bottom: 0px; \"><div class=\"row-bg-wrap\" data-bg-animation=\"none\" data-bg-animation-delay=\"\" data-bg-overlay=\"false\"><div class=\"inner-wrap row-bg-layer\" ><div class=\"row-bg viewport-desktop\"  style=\"\"><\/div><\/div><\/div><div class=\"row_col_wrap_12 col span_12 dark left\">\n\t<div  class=\"vc_col-sm-12 wpb_column column_container vc_column_container col no-extra-padding inherit_tablet inherit_phone\"  data-padding-pos=\"all\" data-has-bg-color=\"false\" data-bg-color=\"\" data-bg-opacity=\"1\" data-animation=\"\" data-delay=\"0\" >\n\t\t<div class=\"vc_column-inner\" >\n\t\t\t<div class=\"wpb_wrapper\">\n\t\t\t\t<div class=\"divider-wrap\" data-alignment=\"default\"><div style=\"margin-top: 15px; height: 1px; margin-bottom: 15px;\" data-width=\"100%\" data-animate=\"\" data-animation-delay=\"\" data-color=\"default\" class=\"divider-border\"><\/div><\/div>\n\t\t\t<\/div> \n\t\t<\/div>\n\t<\/div> \n<\/div><\/div>\n\t\t<div id=\"fws_69f0be1e792ba\"  data-column-margin=\"default\" data-midnight=\"dark\" data-top-percent=\"1%\" data-bottom-percent=\"3%\"  class=\"wpb_row vc_row-fluid vc_row  top_padding_tablet_14pct\"  style=\"padding-top: calc(100vw * 0.01); padding-bottom: calc(100vw * 0.03); \"><div class=\"row-bg-wrap\" data-bg-animation=\"none\" data-bg-animation-delay=\"\" data-bg-overlay=\"false\"><div class=\"inner-wrap row-bg-layer\" ><div class=\"row-bg viewport-desktop\"  style=\"\"><\/div><\/div><\/div><div class=\"row_col_wrap_12 col span_12 dark left\">\n\t<div  class=\"vc_col-sm-12 wpb_column column_container vc_column_container col no-extra-padding el_spacing_20px inherit_tablet inherit_phone\"  data-padding-pos=\"all\" data-has-bg-color=\"false\" data-bg-color=\"\" data-bg-opacity=\"1\" data-animation=\"\" data-delay=\"0\" >\n\t\t<div class=\"vc_column-inner\" >\n\t\t\t<div class=\"wpb_wrapper\">\n\t\t\t\t<div id=\"fws_69f0be1e7a285\" data-midnight=\"\" data-column-margin=\"default\" class=\"wpb_row vc_row-fluid vc_row inner_row  right_padding_40pct right_padding_phone_0px\"  style=\"padding-bottom: 1%; \"><div class=\"row-bg-wrap\"> <div class=\"row-bg\" ><\/div> <\/div><div class=\"row_col_wrap_12_inner col span_12  left\">\n\t<div  class=\"vc_col-sm-12 wpb_column column_container vc_column_container col child_column no-extra-padding inherit_tablet inherit_phone\"   data-padding-pos=\"all\" data-has-bg-color=\"false\" data-bg-color=\"\" data-bg-opacity=\"1\" data-animation=\"\" data-delay=\"0\" >\n\t\t<div class=\"vc_column-inner\" >\n\t\t<div class=\"wpb_wrapper\">\n\t\t\t<div class=\"nectar-split-heading  font_size_max_108px font_size_tablet_7vw\" data-align=\"default\" data-m-align=\"inherit\" data-text-effect=\"letter-reveal-bottom\" data-animation-type=\"line-reveal-by-space\" data-animation-delay=\"0\" data-animation-offset=\"\" data-m-rm-animation=\"\" data-stagger=\"true\" data-custom-font-size=\"false\" ><h2 style=\" color: #016648;\">LIEUX ET HORAIRES<\/h2><\/div>\n\t\t<\/div> \n\t<\/div>\n\t<\/div> \n<\/div><\/div><div id=\"fws_69f0be1e7b197\" data-midnight=\"\" data-column-margin=\"none\" class=\"wpb_row vc_row-fluid vc_row inner_row\"  style=\"\"><div class=\"row-bg-wrap\"> <div class=\"row-bg\" ><\/div> <\/div><div class=\"row_col_wrap_12_inner col span_12  left\">\n\t<div  class=\"vc_col-sm-3 wpb_column column_container vc_column_container col child_column no-extra-padding inherit_tablet inherit_phone\"   data-padding-pos=\"all\" data-has-bg-color=\"false\" data-bg-color=\"\" data-bg-opacity=\"1\" data-animation=\"\" data-delay=\"0\" >\n\t\t<div class=\"vc_column-inner\" >\n\t\t<div class=\"wpb_wrapper\">\n\t\t\t\n<div class=\"wpb_text_column wpb_content_element\" >\n\t<h4>Ferrare<br \/>\nRue Montebello 46<br \/>\nT\u00e9l. 0532.206521<\/h4>\n<\/div>\n\n\n\n\n\t\t<\/div> \n\t<\/div>\n\t<\/div> \n\n\t<div  class=\"vc_col-sm-9 wpb_column column_container vc_column_container col child_column no-extra-padding inherit_tablet inherit_phone\"   data-padding-pos=\"all\" data-has-bg-color=\"false\" data-bg-color=\"\" data-bg-opacity=\"1\" data-animation=\"\" data-delay=\"0\" >\n\t\t<div class=\"vc_column-inner\" >\n\t\t<div class=\"wpb_wrapper\">\n\t\t\t<div class=\"nectar-hor-list-item   has_border_animation nectar-waypoint-el border_color_505050 multiple-columns\" data-hover-effect=\"none\" data-br=\"0px\" data-font-family=\"p\" data-color=\"accent-color\" data-columns=\"3\" data-column-layout=\"even\"><div class=\"nectar-list-item\" data-icon=\"false\" data-text-align=\"left\">HEURES D&#039;OUVERTURE<\/div><div class=\"nectar-list-item\" data-text-align=\"left\">du lundi au vendredi<\/div><div class=\"nectar-list-item\" data-text-align=\"left\">9,00 - 13,00 \/ 14,30 - 16,30<\/div><\/div>\n\t\t<\/div> \n\t<\/div>\n\t<\/div> \n<\/div><\/div>\n\t\t\t<\/div> \n\t\t<\/div>\n\t<\/div> \n<\/div><\/div>\n\t\t<div id=\"fws_69f0be1e7ccd2\"  data-column-margin=\"default\" data-midnight=\"dark\" data-top-percent=\"1%\" data-bottom-percent=\"6%\"  class=\"wpb_row vc_row-fluid vc_row full-width-section\"  style=\"padding-top: calc(100vw * 0.01); padding-bottom: calc(100vw * 0.06); \"><div class=\"row-bg-wrap\" data-bg-animation=\"none\" data-bg-animation-delay=\"\" data-bg-overlay=\"false\"><div class=\"inner-wrap row-bg-layer\" ><div class=\"row-bg viewport-desktop\"  style=\"\"><\/div><\/div><\/div><div class=\"row_col_wrap_12 col span_12 dark left\">\n\t<div  class=\"vc_col-sm-12 wpb_column column_container vc_column_container col no-extra-padding inherit_tablet inherit_phone\"  data-padding-pos=\"all\" data-has-bg-color=\"false\" data-bg-color=\"\" data-bg-opacity=\"1\" data-animation=\"\" data-delay=\"0\" >\n\t\t<div class=\"vc_column-inner\" >\n\t\t\t<div class=\"wpb_wrapper\">\n\t\t\t\t<div id=\"fws_69f0be1e7d2c5\" data-midnight=\"\" data-column-margin=\"default\" class=\"wpb_row vc_row-fluid vc_row inner_row\"  style=\"padding-bottom: 50px; \"><div class=\"row-bg-wrap\"> <div class=\"row-bg\" ><\/div> <\/div><div class=\"row_col_wrap_12_inner col span_12  left\">\n\t<div  class=\"vc_col-sm-12 wpb_column column_container vc_column_container col child_column centered-text no-extra-padding inherit_tablet inherit_phone\"   data-padding-pos=\"all\" data-has-bg-color=\"false\" data-bg-color=\"\" data-bg-opacity=\"1\" data-animation=\"\" data-delay=\"0\" >\n\t\t<div class=\"vc_column-inner\" >\n\t\t<div class=\"wpb_wrapper\">\n\t\t\t\n<div class=\"wpb_text_column wpb_content_element\" >\n\t<h3>Derni\u00e8res nouvelles<\/h3>\n<\/div>\n\n\n\n\n\t\t<\/div> \n\t<\/div>\n\t<\/div> \n<\/div><\/div><div id=\"fws_69f0be1e7d8bb\" data-midnight=\"\" data-column-margin=\"default\" class=\"wpb_row vc_row-fluid vc_row inner_row  vc_custom_1504236091614\"  style=\"\"><div class=\"row-bg-wrap\"> <div class=\"row-bg\" ><\/div> <\/div><div class=\"row_col_wrap_12_inner col span_12  left\">\n\t<div  class=\"vc_col-sm-12 wpb_column column_container vc_column_container col child_column no-extra-padding inherit_tablet inherit_phone\"   data-padding-pos=\"all\" data-has-bg-color=\"false\" data-bg-color=\"\" data-bg-opacity=\"1\" data-animation=\"\" data-delay=\"0\" >\n\t\t<div class=\"vc_column-inner\" >\n\t\t<div class=\"wpb_wrapper\">\n\t\t\t<div class='nectar-post-grid-wrap text-color-dark spacing-25px' data-el-settings='{\"post_type\":\"post\",\"pagination\":\"none\",\"image_size\":\"large\",\"parallax_scrolling\":\"\",\"aspect_ratio_image_size\":\"\",\"category_position\":\"default\",\"category_display\":\"default\",\"display_categories\":\"yes\",\"display_excerpt\":\"yes\",\"excerpt_length\":\"20\",\"content_next_to_image_excerpt_pos\":\"default\",\"display_date\":\"yes\",\"display_estimated_reading_time\":\"0\",\"display_author\":\"0\",\"author_functionality\":\"default\",\"author_position\":\"default\",\"color_overlay\":\"\",\"color_overlay_opacity\":\"\",\"color_overlay_hover_opacity\":\"\",\"card_bg_color\":\"\",\"grid_style\":\"content_under_image\",\"hover_effect\":\"zoom\",\"post_title_overlay\":\"\",\"heading_tag\":\"default\",\"heading_tag_render\":\"default\",\"enable_gallery_lightbox\":\"0\",\"remove_links\":\"0\",\"category_style\":\"underline\",\"overlay_secondary_project_image\":\"\",\"vertical_list_hover_effect\":\"none\",\"vertical_list_read_more\":\"\",\"vertical_list_read_more_style\":\"text\",\"read_more_button\":\"0\",\"animation\":\"none\",\"custom_fields\":\"\",\"custom_fields_location\":\"before_post_meta\",\"display_type\":\"grid\",\"text_content_layout\":\"top_left\"}' data-style='content_under_image' data-query='{\"post_type\":\"post\",\"posts_per_page\":\"6\",\"order\":\"DESC\",\"orderby\":\"date\",\"offset\":\"0\",\"cpt_name\":\"post\",\"custom_query_tax\":\"\",\"ignore_sticky_posts\":\"\",\"exclude_current_post\":\"\"}' data-load-more-color='black' data-load-more-text='Load More'><div class=\"nectar-post-grid-filters\" data-active-color=\"default\" data-align=\"default\" data-animation=\"none\" data-sortable=\"\"><div><a href=\"#\" class=\"active  all-filter\" data-total-count=\"375\" data-filter=\"-1\">Tous<\/a><a href=\"#\" data-filter=\"adiconsum\" data-total-count=\"6\">ADICONSUM<\/a><a href=\"#\" data-filter=\"anolf\" data-total-count=\"7\">ANOLF<\/a><a href=\"#\" data-filter=\"anteas\" data-total-count=\"5\">ANTEAS<\/a><a href=\"#\" data-filter=\"area-stampa\" data-total-count=\"146\">Espace presse<\/a><a href=\"#\" data-filter=\"avvisi\" data-total-count=\"51\">Avis<\/a><a href=\"#\" data-filter=\"caf-cisl\" data-total-count=\"21\">Caf\u00e9 Cisl<\/a><a href=\"#\" data-filter=\"centro-autopratiche\" data-total-count=\"9\">CENTRE DE PRATIQUE AUTOMOBILE<\/a><a href=\"#\" data-filter=\"cisl-ferrara\" data-total-count=\"246\">Cisl Ferrare<\/a><a href=\"#\" data-filter=\"colf-e-badanti\" data-total-count=\"7\">FEMMES DE M\u00c9NAGE ET AIDANTS<\/a><a href=\"#\" data-filter=\"coordinamento-donne\" data-total-count=\"5\">COORDINATION DES FEMMES<\/a><a href=\"#\" data-filter=\"fai\" data-total-count=\"11\">Tu fais<\/a><a href=\"#\" data-filter=\"felsa\" data-total-count=\"5\">Felsa<\/a><a href=\"#\" data-filter=\"femca\" data-total-count=\"18\">Femca<\/a><a href=\"#\" data-filter=\"fiba\" data-total-count=\"8\">Fiba<\/a><a href=\"#\" data-filter=\"filca\" data-total-count=\"1\">Filca<\/a><a href=\"#\" data-filter=\"fim\" data-total-count=\"3\">Film<\/a><a href=\"#\" data-filter=\"fisascat\" data-total-count=\"31\">Fisascat<\/a><a href=\"#\" data-filter=\"fit\" data-total-count=\"11\">Ajuster<\/a><a href=\"#\" data-filter=\"flaei\" data-total-count=\"1\">Flaei<\/a><a href=\"#\" data-filter=\"fnp\" data-total-count=\"55\">FNP<\/a><a href=\"#\" data-filter=\"fp\" data-total-count=\"9\">Fp<\/a><a href=\"#\" data-filter=\"in-evidenza\" data-total-count=\"1\">En vedette<\/a><a href=\"#\" data-filter=\"parola-al-segretario\" data-total-count=\"21\">Un mot du Secr\u00e9taire<\/a><a href=\"#\" data-filter=\"patronato-inas\" data-total-count=\"5\">Patronage de l&#039;INAS<\/a><a href=\"#\" data-filter=\"scuola\" data-total-count=\"15\">\u00c9cole<\/a><a href=\"#\" data-filter=\"sicet\" data-total-count=\"3\">SICET<\/a><a href=\"#\" data-filter=\"slp\" data-total-count=\"5\">Dormir<\/a><\/div><\/div><div class=\"nectar-post-grid category-position-before-title\" data-indicator=\"\" data-indicator-style=\"default\" data-indicator-text-color=\"#fff\" data-indicator-color=\"#000\" data-indicator-text=\"View\" data-masonry=\"yes\" data-columns=\"4\" data-hover-effect=\"zoom\" data-text-style=\"default\" data-border-radius=\"5px\" data-grid-item-height=\"30vh\" data-grid-spacing=\"25px\" data-text-layout=\"top_left\" data-text-color=\"dark\" data-text-hover-color=\"dark\" data-shadow-hover=\"\" data-animation=\"none\" data-animation-stagger=\"90\" data-cat-click=\"default\"  data-lock-aspect=\"\"  data-text-align=\"left\" data-card=\"\" style=\"--post-grid-border-radius:5px;\" ><div class=\"nectar-post-grid-item\" data-post-id=\"5713\" data-has-img=\"true\"> <div class=\"inner\"><div class=\"nectar-post-grid-item-bg-wrap\"><div class=\"nectar-post-grid-item-bg-wrap-inner\"><div class=\"nectar-post-grid-item-bg\"><img loading=\"lazy\" decoding=\"async\" width=\"1024\" height=\"682\" src=\"https:\/\/www.cislferrara.it\/wp-content\/uploads\/2025\/05\/Senza-titolo-1024x682.jpg\" class=\"attachment-large size-large wp-post-image\" alt=\"\" srcset=\"https:\/\/www.cislferrara.it\/wp-content\/uploads\/2025\/05\/Senza-titolo-1024x682.jpg 1024w, https:\/\/www.cislferrara.it\/wp-content\/uploads\/2025\/05\/Senza-titolo-300x200.jpg 300w, https:\/\/www.cislferrara.it\/wp-content\/uploads\/2025\/05\/Senza-titolo-768x512.jpg 768w, https:\/\/www.cislferrara.it\/wp-content\/uploads\/2025\/05\/Senza-titolo-1536x1023.jpg 1536w, https:\/\/www.cislferrara.it\/wp-content\/uploads\/2025\/05\/Senza-titolo-18x12.jpg 18w, https:\/\/www.cislferrara.it\/wp-content\/uploads\/2025\/05\/Senza-titolo-900x600.jpg 900w, https:\/\/www.cislferrara.it\/wp-content\/uploads\/2025\/05\/Senza-titolo.jpg 1600w\" sizes=\"auto, (max-width: 1024px) 100vw, 1024px\" \/><\/div><\/div><\/div><div class=\"content\"><a class=\"nectar-post-grid-link\" href=\"https:\/\/www.cislferrara.it\/fr\/un-nuovo-patto-sociale\/\" ><span class=\"screen-reader-text\">Pacte pour le travail et le d\u00e9veloppement\u00a0: \u201c\u00a0Le protocole est bon. Des r\u00e9sultats sont n\u00e9cessaires\u00a0: nous assurerons un suivi.\u00a0\u201d<\/span><\/a><span class=\"meta-category\"><a class=\"cisl-ferrara style-underline\" href=\"https:\/\/www.cislferrara.it\/fr\/category\/cisl-ferrara\/\">Cisl Ferrare<\/a><a class=\"parola-al-segretario style-underline\" href=\"https:\/\/www.cislferrara.it\/fr\/category\/parola-al-segretario\/\">Un mot du Secr\u00e9taire<\/a><\/span><div class=\"item-main\"><h3 class=\"post-heading\"><span>Pacte pour le travail et le d\u00e9veloppement\u00a0: \u201c\u00a0Le protocole est bon. Des r\u00e9sultats sont n\u00e9cessaires\u00a0: nous assurerons un suivi.\u00a0\u201d<\/span><\/h3><div class=\"nectar-post-grid-item__excerpt-wrap item-meta-extra\"><span class=\"meta-excerpt\">Cliquez ici pour lire l&#039;article<\/span><\/div><span class=\"nectar-post-grid-item__meta-wrap\"><span class=\"meta-date\">15 avril 2026<\/span><\/span><\/div><\/div><\/div><\/div><div class=\"nectar-post-grid-item\" data-post-id=\"5735\" data-has-img=\"true\"> <div class=\"inner\"><div class=\"nectar-post-grid-item-bg-wrap\"><div class=\"nectar-post-grid-item-bg-wrap-inner\"><div class=\"nectar-post-grid-item-bg\"><img loading=\"lazy\" decoding=\"async\" width=\"1024\" height=\"574\" src=\"https:\/\/www.cislferrara.it\/wp-content\/uploads\/2025\/07\/Terreno-agricolo-1024x574.jpg\" class=\"attachment-large size-large wp-post-image\" alt=\"\" srcset=\"https:\/\/www.cislferrara.it\/wp-content\/uploads\/2025\/07\/Terreno-agricolo-1024x574.jpg 1024w, https:\/\/www.cislferrara.it\/wp-content\/uploads\/2025\/07\/Terreno-agricolo-300x168.jpg 300w, https:\/\/www.cislferrara.it\/wp-content\/uploads\/2025\/07\/Terreno-agricolo-768x430.jpg 768w, https:\/\/www.cislferrara.it\/wp-content\/uploads\/2025\/07\/Terreno-agricolo-18x10.jpg 18w, https:\/\/www.cislferrara.it\/wp-content\/uploads\/2025\/07\/Terreno-agricolo.jpg 1414w\" sizes=\"auto, (max-width: 1024px) 100vw, 1024px\" \/><\/div><\/div><\/div><div class=\"content\"><a class=\"nectar-post-grid-link\" href=\"https:\/\/www.cislferrara.it\/fr\/disoccupazione-agricola-2026\/\" ><span class=\"screen-reader-text\">Ch\u00f4mage agricole 2026<\/span><\/a><span class=\"meta-category\"><a class=\"fai style-underline\" href=\"https:\/\/www.cislferrara.it\/fr\/category\/fai\/\">Tu fais<\/a><\/span><div class=\"item-main\"><h3 class=\"post-heading\"><span>Ch\u00f4mage agricole 2026<\/span><\/h3><div class=\"nectar-post-grid-item__excerpt-wrap item-meta-extra\"><span class=\"meta-excerpt\"><\/span><\/div><span class=\"nectar-post-grid-item__meta-wrap\"><span class=\"meta-date\">18 mars 2026<\/span><\/span><\/div><\/div><\/div><\/div><div class=\"nectar-post-grid-item\" data-post-id=\"5727\" data-has-img=\"true\"> <div class=\"inner\"><div class=\"nectar-post-grid-item-bg-wrap\"><div class=\"nectar-post-grid-item-bg-wrap-inner\"><div class=\"nectar-post-grid-item-bg\"><img loading=\"lazy\" decoding=\"async\" width=\"1024\" height=\"1024\" src=\"https:\/\/www.cislferrara.it\/wp-content\/uploads\/2026\/02\/piattaforma-food-delivery-FeLSA-CISL_pages-to-jpg-0001-1024x1024.jpg\" class=\"attachment-large size-large wp-post-image\" alt=\"\" srcset=\"https:\/\/www.cislferrara.it\/wp-content\/uploads\/2026\/02\/piattaforma-food-delivery-FeLSA-CISL_pages-to-jpg-0001-1024x1024.jpg 1024w, https:\/\/www.cislferrara.it\/wp-content\/uploads\/2026\/02\/piattaforma-food-delivery-FeLSA-CISL_pages-to-jpg-0001-300x300.jpg 300w, https:\/\/www.cislferrara.it\/wp-content\/uploads\/2026\/02\/piattaforma-food-delivery-FeLSA-CISL_pages-to-jpg-0001-150x150.jpg 150w, https:\/\/www.cislferrara.it\/wp-content\/uploads\/2026\/02\/piattaforma-food-delivery-FeLSA-CISL_pages-to-jpg-0001-768x768.jpg 768w, https:\/\/www.cislferrara.it\/wp-content\/uploads\/2026\/02\/piattaforma-food-delivery-FeLSA-CISL_pages-to-jpg-0001-1536x1536.jpg 1536w, https:\/\/www.cislferrara.it\/wp-content\/uploads\/2026\/02\/piattaforma-food-delivery-FeLSA-CISL_pages-to-jpg-0001-2048x2048.jpg 2048w, https:\/\/www.cislferrara.it\/wp-content\/uploads\/2026\/02\/piattaforma-food-delivery-FeLSA-CISL_pages-to-jpg-0001-12x12.jpg 12w, https:\/\/www.cislferrara.it\/wp-content\/uploads\/2026\/02\/piattaforma-food-delivery-FeLSA-CISL_pages-to-jpg-0001-140x140.jpg 140w, https:\/\/www.cislferrara.it\/wp-content\/uploads\/2026\/02\/piattaforma-food-delivery-FeLSA-CISL_pages-to-jpg-0001-100x100.jpg 100w, https:\/\/www.cislferrara.it\/wp-content\/uploads\/2026\/02\/piattaforma-food-delivery-FeLSA-CISL_pages-to-jpg-0001-500x500.jpg 500w, https:\/\/www.cislferrara.it\/wp-content\/uploads\/2026\/02\/piattaforma-food-delivery-FeLSA-CISL_pages-to-jpg-0001-350x350.jpg 350w, https:\/\/www.cislferrara.it\/wp-content\/uploads\/2026\/02\/piattaforma-food-delivery-FeLSA-CISL_pages-to-jpg-0001-1000x1000.jpg 1000w, https:\/\/www.cislferrara.it\/wp-content\/uploads\/2026\/02\/piattaforma-food-delivery-FeLSA-CISL_pages-to-jpg-0001-800x800.jpg 800w\" sizes=\"auto, (max-width: 1024px) 100vw, 1024px\" \/><\/div><\/div><\/div><div class=\"content\"><a class=\"nectar-post-grid-link\" href=\"https:\/\/www.cislferrara.it\/fr\/da-oggi-anche-i-rider-hanno-una-rappresentanza\/\" ><span class=\"screen-reader-text\">\u00c0 partir d&#039;aujourd&#039;hui, le RIDER a \u00e9galement une REPR\u00c9SENTATION<\/span><\/a><span class=\"meta-category\"><a class=\"felsa style-underline\" href=\"https:\/\/www.cislferrara.it\/fr\/category\/felsa\/\">Felsa<\/a><\/span><div class=\"item-main\"><h3 class=\"post-heading\"><span>\u00c0 partir d&#039;aujourd&#039;hui, le RIDER a \u00e9galement une REPR\u00c9SENTATION<\/span><\/h3><div class=\"nectar-post-grid-item__excerpt-wrap item-meta-extra\"><span class=\"meta-excerpt\">CONSULTEZ TOUTES NOS ACTUALIT\u00c9S SUR LA PLATEFORME FELSA CISL CONCERNANT UNE CONVENTION COLLECTIVE DANS L&#039;INDUSTRIE ALIMENTAIRE\u2026<\/span><\/div><span class=\"nectar-post-grid-item__meta-wrap\"><span class=\"meta-date\">23 f\u00e9vrier 2026<\/span><\/span><\/div><\/div><\/div><\/div><div class=\"nectar-post-grid-item\" data-post-id=\"5723\" data-has-img=\"true\"> <div class=\"inner\"><div class=\"nectar-post-grid-item-bg-wrap\"><div class=\"nectar-post-grid-item-bg-wrap-inner\"><div class=\"nectar-post-grid-item-bg\"><img loading=\"lazy\" decoding=\"async\" width=\"1024\" height=\"682\" src=\"https:\/\/www.cislferrara.it\/wp-content\/uploads\/2025\/05\/Senza-titolo-1024x682.jpg\" class=\"attachment-large size-large wp-post-image\" alt=\"\" srcset=\"https:\/\/www.cislferrara.it\/wp-content\/uploads\/2025\/05\/Senza-titolo-1024x682.jpg 1024w, https:\/\/www.cislferrara.it\/wp-content\/uploads\/2025\/05\/Senza-titolo-300x200.jpg 300w, https:\/\/www.cislferrara.it\/wp-content\/uploads\/2025\/05\/Senza-titolo-768x512.jpg 768w, https:\/\/www.cislferrara.it\/wp-content\/uploads\/2025\/05\/Senza-titolo-1536x1023.jpg 1536w, https:\/\/www.cislferrara.it\/wp-content\/uploads\/2025\/05\/Senza-titolo-18x12.jpg 18w, https:\/\/www.cislferrara.it\/wp-content\/uploads\/2025\/05\/Senza-titolo-900x600.jpg 900w, https:\/\/www.cislferrara.it\/wp-content\/uploads\/2025\/05\/Senza-titolo.jpg 1600w\" sizes=\"auto, (max-width: 1024px) 100vw, 1024px\" \/><\/div><\/div><\/div><div class=\"content\"><a class=\"nectar-post-grid-link\" href=\"https:\/\/www.cislferrara.it\/fr\/un-nuovo-patto-sociale-perche-nel-2026-possiamo-crescere\/\" ><span class=\"screen-reader-text\">Un nouveau pacte social : \u201c Parce que nous pouvons progresser en 2026 \u201d<\/span><\/a><span class=\"meta-category\"><a class=\"cisl-ferrara style-underline\" href=\"https:\/\/www.cislferrara.it\/fr\/category\/cisl-ferrara\/\">Cisl Ferrare<\/a><a class=\"parola-al-segretario style-underline\" href=\"https:\/\/www.cislferrara.it\/fr\/category\/parola-al-segretario\/\">Un mot du Secr\u00e9taire<\/a><\/span><div class=\"item-main\"><h3 class=\"post-heading\"><span>Un nouveau pacte social : \u201c Parce que nous pouvons progresser en 2026 \u201d<\/span><\/h3><div class=\"nectar-post-grid-item__excerpt-wrap item-meta-extra\"><span class=\"meta-excerpt\"><\/span><\/div><span class=\"nectar-post-grid-item__meta-wrap\"><span class=\"meta-date\">6 f\u00e9vrier 2026<\/span><\/span><\/div><\/div><\/div><\/div><div class=\"nectar-post-grid-item\" data-post-id=\"5718\" data-has-img=\"false\"> <div class=\"inner\"><div class=\"nectar-post-grid-item-bg-wrap\"><div class=\"nectar-post-grid-item-bg-wrap-inner\"><div class=\"nectar-post-grid-item-bg\"><\/div><\/div><\/div><div class=\"content\"><a class=\"nectar-post-grid-link\" href=\"https:\/\/www.cislferrara.it\/fr\/al-bachelet-un-progetto-innovativo-i-ragazzi-guidati-dagli-esperti-cisl\/\" ><span class=\"screen-reader-text\">Un projet novateur \u00e0 Bachelet. Les \u00e9tudiants sont encadr\u00e9s par des experts du CISL.<\/span><\/a><span class=\"meta-category\"><a class=\"cisl-ferrara style-underline\" href=\"https:\/\/www.cislferrara.it\/fr\/category\/cisl-ferrara\/\">Cisl Ferrare<\/a><\/span><div class=\"item-main\"><h3 class=\"post-heading\"><span>Un projet novateur \u00e0 Bachelet. Les \u00e9tudiants sont encadr\u00e9s par des experts du CISL.<\/span><\/h3><div class=\"nectar-post-grid-item__excerpt-wrap item-meta-extra\"><span class=\"meta-excerpt\">Lire l&#039;article sur Il Resto del Carlino<\/span><\/div><span class=\"nectar-post-grid-item__meta-wrap\"><span class=\"meta-date\">5 f\u00e9vrier 2026<\/span><\/span><\/div><\/div><\/div><\/div><div class=\"nectar-post-grid-item\" data-post-id=\"5649\" data-has-img=\"true\"> <div class=\"inner\"><div class=\"nectar-post-grid-item-bg-wrap\"><div class=\"nectar-post-grid-item-bg-wrap-inner\"><div class=\"nectar-post-grid-item-bg\"><img loading=\"lazy\" decoding=\"async\" width=\"1024\" height=\"536\" src=\"https:\/\/www.cislferrara.it\/wp-content\/uploads\/2025\/12\/Facebook-Post-Cammino-responsabilita-1024x536.jpg\" class=\"attachment-large size-large wp-post-image\" alt=\"\" srcset=\"https:\/\/www.cislferrara.it\/wp-content\/uploads\/2025\/12\/Facebook-Post-Cammino-responsabilita-1024x536.jpg 1024w, https:\/\/www.cislferrara.it\/wp-content\/uploads\/2025\/12\/Facebook-Post-Cammino-responsabilita-300x157.jpg 300w, https:\/\/www.cislferrara.it\/wp-content\/uploads\/2025\/12\/Facebook-Post-Cammino-responsabilita-768x402.jpg 768w, https:\/\/www.cislferrara.it\/wp-content\/uploads\/2025\/12\/Facebook-Post-Cammino-responsabilita-18x9.jpg 18w, https:\/\/www.cislferrara.it\/wp-content\/uploads\/2025\/12\/Facebook-Post-Cammino-responsabilita.jpg 1200w\" sizes=\"auto, (max-width: 1024px) 100vw, 1024px\" \/><\/div><\/div><\/div><div class=\"content\"><a class=\"nectar-post-grid-link\" href=\"https:\/\/www.cislferrara.it\/fr\/sul-cammino-della-responsabilita\/\" ><span class=\"screen-reader-text\">Sur la voie de la responsabilit\u00e9<\/span><\/a><span class=\"meta-category\"><a class=\"cisl-ferrara style-underline\" href=\"https:\/\/www.cislferrara.it\/fr\/category\/cisl-ferrara\/\">Cisl Ferrare<\/a><\/span><div class=\"item-main\"><h3 class=\"post-heading\"><span>Sur la voie de la responsabilit\u00e9<\/span><\/h3><div class=\"nectar-post-grid-item__excerpt-wrap item-meta-extra\"><span class=\"meta-excerpt\"><\/span><\/div><span class=\"nectar-post-grid-item__meta-wrap\"><span class=\"meta-date\">5 d\u00e9cembre 2025<\/span><\/span><\/div><\/div><\/div><\/div><\/div><\/div>\n\t\t<\/div> \n\t<\/div>\n\t<\/div> \n<\/div><\/div><div id=\"fws_69f0be1ec590b\" data-midnight=\"\" data-column-margin=\"default\" class=\"wpb_row vc_row-fluid vc_row inner_row\"  style=\"\"><div class=\"row-bg-wrap\"> <div class=\"row-bg\" ><\/div> <\/div><div class=\"row_col_wrap_12_inner col span_12  left\">\n\t<div  class=\"vc_col-sm-12 wpb_column column_container vc_column_container col child_column centered-text no-extra-padding inherit_tablet inherit_phone\"   data-padding-pos=\"all\" data-has-bg-color=\"false\" data-bg-color=\"\" data-bg-opacity=\"1\" data-animation=\"\" data-delay=\"0\" >\n\t\t<div class=\"vc_column-inner\" >\n\t\t<div class=\"wpb_wrapper\">\n\t\t\t<a class=\"nectar-button large see-through m-extra-color-gradient-2 has-icon\"  role=\"button\" style=\"margin-top: 15px; \"  href=\"https:\/\/www.cislferrara.it\/fr\/archivio\/\" data-color-override=\"false\" data-hover-color-override=\"false\" data-hover-text-color-override=\"#fff\"><span>Lire toutes les actualit\u00e9s<\/span><i  class=\"icon-button-arrow\"><\/i><\/a>\n\t\t<\/div> \n\t<\/div>\n\t<\/div> \n<\/div><\/div>\n\t\t\t<\/div> \n\t\t<\/div>\n\t<\/div> \n<\/div><\/div>","protected":false},"excerpt":{"rendered":"","protected":false},"author":1,"featured_media":0,"parent":0,"menu_order":0,"comment_status":"closed","ping_status":"closed","template":"","meta":{"footnotes":""},"class_list":["post-799","page","type-page","status-publish"],"_links":{"self":[{"href":"https:\/\/www.cislferrara.it\/fr\/wp-json\/wp\/v2\/pages\/799","targetHints":{"allow":["GET"]}}],"collection":[{"href":"https:\/\/www.cislferrara.it\/fr\/wp-json\/wp\/v2\/pages"}],"about":[{"href":"https:\/\/www.cislferrara.it\/fr\/wp-json\/wp\/v2\/types\/page"}],"author":[{"embeddable":true,"href":"https:\/\/www.cislferrara.it\/fr\/wp-json\/wp\/v2\/users\/1"}],"replies":[{"embeddable":true,"href":"https:\/\/www.cislferrara.it\/fr\/wp-json\/wp\/v2\/comments?post=799"}],"version-history":[{"count":5,"href":"https:\/\/www.cislferrara.it\/fr\/wp-json\/wp\/v2\/pages\/799\/revisions"}],"predecessor-version":[{"id":4718,"href":"https:\/\/www.cislferrara.it\/fr\/wp-json\/wp\/v2\/pages\/799\/revisions\/4718"}],"wp:attachment":[{"href":"https:\/\/www.cislferrara.it\/fr\/wp-json\/wp\/v2\/media?parent=799"}],"curies":[{"name":"wp","href":"https:\/\/api.w.org\/{rel}","templated":true}]}}