{"id":785,"date":"2014-10-13T11:45:53","date_gmt":"2014-10-13T09:45:53","guid":{"rendered":"http:\/\/www.cislferrara.it\/?page_id=785"},"modified":"2026-01-22T12:59:49","modified_gmt":"2026-01-22T11:59:49","slug":"anolf-ferrara","status":"publish","type":"page","link":"https:\/\/www.cislferrara.it\/fr\/anolf-ferrara\/","title":{"rendered":"ANOLF FERRARA"},"content":{"rendered":"<div id=\"fws_69f052fec7e9e\"  data-column-margin=\"default\" data-midnight=\"dark\" data-top-percent=\"4%\"  class=\"wpb_row vc_row-fluid vc_row  top_padding_tablet_8pct bottom_padding_tablet_8pct\"  style=\"padding-top: calc(100vw * 0.04); padding-bottom: 0px; \"><div class=\"row-bg-wrap\" data-bg-animation=\"none\" data-bg-animation-delay=\"\" data-bg-overlay=\"false\"><div class=\"inner-wrap row-bg-layer\" ><div class=\"row-bg viewport-desktop\"  style=\"\"><\/div><\/div><\/div><div class=\"row_col_wrap_12 col span_12 dark left\">\n\t<div  class=\"vc_col-sm-2\/5 vc_col-xs-12 wpb_column column_container vc_column_container col no-extra-padding right_margin_tablet_auto right_margin_phone_auto left_margin_tablet_auto left_margin_phone_auto inherit_tablet inherit_phone max_width_tablet_600px max_width_phone_420px flex_gap_desktop_10px\"  data-padding-pos=\"all\" data-has-bg-color=\"false\" data-bg-color=\"\" data-bg-opacity=\"1\" data-animation=\"\" data-delay=\"0\" >\n\t\t<div class=\"vc_column-inner\" >\n\t\t\t<div class=\"wpb_wrapper\">\n\t\t\t\t<div id=\"fws_69f052fec8b3e\" data-midnight=\"\" data-column-margin=\"default\" class=\"wpb_row vc_row-fluid vc_row inner_row\"  style=\"\"><div class=\"row-bg-wrap\"> <div class=\"row-bg\" ><\/div> <\/div><div class=\"row_col_wrap_12_inner col span_12  left\">\n\t<div  class=\"vc_col-sm-12 wpb_column column_container vc_column_container col child_column no-extra-padding inherit_tablet inherit_phone flex_gap_desktop_10px\"   data-padding-pos=\"all\" data-has-bg-color=\"false\" data-bg-color=\"\" data-bg-opacity=\"1\" data-animation=\"\" data-delay=\"0\" >\n\t\t<div class=\"vc_column-inner\" >\n\t\t<div class=\"wpb_wrapper\">\n\t\t\t<div class=\"img-with-aniamtion-wrap center\" data-max-width=\"100%\" data-max-width-mobile=\"default\" data-shadow=\"none\" data-animation=\"none\" >\n      <div class=\"inner\">\n        <div class=\"hover-wrap\"> \n          <div class=\"hover-wrap-inner\">\n            <img loading=\"lazy\" decoding=\"async\" class=\"img-with-animation skip-lazy\" data-delay=\"0\" height=\"250\" width=\"500\" data-animation=\"none\" src=\"https:\/\/www.cislferrara.it\/wp-content\/uploads\/2014\/09\/anolf.jpg\" alt=\"\" srcset=\"https:\/\/www.cislferrara.it\/wp-content\/uploads\/2014\/09\/anolf.jpg 500w, https:\/\/www.cislferrara.it\/wp-content\/uploads\/2014\/09\/anolf-300x150.jpg 300w\" sizes=\"auto, (max-width: 500px) 100vw, 500px\" \/>\n          <\/div>\n        <\/div>\n        \n      <\/div>\n    <\/div>\n\t\t<\/div> \n\t<\/div>\n\t<\/div> \n<\/div><\/div>\n\t\t\t<\/div> \n\t\t<\/div>\n\t<\/div> \n\n\t<div style=\"z-index: 100; \" class=\"vc_col-sm-3\/5 vc_col-xs-12 wpb_column column_container vc_column_container col padding-3-percent max_width_desktop_1000px top_margin_tablet_40px right_margin_tablet_auto right_margin_phone_auto left_margin_tablet_auto left_margin_phone_auto no-extra-padding_tablet no-extra-padding_phone max_width_tablet_600px max_width_phone_420px flex_gap_desktop_10px\"  data-padding-pos=\"left\" data-has-bg-color=\"false\" data-bg-color=\"\" data-bg-opacity=\"1\" data-animation=\"\" data-delay=\"0\" >\n\t\t<div class=\"vc_column-inner\" >\n\t\t\t<div class=\"wpb_wrapper\">\n\t\t\t\t<div id=\"fws_69f052fec9be9\" data-midnight=\"\" data-column-margin=\"40px\" class=\"wpb_row vc_row-fluid vc_row inner_row\"  style=\"\"><div class=\"row-bg-wrap\"> <div class=\"row-bg\" ><\/div> <\/div><div class=\"row_col_wrap_12_inner col span_12  left\">\n\t<div  class=\"vc_col-sm-12 wpb_column column_container vc_column_container col child_column has-animation no-extra-padding inherit_tablet inherit_phone flex_gap_desktop_10px\"   data-padding-pos=\"all\" data-has-bg-color=\"false\" data-bg-color=\"\" data-bg-opacity=\"1\" data-animation=\"fade-in-from-bottom\" data-delay=\"0\" >\n\t\t<div class=\"vc_column-inner\" >\n\t\t<div class=\"wpb_wrapper\">\n\t\t\t\n<div class=\"wpb_text_column wpb_content_element  vc_custom_1736763633943\" >\n\t<h3>Association nationale sans fronti\u00e8res<\/h3>\n<\/div>\n\n\n\n\n<div class=\"wpb_text_column wpb_content_element\" >\n\t<div class=\"wpb_text_column wpb_content_element bs-vc-block\">\n<div class=\"wpb_wrapper\">\n<p>Elle favorise l\u2019int\u00e9gration et les \u00e9changes interculturels et offre des services concernant le renouvellement des permis de s\u00e9jour, les regroupements familiaux et les demandes d\u2019inclusion (flux).<\/p>\n<\/div>\n<\/div>\n<\/div>\n\n\n\n<div class=\"divider-wrap\" data-alignment=\"default\"><div style=\"height: 15px;\" class=\"divider\"><\/div><\/div><div class=\"nectar-cta  alignment_tablet_default alignment_phone_default display_tablet_inherit display_phone_inherit\" data-color=\"accent-color\" data-using-bg=\"true\" data-style=\"arrow-animation\" data-display=\"block\" data-alignment=\"left\" data-text-color=\"custom\" style=\"--nectar-text-color: #ffffff; --nectar-button-color: var(--nectar-accent-color); --nectar-icon-gap: 10px; \"><h5 style=\"color: #ffffff;\"><span class=\"link_wrap\" style=\"padding-top: 15px; padding-right: 35px; padding-bottom: 15px; padding-left: 35px;\"><a  class=\"link_text\" role=\"button\" href=\"https:\/\/www.cislferrara.it\/fr\/contatta-anolf-ferrara\/\"><span class=\"text\">CONTACTEZ ANOLF<\/span><svg class=\"next-arrow\" aria-hidden=\"true\" width=\"20px\" height=\"25px\" viewbox=\"0 0 50 80\" xml:space=\"preserve\">\n  <polyline stroke=\"#ffffff\" stroke-width=\"9\" fill=\"none\" stroke-linecap=\"round\" stroke-linejoin=\"round\" points=\"0, 0 45, 40 0, 80\"\/>\n  <\/svg>  <span aria-hidden=\"true\" class=\"line\"  style=\"background-color: #ffffff;\"><\/span> <\/a><\/span><\/h5><\/div><div class=\"divider-wrap\" data-alignment=\"default\"><div style=\"height: 15px;\" class=\"divider\"><\/div><\/div><div class=\"nectar-cta  alignment_tablet_default alignment_phone_default display_tablet_inherit display_phone_inherit has-icon\" data-color=\"default\" data-using-bg=\"false\" data-display=\"block\" data-style=\"underline\" data-alignment=\"left\" data-text-color=\"custom\" style=\"margin-right: 10px; margin-left: 10px; --nectar-text-color: #016648; --nectar-button-color: var(--nectar-default); --nectar-icon-gap: 10px; \"><p style=\"color: #016648;\"> <span class=\"link_wrap\" ><i><span class=\"im-icon-wrap\"><span><svg role=\"presentation\" version=\"1.1\" xmlns=\"http:\/\/www.w3.org\/2000\/svg\" width=\"32\" height=\"32\" viewbox=\"0 0 32 32\">\n        <path d=\"M28.667 32h-6.667c-0.367 0-0.667-0.3-0.667-0.667v-12c0-0.367 0.3-0.667 0.667-0.667h3.521l0.888-2.667h-4.409c-0.367 0-0.667-0.3-0.667-0.667v-4.333c0-1.853 2.079-3 4-3h1.333v-2.667h-2.667c-2.467 0-5.333 2.039-5.333 4.667v5.333c0 0.367-0.3 0.667-0.667 0.667h-4.667v2.667h4.667c0.367 0 0.667 0.3 0.667 0.667v12c0 0.367-0.3 0.667-0.667 0.667h-14.667c-1.837 0-3.333-1.495-3.333-3.333v-25.333c0-1.839 1.496-3.333 3.333-3.333h25.333c1.839 0 3.333 1.495 3.333 3.333v25.333c0 1.839-1.495 3.333-3.333 3.333zM22.667 30.667h6c1.103 0 2-0.897 2-2v-25.333c0-1.103-0.897-2-2-2h-25.333c-1.103 0-2 0.897-2 2v25.333c0 1.103 0.897 2 2 2h14v-10.667h-4.667c-0.368 0-0.667-0.3-0.667-0.667v-4c0-0.367 0.299-0.667 0.667-0.667h4.667v-4.667c0-3.433 3.521-6 6.667-6h3.333c0.367 0 0.667 0.3 0.667 0.667v4c0 0.367-0.3 0.667-0.667 0.667h-2c-1.113 0-2.667 0.636-2.667 1.667v3.667h4.667c0.215 0 0.417 0.103 0.539 0.277 0.128 0.173 0.161 0.397 0.093 0.6l-1.333 4c-0.091 0.272-0.348 0.456-0.635 0.456h-3.331v10.667z\"><\/path>\n        <\/svg><\/span><\/span><\/i><a target=\"_blank\" class=\"link_text\" style=\"border-color: #016648;\" role=\"button\" href=\"https:\/\/www.facebook.com\/pages\/Anolf-Ferrara\/1476005149284284?fref=ts\">Suivez-nous sur Facebook<\/a><\/span><\/p><\/div>\n\t\t<\/div> \n\t<\/div>\n\t<\/div> \n<\/div><\/div>\n\t\t\t<\/div> \n\t\t<\/div>\n\t<\/div> \n<\/div><\/div>\n\t\t<div id=\"fws_69f052fede00c\"  data-column-margin=\"default\" data-midnight=\"dark\"  class=\"wpb_row vc_row-fluid vc_row\"  style=\"padding-top: 0px; padding-bottom: 0px; \"><div class=\"row-bg-wrap\" data-bg-animation=\"none\" data-bg-animation-delay=\"\" data-bg-overlay=\"false\"><div class=\"inner-wrap row-bg-layer\" ><div class=\"row-bg viewport-desktop\"  style=\"\"><\/div><\/div><\/div><div class=\"row_col_wrap_12 col span_12 dark left\">\n\t<div  class=\"vc_col-sm-12 wpb_column column_container vc_column_container col no-extra-padding inherit_tablet inherit_phone flex_gap_desktop_10px\"  data-padding-pos=\"all\" data-has-bg-color=\"false\" data-bg-color=\"\" data-bg-opacity=\"1\" data-animation=\"\" data-delay=\"0\" >\n\t\t<div class=\"vc_column-inner\" >\n\t\t\t<div class=\"wpb_wrapper\">\n\t\t\t\t<div class=\"divider-wrap\" data-alignment=\"default\"><div style=\"margin-top: 15px; height: 1px; margin-bottom: 15px;\" data-width=\"100%\" data-animate=\"\" data-animation-delay=\"\" data-color=\"default\" class=\"divider-border\"><\/div><\/div>\n\t\t\t<\/div> \n\t\t<\/div>\n\t<\/div> \n<\/div><\/div>\n\t\t<div id=\"fws_69f052fedecc0\"  data-column-margin=\"default\" data-midnight=\"dark\"  class=\"wpb_row vc_row-fluid vc_row\"  style=\"padding-top: 0px; padding-bottom: 0px; \"><div class=\"row-bg-wrap\" data-bg-animation=\"none\" data-bg-animation-delay=\"\" data-bg-overlay=\"false\"><div class=\"inner-wrap row-bg-layer\" ><div class=\"row-bg viewport-desktop\"  style=\"\"><\/div><\/div><\/div><div class=\"row_col_wrap_12 col span_12 dark left\">\n\t<div  class=\"vc_col-sm-6 wpb_column column_container vc_column_container col no-extra-padding inherit_tablet inherit_phone flex_gap_desktop_10px\"  data-padding-pos=\"all\" data-has-bg-color=\"false\" data-bg-color=\"\" data-bg-opacity=\"1\" data-animation=\"\" data-delay=\"0\" >\n\t\t<div class=\"vc_column-inner\" >\n\t\t\t<div class=\"wpb_wrapper\">\n\t\t\t\t<div id=\"fws_69f052fedf490\" data-midnight=\"\" data-column-margin=\"default\" class=\"wpb_row vc_row-fluid vc_row inner_row\"  style=\"\"><div class=\"row-bg-wrap\"> <div class=\"row-bg\" ><\/div> <\/div><div class=\"row_col_wrap_12_inner col span_12  left\">\n\t<div  class=\"vc_col-sm-12 wpb_column column_container vc_column_container col child_column has-animation no-extra-padding inherit_tablet inherit_phone flex_gap_desktop_10px\"    data-t-w-inherits=\"small_desktop\" data-padding-pos=\"all\" data-has-bg-color=\"false\" data-bg-color=\"\" data-bg-opacity=\"1\" data-animation=\"fade-in-from-bottom\" data-delay=\"0\" >\n\t\t<div class=\"vc_column-inner\" >\n\t\t<div class=\"wpb_wrapper\">\n\t\t\t\n<div class=\"wpb_text_column wpb_content_element  vc_custom_1763981067201\" >\n\t<p>Elle m\u00e8ne \u00e9galement des actions d&#039;int\u00e9gration et de sensibilisation relatives \u00e0 la dynamique migratoire.<\/p>\n<p>Les services g\u00e9r\u00e9s par ANOLF Ferrara sont\u00a0:<\/p>\n<ul>\n<li>Remplir les formulaires\u00a0<b>permis de s\u00e9jour<\/b>\u00a0Et\u00a0<b>permis de s\u00e9jour<\/b>: renouvellement, doublons, mises \u00e0 jour, publication<\/li>\n<li><b>R\u00e9unification familiale\u00a0<\/b>(assistance depuis le d\u00e9p\u00f4t de la demande jusqu&#039;\u00e0 la d\u00e9livrance de l&#039;autorisation)<\/li>\n<li>Remplir le formulaire de demande\u00a0<b>citoyennet\u00e9<\/b><\/li>\n<li>R\u00e9servation de\u00a0<b>test italien\u00a0<\/b>Niveau A2 pour la d\u00e9livrance d&#039;un permis de s\u00e9jour<\/li>\n<li>Demande\u00a0<b>visas d&#039;entr\u00e9e\u00a0<\/b>(informations sur les formulaires et aide pour les remplir)<\/li>\n<li>Informations sur les agences bancaires et les points de service pour les pr\u00eats et les financements.<\/li>\n<\/ul>\n<p>Pour les citoyens de l&#039;UE, des informations concernant le s\u00e9jour en Italie et les services offerts par la commune de r\u00e9sidence, ainsi que des informations sur le syst\u00e8me de sant\u00e9.<\/p>\n<\/div>\n\n\n\n\n\t\t<\/div> \n\t<\/div>\n\t<\/div> \n<\/div><\/div>\n\t\t\t<\/div> \n\t\t<\/div>\n\t<\/div> \n\n\t<div  class=\"vc_col-sm-6 wpb_column column_container vc_column_container col no-extra-padding inherit_tablet inherit_phone flex_gap_desktop_10px\"  data-padding-pos=\"all\" data-has-bg-color=\"false\" data-bg-color=\"\" data-bg-opacity=\"1\" data-animation=\"\" data-delay=\"0\" >\n\t\t<div class=\"vc_column-inner\" >\n\t\t\t<div class=\"wpb_wrapper\">\n\t\t\t\t<div id=\"fws_69f052fedfea0\" data-midnight=\"\" data-column-margin=\"default\" class=\"wpb_row vc_row-fluid vc_row inner_row  bottom_padding_tablet_40px bottom_padding_phone_40px\"  style=\"padding-bottom: 0px; \"><div class=\"row-bg-wrap\"> <div class=\"row-bg\" ><\/div> <\/div><div class=\"row_col_wrap_12_inner col span_12  left\">\n\t<div  class=\"vc_col-sm-12 wpb_column column_container vc_column_container col child_column has-animation no-extra-padding inherit_tablet inherit_phone flex_gap_desktop_10px\"   data-padding-pos=\"all\" data-has-bg-color=\"false\" data-bg-color=\"\" data-bg-opacity=\"1\" data-animation=\"fade-in-from-bottom\" data-delay=\"0\" >\n\t\t<div class=\"vc_column-inner\" >\n\t\t<div class=\"wpb_wrapper\">\n\t\t\t\n<div class=\"wpb_text_column wpb_content_element  vc_custom_1736766162187\" >\n\t<h3><span style=\"color: #008000;\">QUE FAUT-IL APPORTER POUR\u2026<\/span><\/h3>\n<\/div>\n\n\n\n<div class=\"nectar-fancy-ul\" data-list-icon=\"fa fa-check\" data-animation=\"false\" data-animation-delay=\"0\" data-color=\"accent-color\" data-spacing=\"10px\" data-alignment=\"left\"> \n<ul>\n<li><strong>DEMANDE DE PERMIS DE S\u00c9JOUR<\/strong>\n<ul>\n<li>DEMANDE DE PERMIS DE S\u00c9JOUR \u2013 <a href=\"https:\/\/www.cislferrara.it\/wp-content\/uploads\/2024\/09\/CARTA-DI-SOGGIORNO-NUOVO.pdf\"><span style=\"color: #008000;\">T\u00e9l\u00e9charger le PDF<\/span><\/a><\/li>\n<li>DEMANDE DE PERMIS DE S\u00c9JOUR POUR LES MEMBRES DE LA FAMILLE QUI VA COHABITENT \u2013 <a href=\"https:\/\/www.cislferrara.it\/wp-content\/uploads\/2024\/09\/CARTA_dal_FAMILIARE-NUOVO.pdf\"><span style=\"color: #008000;\">T\u00e9l\u00e9charger le PDF<\/span><\/a><\/li>\n<\/ul>\n<\/li>\n<li><strong>DEMANDE DE CITOYENNET\u00c9 ITALIENNE<\/strong>\n<ul>\n<li>DEMANDE DE CITOYENNET\u00c9 ITALIENNE PAR MARIAGE \u2013 <a href=\"https:\/\/www.cislferrara.it\/wp-content\/uploads\/2024\/09\/elenco-cittadinanza-PER-MATRIMONIO-aggiornato-2024.pdf\"><span style=\"color: #008000;\">T\u00e9l\u00e9charger le PDF<\/span><\/a><\/li>\n<li>DEMANDE DE CITOYENNET\u00c9 ITALIENNE PAR R\u00c9SIDENCE \u2013 <a href=\"https:\/\/www.cislferrara.it\/wp-content\/uploads\/2024\/09\/elenco-cittadinanza-PER-RESIDENZA-aggiornato-2024.pdf\"><span style=\"color: #008000;\">T\u00e9l\u00e9charger le PDF<\/span><\/a><\/li>\n<\/ul>\n<\/li>\n<li><strong>Renouvellement du permis de s\u00e9jour pour motifs familiaux<\/strong> \u2013 <a href=\"https:\/\/www.cislferrara.it\/wp-content\/uploads\/2024\/09\/FAMIGLIA-NUOVOodt.pdf\"><span style=\"color: #008000;\">T\u00e9l\u00e9charger le PDF<\/span><\/a><\/li>\n<li><strong>RENOUVELLEMENT DE PERMIS DE S\u00c9JOUR POUR TRAVAIL<\/strong>\n<ul>\n<li>RENOUVELLEMENT DU PERMIS DE S\u00c9JOUR POUR TRAVAIL IND\u00c9PENDANT \u2013 <a href=\"https:\/\/www.cislferrara.it\/wp-content\/uploads\/2024\/09\/LAV_AUTONOMO-SOCIO-LAVORATORE-NUOVO.pdf\"><span style=\"color: #008000;\">T\u00e9l\u00e9charger le PDF<\/span><\/a><\/li>\n<li>RENOUVELLEMENT DU PERMIS DE S\u00c9JOUR POUR EMPLOI SUBORDONN\u00c9 \u2013 <a href=\"https:\/\/www.cislferrara.it\/wp-content\/uploads\/2024\/09\/LAV_SUBORDINATO-NUOVO.pdf\" target=\"_blank\" rel=\"noopener\"><span style=\"color: #008000;\">T\u00e9l\u00e9charger le PDF<\/span><\/a><\/li>\n<\/ul>\n<\/li>\n<li><strong>R\u00c9UNION FAMILIALE<\/strong> \u2013 <a href=\"https:\/\/www.cislferrara.it\/wp-content\/uploads\/2019\/07\/RICONGIUNGIMENTO-FAMILIARE.pdf\" target=\"_blank\" rel=\"noopener\"><span style=\"color: #008000;\">T\u00e9l\u00e9charger le PDF<\/span><\/a><strong><br \/>\n<\/strong><\/li>\n<\/ul>\n <\/div>\n\t\t<\/div> \n\t<\/div>\n\t<\/div> \n<\/div><\/div>\n\t\t\t<\/div> \n\t\t<\/div>\n\t<\/div> \n<\/div><\/div>\n\t\t<div id=\"fws_69f052fee078b\"  data-column-margin=\"default\" data-midnight=\"dark\"  class=\"wpb_row vc_row-fluid vc_row\"  style=\"padding-top: 0px; padding-bottom: 0px; \"><div class=\"row-bg-wrap\" data-bg-animation=\"none\" data-bg-animation-delay=\"\" data-bg-overlay=\"false\"><div class=\"inner-wrap row-bg-layer\" ><div class=\"row-bg viewport-desktop\"  style=\"\"><\/div><\/div><\/div><div class=\"row_col_wrap_12 col span_12 dark left\">\n\t<div  class=\"vc_col-sm-12 wpb_column column_container vc_column_container col no-extra-padding inherit_tablet inherit_phone flex_gap_desktop_10px\"  data-padding-pos=\"all\" data-has-bg-color=\"false\" data-bg-color=\"\" data-bg-opacity=\"1\" data-animation=\"\" data-delay=\"0\" >\n\t\t<div class=\"vc_column-inner\" >\n\t\t\t<div class=\"wpb_wrapper\">\n\t\t\t\t<div class=\"divider-wrap\" data-alignment=\"default\"><div style=\"margin-top: 15px; height: 1px; margin-bottom: 15px;\" data-width=\"100%\" data-animate=\"\" data-animation-delay=\"\" data-color=\"default\" class=\"divider-border\"><\/div><\/div>\n\t\t\t<\/div> \n\t\t<\/div>\n\t<\/div> \n<\/div><\/div>\n\t\t<div id=\"fws_69f052fee0f47\"  data-column-margin=\"default\" data-midnight=\"dark\" data-top-percent=\"1%\" data-bottom-percent=\"3%\"  class=\"wpb_row vc_row-fluid vc_row  top_padding_tablet_14pct\"  style=\"padding-top: calc(100vw * 0.01); padding-bottom: calc(100vw * 0.03); \"><div class=\"row-bg-wrap\" data-bg-animation=\"none\" data-bg-animation-delay=\"\" data-bg-overlay=\"false\"><div class=\"inner-wrap row-bg-layer\" ><div class=\"row-bg viewport-desktop\"  style=\"\"><\/div><\/div><\/div><div class=\"row_col_wrap_12 col span_12 dark left\">\n\t<div  class=\"vc_col-sm-12 wpb_column column_container vc_column_container col no-extra-padding el_spacing_20px inherit_tablet inherit_phone flex_gap_desktop_10px\"  data-padding-pos=\"all\" data-has-bg-color=\"false\" data-bg-color=\"\" data-bg-opacity=\"1\" data-animation=\"\" data-delay=\"0\" >\n\t\t<div class=\"vc_column-inner\" >\n\t\t\t<div class=\"wpb_wrapper\">\n\t\t\t\t<div id=\"fws_69f052fee153b\" data-midnight=\"\" data-column-margin=\"default\" class=\"wpb_row vc_row-fluid vc_row inner_row  right_padding_40pct right_padding_phone_0px\"  style=\"padding-bottom: 1%; \"><div class=\"row-bg-wrap\"> <div class=\"row-bg\" ><\/div> <\/div><div class=\"row_col_wrap_12_inner col span_12  left\">\n\t<div  class=\"vc_col-sm-12 wpb_column column_container vc_column_container col child_column no-extra-padding inherit_tablet inherit_phone flex_gap_desktop_10px\"   data-padding-pos=\"all\" data-has-bg-color=\"false\" data-bg-color=\"\" data-bg-opacity=\"1\" data-animation=\"\" data-delay=\"0\" >\n\t\t<div class=\"vc_column-inner\" >\n\t\t<div class=\"wpb_wrapper\">\n\t\t\t<div class=\"nectar-split-heading  font_size_max_108px font_size_tablet_7vw\" data-align=\"default\" data-m-align=\"inherit\" data-text-effect=\"letter-reveal-bottom\" data-animation-type=\"line-reveal-by-space\" data-animation-delay=\"0\" data-animation-offset=\"\" data-m-rm-animation=\"\" data-stagger=\"true\" data-custom-font-size=\"false\" ><h2 style=\" color: #016648;\">LIEUX ET HORAIRES<\/h2><\/div>\n\t\t<\/div> \n\t<\/div>\n\t<\/div> \n<\/div><\/div><div id=\"fws_69f052fee1b13\" data-midnight=\"\" data-column-margin=\"none\" class=\"wpb_row vc_row-fluid vc_row inner_row\"  style=\"\"><div class=\"row-bg-wrap\"> <div class=\"row-bg\" ><\/div> <\/div><div class=\"row_col_wrap_12_inner col span_12  left\">\n\t<div  class=\"vc_col-sm-4 wpb_column column_container vc_column_container col child_column no-extra-padding inherit_tablet inherit_phone flex_gap_desktop_10px\"   data-padding-pos=\"all\" data-has-bg-color=\"false\" data-bg-color=\"\" data-bg-opacity=\"1\" data-animation=\"\" data-delay=\"0\" >\n\t\t<div class=\"vc_column-inner\" >\n\t\t<div class=\"wpb_wrapper\">\n\t\t\t\n<div class=\"wpb_text_column wpb_content_element\" >\n\t<p><strong>FERRARE<br \/>\n0532.777611<\/strong><\/p>\n<p>Lundi : 14h30 \u2013 17h00<br \/>\nMardi : 9h00 \u2013 12h00 \/ 14h30 \u2013 17h00<br \/>\nSur rendez-vous uniquement<\/p>\n<\/div>\n\n\n\n\n\t\t<\/div> \n\t<\/div>\n\t<\/div> \n\n\t<div  class=\"vc_col-sm-4 wpb_column column_container vc_column_container col child_column no-extra-padding inherit_tablet inherit_phone flex_gap_desktop_10px\"   data-padding-pos=\"all\" data-has-bg-color=\"false\" data-bg-color=\"\" data-bg-opacity=\"1\" data-animation=\"\" data-delay=\"0\" >\n\t\t<div class=\"vc_column-inner\" >\n\t\t<div class=\"wpb_wrapper\">\n\t\t\t\n<div class=\"wpb_text_column wpb_content_element\" >\n\t<p><strong>CENT<br \/>\n051.903011<\/strong><\/p>\n<p>Lundi et vendredi\u00a0: 9h00 \u2013 12h30 \/ 15h00 \u2013 18h30<br \/>\nMardi, mercredi, jeudi : 9h00 \u2013 12h30<\/p>\n<\/div>\n\n\n\n\n\t\t<\/div> \n\t<\/div>\n\t<\/div> \n\n\t<div  class=\"vc_col-sm-4 wpb_column column_container vc_column_container col child_column no-extra-padding inherit_tablet inherit_phone flex_gap_desktop_10px\"   data-padding-pos=\"all\" data-has-bg-color=\"false\" data-bg-color=\"\" data-bg-opacity=\"1\" data-animation=\"\" data-delay=\"0\" >\n\t\t<div class=\"vc_column-inner\" >\n\t\t<div class=\"wpb_wrapper\">\n\t\t\t\n<div class=\"wpb_text_column wpb_content_element\" >\n\t<p><strong>COPPARO<br \/>\nt\u00e9l. 0532.860840<\/strong><\/p>\n<p>Mercredi : 14h30 \u2013 17h00<br \/>\nSur rendez-vous uniquement<\/p>\n<\/div>\n\n\n\n\n\t\t<\/div> \n\t<\/div>\n\t<\/div> \n<\/div><\/div><div class=\"divider-wrap\" data-alignment=\"default\"><div style=\"height: 40px;\" class=\"divider\"><\/div><\/div><div id=\"fws_69f052fee288a\" data-midnight=\"\" data-column-margin=\"none\" class=\"wpb_row vc_row-fluid vc_row inner_row\"  style=\"\"><div class=\"row-bg-wrap\"> <div class=\"row-bg\" ><\/div> <\/div><div class=\"row_col_wrap_12_inner col span_12  left\">\n\t<div  class=\"vc_col-sm-4 wpb_column column_container vc_column_container col child_column no-extra-padding inherit_tablet inherit_phone flex_gap_desktop_10px\"   data-padding-pos=\"all\" data-has-bg-color=\"false\" data-bg-color=\"\" data-bg-opacity=\"1\" data-animation=\"\" data-delay=\"0\" >\n\t\t<div class=\"vc_column-inner\" >\n\t\t<div class=\"wpb_wrapper\">\n\t\t\t\n<div class=\"wpb_text_column wpb_content_element\" >\n\t<p><strong>PORTO MAJEUR<br \/>\n0532.811266<\/strong><\/p>\n<p>Sur rendez-vous uniquement<\/p>\n<\/div>\n\n\n\n\n\t\t<\/div> \n\t<\/div>\n\t<\/div> \n\n\t<div  class=\"vc_col-sm-4 wpb_column column_container vc_column_container col child_column no-extra-padding inherit_tablet inherit_phone flex_gap_desktop_10px\"   data-padding-pos=\"all\" data-has-bg-color=\"false\" data-bg-color=\"\" data-bg-opacity=\"1\" data-animation=\"\" data-delay=\"0\" >\n\t\t<div class=\"vc_column-inner\" >\n\t\t<div class=\"wpb_wrapper\">\n\t\t\t\n<div class=\"wpb_text_column wpb_content_element\" >\n\t<p><strong>CODIGORO<br \/>\n0533.713158<\/strong><\/p>\n<p>Sur rendez-vous uniquement<\/p>\n<\/div>\n\n\n\n\n\t\t<\/div> \n\t<\/div>\n\t<\/div> \n\n\t<div  class=\"vc_col-sm-4 wpb_column column_container vc_column_container col child_column no-extra-padding inherit_tablet inherit_phone flex_gap_desktop_10px\"   data-padding-pos=\"all\" data-has-bg-color=\"false\" data-bg-color=\"\" data-bg-opacity=\"1\" data-animation=\"\" data-delay=\"0\" >\n\t\t<div class=\"vc_column-inner\" >\n\t\t<div class=\"wpb_wrapper\">\n\t\t\t\n<div class=\"wpb_text_column wpb_content_element\" >\n\t<p><strong>COMACCHIO<br \/>\n0533.81314<\/strong><\/p>\n<p>Sur rendez-vous uniquement<\/p>\n<\/div>\n\n\n\n\n\t\t<\/div> \n\t<\/div>\n\t<\/div> \n<\/div><\/div><div class=\"divider-wrap\" data-alignment=\"default\"><div style=\"height: 40px;\" class=\"divider\"><\/div><\/div>\n\t\t\t<\/div> \n\t\t<\/div>\n\t<\/div> \n<\/div><\/div>\n\t\t<div id=\"fws_69f052fef3e1b\"  data-column-margin=\"default\" data-midnight=\"dark\" data-top-percent=\"4%\" data-bottom-percent=\"4%\"  class=\"wpb_row vc_row-fluid vc_row full-width-section has-row-bg-color vc_row-o-equal-height vc_row-flex vc_row-o-content-middle\"  style=\"padding-top: calc(100vw * 0.04); padding-bottom: calc(100vw * 0.04); --row-bg-color: #f4f4f4;\"><div class=\"row-bg-wrap\" data-bg-animation=\"none\" data-bg-animation-delay=\"\" data-bg-overlay=\"false\"><div class=\"inner-wrap row-bg-layer\" ><div class=\"row-bg viewport-desktop using-bg-color\"  style=\"background-color: #f4f4f4; \"><\/div><\/div><\/div><div class=\"row_col_wrap_12 col span_12 dark left\">\n\t<div  class=\"vc_col-sm-12 wpb_column column_container vc_column_container col no-extra-padding inherit_tablet inherit_phone flex_gap_desktop_10px\"  data-padding-pos=\"all\" data-has-bg-color=\"false\" data-bg-color=\"\" data-bg-opacity=\"1\" data-animation=\"\" data-delay=\"0\" >\n\t\t<div class=\"vc_column-inner\" >\n\t\t\t<div class=\"wpb_wrapper\">\n\t\t\t\t<div id=\"fws_69f052ff00cb0\" data-midnight=\"\" data-column-margin=\"default\" class=\"wpb_row vc_row-fluid vc_row inner_row\"  style=\"\"><div class=\"row-bg-wrap\"> <div class=\"row-bg\" ><\/div> <\/div><div class=\"row_col_wrap_12_inner col span_12  left\">\n\t<div  class=\"vc_col-sm-8 wpb_column column_container vc_column_container col child_column centered-text no-extra-padding inherit_tablet inherit_phone flex_gap_desktop_10px\"   data-padding-pos=\"all\" data-has-bg-color=\"false\" data-bg-color=\"\" data-bg-opacity=\"1\" data-animation=\"\" data-delay=\"0\" >\n\t\t<div class=\"vc_column-inner\" >\n\t\t<div class=\"wpb_wrapper\">\n\t\t\t<div class=\"nectar-gradient-text\" data-direction=\"horizontal\" data-color=\"extra-color-gradient-2\" style=\"margin-bottom: 10px; \"><h4>Faites un don de 5x1000<\/h4><\/div><h3 style=\"text-align: center\" class=\"vc_custom_heading vc_do_custom_heading wpb_animate_when_almost_visible wpb_fadeInUp fadeInUp\" >Il vous suffit d&#039;indiquer notre code fiscal dans votre d\u00e9claration de revenus\u00a0: 93064190387<\/h3>\n\t\t<\/div> \n\t<\/div>\n\t<\/div> \n\n\t<div  class=\"vc_col-sm-4 wpb_column column_container vc_column_container col child_column centered-text has-animation padding-2-percent inherit_tablet inherit_phone flex_gap_desktop_10px\"   data-padding-pos=\"left-right\" data-has-bg-color=\"false\" data-bg-color=\"\" data-bg-opacity=\"1\" data-animation=\"fade-in\" data-delay=\"0\" >\n\t\t<div class=\"vc_column-inner\" >\n\t\t<div class=\"wpb_wrapper\">\n\t\t\t<div class=\"img-with-aniamtion-wrap\" data-max-width=\"100%\" data-max-width-mobile=\"default\" data-shadow=\"none\" data-animation=\"none\" >\n      <div class=\"inner\">\n        <div class=\"hover-wrap\"> \n          <div class=\"hover-wrap-inner\">\n            <img loading=\"lazy\" decoding=\"async\" class=\"img-with-animation skip-lazy\" data-delay=\"0\" height=\"355\" width=\"1020\" data-animation=\"none\" src=\"https:\/\/www.cislferrara.it\/wp-content\/uploads\/2014\/10\/cisl-ferrara-5-x-10001.png\" alt=\"\" srcset=\"https:\/\/www.cislferrara.it\/wp-content\/uploads\/2014\/10\/cisl-ferrara-5-x-10001.png 1020w, https:\/\/www.cislferrara.it\/wp-content\/uploads\/2014\/10\/cisl-ferrara-5-x-10001-300x104.png 300w\" sizes=\"auto, (max-width: 1020px) 100vw, 1020px\" \/>\n          <\/div>\n        <\/div>\n        \n      <\/div>\n    <\/div>\n\t\t<\/div> \n\t<\/div>\n\t<\/div> \n<\/div><\/div><div class=\"divider-wrap\" data-alignment=\"default\"><div style=\"height: 50px;\" class=\"divider\"><\/div><\/div><div id=\"fws_69f052ff03c2b\" data-midnight=\"\" data-column-margin=\"default\" class=\"wpb_row vc_row-fluid vc_row inner_row\"  style=\"\"><div class=\"row-bg-wrap\"> <div class=\"row-bg\" ><\/div> <\/div><div class=\"row_col_wrap_12_inner col span_12  left\">\n\t<div  class=\"vc_col-sm-6 wpb_column column_container vc_column_container col child_column no-extra-padding inherit_tablet inherit_phone flex_gap_desktop_10px\"   data-padding-pos=\"all\" data-has-bg-color=\"false\" data-bg-color=\"\" data-bg-opacity=\"1\" data-animation=\"\" data-delay=\"0\" >\n\t\t<div class=\"vc_column-inner\" >\n\t\t<div class=\"wpb_wrapper\">\n\t\t\t<div class=\"nectar-cta  alignment_tablet_default alignment_phone_default display_tablet_inherit display_phone_inherit\" data-color=\"default\" data-using-bg=\"false\" data-display=\"block\" data-style=\"underline\" data-alignment=\"center\" data-text-color=\"custom\" style=\"margin-right: 10px; margin-left: 10px; --nectar-text-color: #016648; --nectar-button-color: var(--nectar-default); --nectar-icon-gap: 10px; \"><p style=\"color: #016648;\"> <span class=\"link_wrap\" ><a target=\"_blank\" class=\"link_text\" style=\"border-color: #016648;\" role=\"button\" href=\"https:\/\/www.cislferrara.it\/wp-content\/uploads\/2023\/05\/BILANCIO-SOCIALE-2022.pdf\">BILAN SOCIAL 2022<\/a><\/span><\/p><\/div><div class=\"nectar-cta  alignment_tablet_default alignment_phone_default display_tablet_inherit display_phone_inherit\" data-color=\"default\" data-using-bg=\"false\" data-display=\"block\" data-style=\"underline\" data-alignment=\"center\" data-text-color=\"custom\" style=\"margin-right: 10px; margin-left: 10px; --nectar-text-color: #016648; --nectar-button-color: var(--nectar-default); --nectar-icon-gap: 10px; \"><p style=\"color: #016648;\"> <span class=\"link_wrap\" ><a target=\"_blank\" class=\"link_text\" style=\"border-color: #016648;\" role=\"button\" href=\"https:\/\/www.cislferrara.it\/wp-content\/uploads\/2023\/05\/RENDICONTO-PER-CASSA-2022.pdf\">TABLEAU DES FLUX DE TR\u00c9SORERIE 2022<\/a><\/span><\/p><\/div><div class=\"nectar-cta  alignment_tablet_default alignment_phone_default display_tablet_inherit display_phone_inherit\" data-color=\"default\" data-using-bg=\"false\" data-display=\"block\" data-style=\"underline\" data-alignment=\"center\" data-text-color=\"custom\" style=\"margin-right: 10px; margin-left: 10px; --nectar-text-color: #016648; --nectar-button-color: var(--nectar-default); --nectar-icon-gap: 10px; \"><p style=\"color: #016648;\"> <span class=\"link_wrap\" ><a target=\"_blank\" class=\"link_text\" style=\"border-color: #016648;\" role=\"button\" href=\"https:\/\/www.cislferrara.it\/wp-content\/uploads\/2024\/05\/BILANCIO-SOCIALE-2023.pdf\">BILAN SOCIAL 2023<\/a><\/span><\/p><\/div><div class=\"nectar-cta  alignment_tablet_default alignment_phone_default display_tablet_inherit display_phone_inherit\" data-color=\"default\" data-using-bg=\"false\" data-display=\"block\" data-style=\"underline\" data-alignment=\"center\" data-text-color=\"custom\" style=\"margin-right: 10px; margin-left: 10px; --nectar-text-color: #016648; --nectar-button-color: var(--nectar-default); --nectar-icon-gap: 10px; \"><p style=\"color: #016648;\"> <span class=\"link_wrap\" ><a target=\"_blank\" class=\"link_text\" style=\"border-color: #016648;\" role=\"button\" href=\"https:\/\/www.cislferrara.it\/wp-content\/uploads\/2024\/05\/Rendiconto-per-cassa-2023.pdf\">TABLEAU DES FLUX DE TR\u00c9SORERIE 2023<\/a><\/span><\/p><\/div>\n\t\t<\/div> \n\t<\/div>\n\t<\/div> \n\n\t<div  class=\"vc_col-sm-6 wpb_column column_container vc_column_container col child_column no-extra-padding inherit_tablet inherit_phone flex_gap_desktop_10px\"   data-padding-pos=\"all\" data-has-bg-color=\"false\" data-bg-color=\"\" data-bg-opacity=\"1\" data-animation=\"\" data-delay=\"0\" >\n\t\t<div class=\"vc_column-inner\" >\n\t\t<div class=\"wpb_wrapper\">\n\t\t\t<div class=\"nectar-cta  alignment_tablet_default alignment_phone_default display_tablet_inherit display_phone_inherit\" data-color=\"default\" data-using-bg=\"false\" data-display=\"block\" data-style=\"underline\" data-alignment=\"center\" data-text-color=\"custom\" style=\"margin-right: 10px; margin-left: 10px; --nectar-text-color: #016648; --nectar-button-color: var(--nectar-default); --nectar-icon-gap: 10px; \"><p style=\"color: #016648;\"> <span class=\"link_wrap\" ><a target=\"_blank\" class=\"link_text\" style=\"border-color: #016648;\" role=\"button\" href=\"https:\/\/www.cislferrara.it\/wp-content\/uploads\/2023\/07\/MODELLO-RENDICONTO-ACCANTONAMENTO-5X1000-AF-2020-Mod.B.pdf\">MOD\u00c8LE DE RAPPORT ANNUEL 5X1000 POUR 2020<\/a><\/span><\/p><\/div><div class=\"nectar-cta  alignment_tablet_default alignment_phone_default display_tablet_inherit display_phone_inherit\" data-color=\"default\" data-using-bg=\"false\" data-display=\"block\" data-style=\"underline\" data-alignment=\"center\" data-text-color=\"custom\" style=\"margin-right: 10px; margin-left: 10px; --nectar-text-color: #016648; --nectar-button-color: var(--nectar-default); --nectar-icon-gap: 10px; \"><p style=\"color: #016648;\"> <span class=\"link_wrap\" ><a target=\"_blank\" class=\"link_text\" style=\"border-color: #016648;\" role=\"button\" href=\"https:\/\/www.cislferrara.it\/wp-content\/uploads\/2023\/07\/RELAZIONE-ACCANTONAMENTO-5X1000-AF-2020.pdf\">RAPPORT SUR L&#039;ACCORD 5X1000 AF 2020<\/a><\/span><\/p><\/div><div class=\"nectar-cta  alignment_tablet_default alignment_phone_default display_tablet_inherit display_phone_inherit\" data-color=\"default\" data-using-bg=\"false\" data-display=\"block\" data-style=\"underline\" data-alignment=\"center\" data-text-color=\"custom\" style=\"margin-right: 10px; margin-left: 10px; --nectar-text-color: #016648; --nectar-button-color: var(--nectar-default); --nectar-icon-gap: 10px; \"><p style=\"color: #016648;\"> <span class=\"link_wrap\" ><a target=\"_blank\" class=\"link_text\" style=\"border-color: #016648;\" role=\"button\" href=\"https:\/\/www.cislferrara.it\/wp-content\/uploads\/2024\/01\/Rendiconto-contibuto-RND1100769800103449900.pdf\">relev\u00e9 de cotisation de 5 pour mille, ann\u00e9e 2021<\/a><\/span><\/p><\/div><div class=\"nectar-cta  alignment_tablet_default alignment_phone_default display_tablet_inherit display_phone_inherit\" data-color=\"default\" data-using-bg=\"false\" data-display=\"block\" data-style=\"underline\" data-alignment=\"center\" data-text-color=\"custom\" style=\"margin-right: 10px; margin-left: 10px; --nectar-text-color: #016648; --nectar-button-color: var(--nectar-default); --nectar-icon-gap: 10px; \"><p style=\"color: #016648;\"> <span class=\"link_wrap\" ><a target=\"_blank\" class=\"link_text\" style=\"border-color: #016648;\" role=\"button\" href=\"https:\/\/www.cislferrara.it\/wp-content\/uploads\/2024\/04\/Rendiconto-contibuto-RAC1132681447494463400-Acc.a.f.2022.pdf\">RAPPORT ANNUEL 5X1000 POUR 2021<\/a><\/span><\/p><\/div><div class=\"nectar-cta  alignment_tablet_default alignment_phone_default display_tablet_inherit display_phone_inherit\" data-color=\"default\" data-using-bg=\"false\" data-display=\"block\" data-style=\"underline\" data-alignment=\"center\" data-text-color=\"custom\" style=\"margin-right: 10px; margin-left: 10px; --nectar-text-color: #016648; --nectar-button-color: var(--nectar-default); --nectar-icon-gap: 10px; \"><p style=\"color: #016648;\"> <span class=\"link_wrap\" ><a target=\"_blank\" class=\"link_text\" style=\"border-color: #016648;\" role=\"button\" href=\"https:\/\/www.cislferrara.it\/wp-content\/uploads\/2026\/01\/Rendiconto-contibuto-2022.pdf\">relev\u00e9 de cotisation de 5 pour mille, ann\u00e9e 2022<\/a><\/span><\/p><\/div><div class=\"nectar-cta  alignment_tablet_default alignment_phone_default display_tablet_inherit display_phone_inherit\" data-color=\"default\" data-using-bg=\"false\" data-display=\"block\" data-style=\"underline\" data-alignment=\"center\" data-text-color=\"custom\" style=\"margin-right: 10px; margin-left: 10px; --nectar-text-color: #016648; --nectar-button-color: var(--nectar-default); --nectar-icon-gap: 10px; \"><p style=\"color: #016648;\"> <span class=\"link_wrap\" ><a target=\"_blank\" class=\"link_text\" style=\"border-color: #016648;\" role=\"button\" href=\"https:\/\/www.cislferrara.it\/wp-content\/uploads\/2026\/01\/Rendiconto-contibuto-RAC1460923794469195800.pdf\">RELEV\u00c9 DE COMPTE 5X1000 AF 2022<\/a><\/span><\/p><\/div><div class=\"nectar-cta  alignment_tablet_default alignment_phone_default display_tablet_inherit display_phone_inherit\" data-color=\"default\" data-using-bg=\"false\" data-display=\"block\" data-style=\"underline\" data-alignment=\"center\" data-text-color=\"custom\" style=\"margin-right: 10px; margin-left: 10px; --nectar-text-color: #016648; --nectar-button-color: var(--nectar-default); --nectar-icon-gap: 10px; \"><p style=\"color: #016648;\"> <span class=\"link_wrap\" ><a target=\"_blank\" class=\"link_text\" style=\"border-color: #016648;\" role=\"button\" href=\"https:\/\/www.cislferrara.it\/wp-content\/uploads\/2026\/01\/Rendiconto-contibuto-RND1884938164163433500.pdf\">relev\u00e9 de cotisation de 5 pour mille, ann\u00e9e 2023<\/a><\/span><\/p><\/div>\n\t\t<\/div> \n\t<\/div>\n\t<\/div> \n<\/div><\/div>\n\t\t\t<\/div> \n\t\t<\/div>\n\t<\/div> \n<\/div><\/div>\n\t\t<div id=\"fws_69f052ff05ed4\"  data-column-margin=\"default\" data-midnight=\"dark\" data-top-percent=\"1%\" data-bottom-percent=\"6%\"  class=\"wpb_row vc_row-fluid vc_row full-width-section\"  style=\"padding-top: calc(100vw * 0.01); padding-bottom: calc(100vw * 0.06); \"><div class=\"row-bg-wrap\" data-bg-animation=\"none\" data-bg-animation-delay=\"\" data-bg-overlay=\"false\"><div class=\"inner-wrap row-bg-layer\" ><div class=\"row-bg viewport-desktop\"  style=\"\"><\/div><\/div><\/div><div class=\"row_col_wrap_12 col span_12 dark left\">\n\t<div  class=\"vc_col-sm-12 wpb_column column_container vc_column_container col no-extra-padding inherit_tablet inherit_phone flex_gap_desktop_10px\"  data-padding-pos=\"all\" data-has-bg-color=\"false\" data-bg-color=\"\" data-bg-opacity=\"1\" data-animation=\"\" data-delay=\"0\" >\n\t\t<div class=\"vc_column-inner\" >\n\t\t\t<div class=\"wpb_wrapper\">\n\t\t\t\t<div id=\"fws_69f052ff064c4\" data-midnight=\"\" data-column-margin=\"default\" class=\"wpb_row vc_row-fluid vc_row inner_row\"  style=\"padding-bottom: 50px; \"><div class=\"row-bg-wrap\"> <div class=\"row-bg\" ><\/div> <\/div><div class=\"row_col_wrap_12_inner col span_12  left\">\n\t<div  class=\"vc_col-sm-12 wpb_column column_container vc_column_container col child_column centered-text no-extra-padding inherit_tablet inherit_phone flex_gap_desktop_10px\"   data-padding-pos=\"all\" data-has-bg-color=\"false\" data-bg-color=\"\" data-bg-opacity=\"1\" data-animation=\"\" data-delay=\"0\" >\n\t\t<div class=\"vc_column-inner\" >\n\t\t<div class=\"wpb_wrapper\">\n\t\t\t<div class=\"divider-wrap\" data-alignment=\"default\"><div style=\"height: 30px;\" class=\"divider\"><\/div><\/div>\n<div class=\"wpb_text_column wpb_content_element\" >\n\t<h3>Derni\u00e8res nouvelles<\/h3>\n<\/div>\n\n\n\n\n\t\t<\/div> \n\t<\/div>\n\t<\/div> \n<\/div><\/div><div id=\"fws_69f052ff06bc6\" data-midnight=\"\" data-column-margin=\"default\" class=\"wpb_row vc_row-fluid vc_row inner_row  vc_custom_1504236091614\"  style=\"\"><div class=\"row-bg-wrap\"> <div class=\"row-bg\" ><\/div> <\/div><div class=\"row_col_wrap_12_inner col span_12  left\">\n\t<div  class=\"vc_col-sm-12 wpb_column column_container vc_column_container col child_column no-extra-padding inherit_tablet inherit_phone flex_gap_desktop_10px\"   data-padding-pos=\"all\" data-has-bg-color=\"false\" data-bg-color=\"\" data-bg-opacity=\"1\" data-animation=\"\" data-delay=\"0\" >\n\t\t<div class=\"vc_column-inner\" >\n\t\t<div class=\"wpb_wrapper\">\n\t\t\t<div class='nectar-post-grid-wrap text-color-dark spacing-25px' data-el-settings='{\"post_type\":\"post\",\"pagination\":\"none\",\"image_size\":\"large\",\"parallax_scrolling\":\"\",\"aspect_ratio_image_size\":\"\",\"category_position\":\"default\",\"category_display\":\"default\",\"display_categories\":\"yes\",\"display_excerpt\":\"yes\",\"excerpt_length\":\"20\",\"content_next_to_image_excerpt_pos\":\"default\",\"display_date\":\"yes\",\"display_estimated_reading_time\":\"0\",\"display_author\":\"0\",\"author_functionality\":\"default\",\"author_position\":\"default\",\"color_overlay\":\"\",\"color_overlay_opacity\":\"\",\"color_overlay_hover_opacity\":\"\",\"card_bg_color\":\"\",\"grid_style\":\"content_under_image\",\"hover_effect\":\"zoom\",\"post_title_overlay\":\"\",\"heading_tag\":\"default\",\"heading_tag_render\":\"default\",\"enable_gallery_lightbox\":\"0\",\"remove_links\":\"0\",\"category_style\":\"underline\",\"overlay_secondary_project_image\":\"\",\"vertical_list_hover_effect\":\"none\",\"vertical_list_read_more\":\"\",\"vertical_list_read_more_style\":\"text\",\"read_more_button\":\"0\",\"animation\":\"none\",\"custom_fields\":\"\",\"custom_fields_location\":\"before_post_meta\",\"display_type\":\"grid\",\"text_content_layout\":\"top_left\"}' data-style='content_under_image' data-query='{\"post_type\":\"post\",\"posts_per_page\":\"6\",\"order\":\"DESC\",\"orderby\":\"date\",\"offset\":\"0\",\"cpt_name\":\"post\",\"custom_query_tax\":\"\",\"ignore_sticky_posts\":\"\",\"exclude_current_post\":\"\"}' data-load-more-color='black' data-load-more-text='Load More'><div class=\"nectar-post-grid-filters\" data-active-color=\"default\" data-align=\"default\" data-animation=\"none\" data-sortable=\"\"><div><a href=\"#\" data-filter=\"anolf\" data-total-count=\"7\">ANOLF<\/a><\/div><\/div><div class=\"nectar-post-grid category-position-before-title\" data-indicator=\"\" data-indicator-style=\"default\" data-indicator-text-color=\"#fff\" data-indicator-color=\"#000\" data-indicator-text=\"View\" data-masonry=\"yes\" data-columns=\"4\" data-hover-effect=\"zoom\" data-text-style=\"default\" data-border-radius=\"5px\" data-grid-item-height=\"30vh\" data-grid-spacing=\"25px\" data-text-layout=\"top_left\" data-text-color=\"dark\" data-text-hover-color=\"dark\" data-shadow-hover=\"\" data-animation=\"none\" data-animation-stagger=\"90\" data-cat-click=\"default\"  data-lock-aspect=\"\"  data-text-align=\"left\" data-card=\"\" style=\"--post-grid-border-radius:5px;\" ><div class=\"nectar-post-grid-item\" data-post-id=\"4262\" data-has-img=\"true\"> <div class=\"inner\"><div class=\"nectar-post-grid-item-bg-wrap\"><div class=\"nectar-post-grid-item-bg-wrap-inner\"><div class=\"nectar-post-grid-item-bg\"><img loading=\"lazy\" decoding=\"async\" width=\"724\" height=\"1024\" src=\"https:\/\/www.cislferrara.it\/wp-content\/uploads\/2023\/11\/volantino-ANOLF-FAI-2023_page-0001-724x1024.jpg\" class=\"attachment-large size-large wp-post-image\" alt=\"\" srcset=\"https:\/\/www.cislferrara.it\/wp-content\/uploads\/2023\/11\/volantino-ANOLF-FAI-2023_page-0001-724x1024.jpg 724w, https:\/\/www.cislferrara.it\/wp-content\/uploads\/2023\/11\/volantino-ANOLF-FAI-2023_page-0001-212x300.jpg 212w, https:\/\/www.cislferrara.it\/wp-content\/uploads\/2023\/11\/volantino-ANOLF-FAI-2023_page-0001-768x1086.jpg 768w, https:\/\/www.cislferrara.it\/wp-content\/uploads\/2023\/11\/volantino-ANOLF-FAI-2023_page-0001-1086x1536.jpg 1086w, https:\/\/www.cislferrara.it\/wp-content\/uploads\/2023\/11\/volantino-ANOLF-FAI-2023_page-0001.jpg 1241w\" sizes=\"auto, (max-width: 724px) 100vw, 724px\" \/><\/div><\/div><\/div><div class=\"content\"><a class=\"nectar-post-grid-link\" href=\"https:\/\/www.cislferrara.it\/fr\/rivolgiti-a-noi-per-il-rinnovo-del-permesso-di-soggiorno\/\" ><span class=\"screen-reader-text\">Contactez-nous pour renouveler votre titre de s\u00e9jour<\/span><\/a><span class=\"meta-category\"><a class=\"anolf style-underline\" href=\"https:\/\/www.cislferrara.it\/fr\/category\/anolf\/\">ANOLF<\/a><a class=\"area-stampa style-underline\" href=\"https:\/\/www.cislferrara.it\/fr\/category\/area-stampa\/\">Espace presse<\/a><a class=\"fai style-underline\" href=\"https:\/\/www.cislferrara.it\/fr\/category\/fai\/\">Tu fais<\/a><\/span><div class=\"item-main\"><h3 class=\"post-heading\"><span>Contactez-nous pour renouveler votre titre de s\u00e9jour<\/span><\/h3><div class=\"nectar-post-grid-item__excerpt-wrap item-meta-extra\"><span class=\"meta-excerpt\"><\/span><\/div><span class=\"nectar-post-grid-item__meta-wrap\"><span class=\"meta-date\">27 novembre 2023<\/span><\/span><\/div><\/div><\/div><\/div><div class=\"nectar-post-grid-item\" data-post-id=\"4086\" data-has-img=\"true\"> <div class=\"inner\"><div class=\"nectar-post-grid-item-bg-wrap\"><div class=\"nectar-post-grid-item-bg-wrap-inner\"><div class=\"nectar-post-grid-item-bg\"><img loading=\"lazy\" decoding=\"async\" width=\"1024\" height=\"614\" src=\"https:\/\/www.cislferrara.it\/wp-content\/uploads\/2023\/02\/MGF2020_-Twitter_post-1024x614.png\" class=\"attachment-large size-large wp-post-image\" alt=\"\" srcset=\"https:\/\/www.cislferrara.it\/wp-content\/uploads\/2023\/02\/MGF2020_-Twitter_post-1024x614.png 1024w, https:\/\/www.cislferrara.it\/wp-content\/uploads\/2023\/02\/MGF2020_-Twitter_post-300x180.png 300w, https:\/\/www.cislferrara.it\/wp-content\/uploads\/2023\/02\/MGF2020_-Twitter_post-768x461.png 768w, https:\/\/www.cislferrara.it\/wp-content\/uploads\/2023\/02\/MGF2020_-Twitter_post-1536x922.png 1536w, https:\/\/www.cislferrara.it\/wp-content\/uploads\/2023\/02\/MGF2020_-Twitter_post-2048x1229.png 2048w\" sizes=\"auto, (max-width: 1024px) 100vw, 1024px\" \/><\/div><\/div><\/div><div class=\"content\"><a class=\"nectar-post-grid-link\" href=\"https:\/\/www.cislferrara.it\/fr\/giornata-internazionale-contro-le-mutilazioni-genitali-femminili-2\/\" ><span class=\"screen-reader-text\">Journ\u00e9e internationale contre les mutilations g\u00e9nitales f\u00e9minines<\/span><\/a><span class=\"meta-category\"><a class=\"anolf style-underline\" href=\"https:\/\/www.cislferrara.it\/fr\/category\/anolf\/\">ANOLF<\/a><a class=\"area-stampa style-underline\" href=\"https:\/\/www.cislferrara.it\/fr\/category\/area-stampa\/\">Espace presse<\/a><a class=\"cisl-ferrara style-underline\" href=\"https:\/\/www.cislferrara.it\/fr\/category\/cisl-ferrara\/\">Cisl Ferrare<\/a><a class=\"coordinamento-donne style-underline\" href=\"https:\/\/www.cislferrara.it\/fr\/category\/coordinamento-donne\/\">COORDINATION DES FEMMES<\/a><\/span><div class=\"item-main\"><h3 class=\"post-heading\"><span>Journ\u00e9e internationale contre les mutilations g\u00e9nitales f\u00e9minines<\/span><\/h3><div class=\"nectar-post-grid-item__excerpt-wrap item-meta-extra\"><span class=\"meta-excerpt\">Le 6 f\u00e9vrier est la Journ\u00e9e internationale pour l\u2019\u00e9limination des mutilations g\u00e9nitales f\u00e9minines (MGF)\u00a0: une pratique\u2026<\/span><\/div><span class=\"nectar-post-grid-item__meta-wrap\"><span class=\"meta-date\">1er f\u00e9vrier 2023<\/span><\/span><\/div><\/div><\/div><\/div><div class=\"nectar-post-grid-item\" data-post-id=\"3999\" data-has-img=\"true\"> <div class=\"inner\"><div class=\"nectar-post-grid-item-bg-wrap\"><div class=\"nectar-post-grid-item-bg-wrap-inner\"><div class=\"nectar-post-grid-item-bg\"><img loading=\"lazy\" decoding=\"async\" width=\"660\" height=\"368\" src=\"https:\/\/www.cislferrara.it\/wp-content\/uploads\/2022\/10\/donne-561615.660x368.jpg\" class=\"attachment-large size-large wp-post-image\" alt=\"\" srcset=\"https:\/\/www.cislferrara.it\/wp-content\/uploads\/2022\/10\/donne-561615.660x368.jpg 660w, https:\/\/www.cislferrara.it\/wp-content\/uploads\/2022\/10\/donne-561615.660x368-300x167.jpg 300w\" sizes=\"auto, (max-width: 660px) 100vw, 660px\" \/><\/div><\/div><\/div><div class=\"content\"><a class=\"nectar-post-grid-link\" href=\"https:\/\/www.cislferrara.it\/fr\/la-salute-delle-donne-migranti-e-non\/\" ><span class=\"screen-reader-text\">SANT\u00c9 DES FEMMES, MIGRANTS ET NON-MIGRANTS<\/span><\/a><span class=\"meta-category\"><a class=\"anolf style-underline\" href=\"https:\/\/www.cislferrara.it\/fr\/category\/anolf\/\">ANOLF<\/a><a class=\"area-stampa style-underline\" href=\"https:\/\/www.cislferrara.it\/fr\/category\/area-stampa\/\">Espace presse<\/a><a class=\"avvisi style-underline\" href=\"https:\/\/www.cislferrara.it\/fr\/category\/avvisi\/\">Avis<\/a><a class=\"cisl-ferrara style-underline\" href=\"https:\/\/www.cislferrara.it\/fr\/category\/cisl-ferrara\/\">Cisl Ferrare<\/a><\/span><div class=\"item-main\"><h3 class=\"post-heading\"><span>SANT\u00c9 DES FEMMES, MIGRANTS ET NON-MIGRANTS<\/span><\/h3><div class=\"nectar-post-grid-item__excerpt-wrap item-meta-extra\"><span class=\"meta-excerpt\">R\u00c9UNIONS DE GROUPE SUR LA SANT\u00c9 DES FEMMES, MIGRANTES ET NON-MIGRANTES, AVEC LA SAGE-FEMME DOINA NEDEA Pour\u2026<\/span><\/div><span class=\"nectar-post-grid-item__meta-wrap\"><span class=\"meta-date\">14 octobre 2022<\/span><\/span><\/div><\/div><\/div><\/div><div class=\"nectar-post-grid-item\" data-post-id=\"3652\" data-has-img=\"true\"> <div class=\"inner\"><div class=\"nectar-post-grid-item-bg-wrap\"><div class=\"nectar-post-grid-item-bg-wrap-inner\"><div class=\"nectar-post-grid-item-bg\"><img loading=\"lazy\" decoding=\"async\" width=\"724\" height=\"1024\" src=\"https:\/\/www.cislferrara.it\/wp-content\/uploads\/2021\/02\/Locandina_MGF_2021-724x1024.jpg\" class=\"attachment-large size-large wp-post-image\" alt=\"\" srcset=\"https:\/\/www.cislferrara.it\/wp-content\/uploads\/2021\/02\/Locandina_MGF_2021-724x1024.jpg 724w, https:\/\/www.cislferrara.it\/wp-content\/uploads\/2021\/02\/Locandina_MGF_2021-212x300.jpg 212w, https:\/\/www.cislferrara.it\/wp-content\/uploads\/2021\/02\/Locandina_MGF_2021-768x1086.jpg 768w, https:\/\/www.cislferrara.it\/wp-content\/uploads\/2021\/02\/Locandina_MGF_2021.jpg 1240w\" sizes=\"auto, (max-width: 724px) 100vw, 724px\" \/><\/div><\/div><\/div><div class=\"content\"><a class=\"nectar-post-grid-link\" href=\"https:\/\/www.cislferrara.it\/fr\/giornata-internazionale-contro-le-mutilazioni-genitali-femminili\/\" ><span class=\"screen-reader-text\">Journ\u00e9e internationale contre les mutilations g\u00e9nitales f\u00e9minines<\/span><\/a><span class=\"meta-category\"><a class=\"anolf style-underline\" href=\"https:\/\/www.cislferrara.it\/fr\/category\/anolf\/\">ANOLF<\/a><a class=\"area-stampa style-underline\" href=\"https:\/\/www.cislferrara.it\/fr\/category\/area-stampa\/\">Espace presse<\/a><a class=\"cisl-ferrara style-underline\" href=\"https:\/\/www.cislferrara.it\/fr\/category\/cisl-ferrara\/\">Cisl Ferrare<\/a><\/span><div class=\"item-main\"><h3 class=\"post-heading\"><span>Journ\u00e9e internationale contre les mutilations g\u00e9nitales f\u00e9minines<\/span><\/h3><div class=\"nectar-post-grid-item__excerpt-wrap item-meta-extra\"><span class=\"meta-excerpt\">Aujourd&#039;hui, 6 f\u00e9vrier, marque la Journ\u00e9e internationale contre les mutilations g\u00e9nitales f\u00e9minines (MGF), un probl\u00e8me grave\u2026<\/span><\/div><span class=\"nectar-post-grid-item__meta-wrap\"><span class=\"meta-date\">5 f\u00e9vrier 2021<\/span><\/span><\/div><\/div><\/div><\/div><div class=\"nectar-post-grid-item\" data-post-id=\"3038\" data-has-img=\"true\"> <div class=\"inner\"><div class=\"nectar-post-grid-item-bg-wrap\"><div class=\"nectar-post-grid-item-bg-wrap-inner\"><div class=\"nectar-post-grid-item-bg\"><img loading=\"lazy\" decoding=\"async\" width=\"816\" height=\"612\" src=\"https:\/\/www.cislferrara.it\/wp-content\/uploads\/2018\/12\/anolf-doina.jpg\" class=\"attachment-large size-large wp-post-image\" alt=\"\" srcset=\"https:\/\/www.cislferrara.it\/wp-content\/uploads\/2018\/12\/anolf-doina.jpg 816w, https:\/\/www.cislferrara.it\/wp-content\/uploads\/2018\/12\/anolf-doina-300x225.jpg 300w, https:\/\/www.cislferrara.it\/wp-content\/uploads\/2018\/12\/anolf-doina-768x576.jpg 768w, https:\/\/www.cislferrara.it\/wp-content\/uploads\/2018\/12\/anolf-doina-86x64.jpg 86w\" sizes=\"auto, (max-width: 816px) 100vw, 816px\" \/><\/div><\/div><\/div><div class=\"content\"><a class=\"nectar-post-grid-link\" href=\"https:\/\/www.cislferrara.it\/fr\/incontri-di-gruppo-sulla-salute-con-lostetrica-doina-nedea\/\" ><span class=\"screen-reader-text\">R\u00c9UNIONS DE GROUPE SUR LA SANT\u00c9 AVEC LA SAGE-FEMME DOINA NEDEA<\/span><\/a><span class=\"meta-category\"><a class=\"anolf style-underline\" href=\"https:\/\/www.cislferrara.it\/fr\/category\/anolf\/\">ANOLF<\/a><a class=\"cisl-ferrara style-underline\" href=\"https:\/\/www.cislferrara.it\/fr\/category\/cisl-ferrara\/\">Cisl Ferrare<\/a><\/span><div class=\"item-main\"><h3 class=\"post-heading\"><span>R\u00c9UNIONS DE GROUPE SUR LA SANT\u00c9 AVEC LA SAGE-FEMME DOINA NEDEA<\/span><\/h3><div class=\"nectar-post-grid-item__excerpt-wrap item-meta-extra\"><span class=\"meta-excerpt\">Nous voici de nouveau confront\u00e9s \u00e0 un sujet d\u00e9licat et particulier concernant la sant\u00e9 de\u2026<\/span><\/div><span class=\"nectar-post-grid-item__meta-wrap\"><span class=\"meta-date\">13 d\u00e9cembre 2018<\/span><\/span><\/div><\/div><\/div><\/div><div class=\"nectar-post-grid-item\" data-post-id=\"3004\" data-has-img=\"true\"> <div class=\"inner\"><div class=\"nectar-post-grid-item-bg-wrap\"><div class=\"nectar-post-grid-item-bg-wrap-inner\"><div class=\"nectar-post-grid-item-bg\"><img loading=\"lazy\" decoding=\"async\" width=\"1024\" height=\"681\" src=\"https:\/\/www.cislferrara.it\/wp-content\/uploads\/2015\/01\/flussi-1024x681.jpg\" class=\"attachment-large size-large wp-post-image\" alt=\"\" srcset=\"https:\/\/www.cislferrara.it\/wp-content\/uploads\/2015\/01\/flussi-1024x681.jpg 1024w, https:\/\/www.cislferrara.it\/wp-content\/uploads\/2015\/01\/flussi-300x199.jpg 300w, https:\/\/www.cislferrara.it\/wp-content\/uploads\/2015\/01\/flussi.jpg 1203w\" sizes=\"auto, (max-width: 1024px) 100vw, 1024px\" \/><\/div><\/div><\/div><div class=\"content\"><a class=\"nectar-post-grid-link\" href=\"https:\/\/www.cislferrara.it\/fr\/salute-e-prevenzione-della-donna-migrante-e-non\/\" ><span class=\"screen-reader-text\">SANT\u00c9 ET PR\u00c9VENTION DES FEMMES MIGRANTES ET NON MIGRANTES<\/span><\/a><span class=\"meta-category\"><a class=\"anolf style-underline\" href=\"https:\/\/www.cislferrara.it\/fr\/category\/anolf\/\">ANOLF<\/a><a class=\"cisl-ferrara style-underline\" href=\"https:\/\/www.cislferrara.it\/fr\/category\/cisl-ferrara\/\">Cisl Ferrare<\/a><\/span><div class=\"item-main\"><h3 class=\"post-heading\"><span>SANT\u00c9 ET PR\u00c9VENTION DES FEMMES MIGRANTES ET NON MIGRANTES<\/span><\/h3><div class=\"nectar-post-grid-item__excerpt-wrap item-meta-extra\"><span class=\"meta-excerpt\">Elle se tiendra le samedi 29 septembre 2018 de 14h30 \u00e0 16h30 au si\u00e8ge de Cisl \u00e0\u2026<\/span><\/div><span class=\"nectar-post-grid-item__meta-wrap\"><span class=\"meta-date\">25 septembre 2018<\/span><\/span><\/div><\/div><\/div><\/div><\/div><\/div>\n\t\t<\/div> \n\t<\/div>\n\t<\/div> \n<\/div><\/div><div id=\"fws_69f052ff335a4\" data-midnight=\"\" data-column-margin=\"default\" class=\"wpb_row vc_row-fluid vc_row inner_row\"  style=\"\"><div class=\"row-bg-wrap\"> <div class=\"row-bg\" ><\/div> <\/div><div class=\"row_col_wrap_12_inner col span_12  left\">\n\t<div  class=\"vc_col-sm-12 wpb_column column_container vc_column_container col child_column centered-text no-extra-padding inherit_tablet inherit_phone flex_gap_desktop_10px\"   data-padding-pos=\"all\" data-has-bg-color=\"false\" data-bg-color=\"\" data-bg-opacity=\"1\" data-animation=\"\" data-delay=\"0\" >\n\t\t<div class=\"vc_column-inner\" >\n\t\t<div class=\"wpb_wrapper\">\n\t\t\t<a class=\"nectar-button large see-through m-extra-color-gradient-2 has-icon\"  role=\"button\" style=\"margin-top: 15px; \"  href=\"https:\/\/www.cislferrara.it\/fr\/archivio\/\" data-color-override=\"false\" data-hover-color-override=\"false\" data-hover-text-color-override=\"#fff\"><span>Lire toutes les actualit\u00e9s<\/span><i  class=\"icon-button-arrow\"><\/i><\/a>\n\t\t<\/div> \n\t<\/div>\n\t<\/div> \n<\/div><\/div>\n\t\t\t<\/div> \n\t\t<\/div>\n\t<\/div> \n<\/div><\/div>","protected":false},"excerpt":{"rendered":"Une rencontre avec la sage-femme Doina Nedea aura lieu le samedi 29 septembre 2018, de 14h30 \u00e0 16h30, au bureau du CISL Ferrara, Corso Piave 60. Cet \u00e9v\u00e9nement est organis\u00e9 par Anolf Ferrara.","protected":false},"author":3,"featured_media":0,"parent":0,"menu_order":0,"comment_status":"closed","ping_status":"closed","template":"","meta":{"footnotes":""},"class_list":["post-785","page","type-page","status-publish"],"_links":{"self":[{"href":"https:\/\/www.cislferrara.it\/fr\/wp-json\/wp\/v2\/pages\/785","targetHints":{"allow":["GET"]}}],"collection":[{"href":"https:\/\/www.cislferrara.it\/fr\/wp-json\/wp\/v2\/pages"}],"about":[{"href":"https:\/\/www.cislferrara.it\/fr\/wp-json\/wp\/v2\/types\/page"}],"author":[{"embeddable":true,"href":"https:\/\/www.cislferrara.it\/fr\/wp-json\/wp\/v2\/users\/3"}],"replies":[{"embeddable":true,"href":"https:\/\/www.cislferrara.it\/fr\/wp-json\/wp\/v2\/comments?post=785"}],"version-history":[{"count":13,"href":"https:\/\/www.cislferrara.it\/fr\/wp-json\/wp\/v2\/pages\/785\/revisions"}],"predecessor-version":[{"id":5712,"href":"https:\/\/www.cislferrara.it\/fr\/wp-json\/wp\/v2\/pages\/785\/revisions\/5712"}],"wp:attachment":[{"href":"https:\/\/www.cislferrara.it\/fr\/wp-json\/wp\/v2\/media?parent=785"}],"curies":[{"name":"wp","href":"https:\/\/api.w.org\/{rel}","templated":true}]}}