{"id":740,"date":"2014-09-25T16:40:07","date_gmt":"2014-09-25T14:40:07","guid":{"rendered":"http:\/\/www.cislferrara.it\/?page_id=740"},"modified":"2025-01-13T10:32:53","modified_gmt":"2025-01-13T09:32:53","slug":"associazioni-3","status":"publish","type":"page","link":"https:\/\/www.cislferrara.it\/fr\/associazioni-3\/","title":{"rendered":"Associations"},"content":{"rendered":"<div id=\"fws_69f0634a3a0dc\"  data-column-margin=\"default\" data-midnight=\"dark\" data-top-percent=\"3%\"  class=\"wpb_row vc_row-fluid vc_row full-width-section has-row-bg-color\"  style=\"padding-top: calc(100vw * 0.03); padding-bottom: 0px; --row-bg-color: #ffffff;\"><div class=\"row-bg-wrap\" data-bg-animation=\"none\" data-bg-animation-delay=\"\" data-bg-overlay=\"false\"><div class=\"inner-wrap row-bg-layer\" ><div class=\"row-bg viewport-desktop using-bg-color\"  style=\"background-color: #ffffff; \"><\/div><\/div><\/div><div class=\"row_col_wrap_12 col span_12 dark left\">\n\t<div  class=\"vc_col-sm-12 wpb_column column_container vc_column_container col no-extra-padding inherit_tablet inherit_phone\"  data-padding-pos=\"all\" data-has-bg-color=\"false\" data-bg-color=\"\" data-bg-opacity=\"1\" data-animation=\"\" data-delay=\"0\" >\n\t\t<div class=\"vc_column-inner\" >\n\t\t\t<div class=\"wpb_wrapper\">\n\t\t\t\t<div id=\"fws_69f0634a3a8f9\" data-midnight=\"\" data-column-margin=\"default\" class=\"wpb_row vc_row-fluid vc_row inner_row\"  style=\"\"><div class=\"row-bg-wrap\"> <div class=\"row-bg\" ><\/div> <\/div><div class=\"row_col_wrap_12_inner col span_12  left\">\n\t<div  class=\"vc_col-sm-12 wpb_column column_container vc_column_container col child_column no-extra-padding inherit_tablet inherit_phone\"   data-padding-pos=\"all\" data-has-bg-color=\"false\" data-bg-color=\"\" data-bg-opacity=\"1\" data-animation=\"\" data-delay=\"0\" >\n\t\t<div class=\"vc_column-inner\" >\n\t\t<div class=\"wpb_wrapper\">\n\t\t\t<div class=\"nectar-split-heading\" data-align=\"default\" data-m-align=\"inherit\" data-text-effect=\"default\" data-animation-type=\"default\" data-animation-delay=\"0\" data-animation-offset=\"\" data-m-rm-animation=\"\" data-stagger=\"\" data-custom-font-size=\"false\" ><div class=\"heading-line\" > <div><h2>Les associations<\/h2> <\/div> <\/div><\/div>\n\t\t<\/div> \n\t<\/div>\n\t<\/div> \n<\/div><\/div><div id=\"fws_69f0634a3b148\" data-midnight=\"\" data-column-margin=\"default\" class=\"wpb_row vc_row-fluid vc_row inner_row\"  style=\"\"><div class=\"row-bg-wrap\"> <div class=\"row-bg\" ><\/div> <\/div><div class=\"row_col_wrap_12_inner col span_12  left\">\n\t<div  class=\"vc_col-sm-2 wpb_column column_container vc_column_container col child_column has-animation padding-3-percent inherit_tablet inherit_phone\"   data-padding-pos=\"top\" data-has-bg-color=\"false\" data-bg-color=\"\" data-bg-opacity=\"1\" data-animation=\"fade-in-from-bottom\" data-delay=\"0\" >\n\t\t<div class=\"vc_column-inner\" >\n\t\t<div class=\"wpb_wrapper\">\n\t\t\t<div class=\"nectar_icon_wrap\" data-style=\"soft-bg\" data-padding=\"10px\" data-color=\"accent-color\" style=\"margin-bottom: 30px; \" >\n\t\t<div class=\"nectar_icon\" ><span class=\"im-icon-wrap\" data-color=\"accent-color\" style=\"height: 60px; width: 60px;\"><span><svg role=\"presentation\" version=\"1.1\" xmlns=\"http:\/\/www.w3.org\/2000\/svg\" width=\"40\" height=\"40\" viewbox=\"0 0 32 32\">\n        <path d=\"M18.007 24.028h-4c-0.368 0-0.667-0.3-0.667-0.667v-9.333c0-0.367 0.299-0.667 0.667-0.667h4c0.368 0 0.667 0.3 0.667 0.667v9.333c0 0.368-0.299 0.667-0.667 0.667zM14.673 22.695h2.667v-8h-2.667v8zM16.007 12.073c-1.475 0-2.675-1.197-2.675-2.675s1.2-2.675 2.675-2.675c1.475 0 2.675 1.197 2.675 2.675s-1.2 2.675-2.675 2.675zM16.007 8.057c-0.74 0-1.341 0.601-1.341 1.341s0.601 1.341 1.341 1.341c0.741 0 1.341-0.601 1.341-1.341s-0.6-1.341-1.341-1.341zM16 32c-8.823 0-16-7.177-16-16s7.177-16 16-16 16 7.177 16 16-7.177 16-16 16zM16 1.333c-8.087 0-14.667 6.583-14.667 14.667 0 8.087 6.58 14.667 14.667 14.667 8.085 0 14.667-6.58 14.667-14.667 0-8.085-6.579-14.667-14.667-14.667z\"><\/path>\n        <\/svg><\/span><\/span><\/div>\n\t<\/div>\n\t\t<\/div> \n\t<\/div>\n\t<\/div> \n\n\t<div  class=\"vc_col-sm-10 wpb_column column_container vc_column_container col child_column has-animation padding-3-percent inherit_tablet inherit_phone\"   data-padding-pos=\"top\" data-has-bg-color=\"false\" data-bg-color=\"\" data-bg-opacity=\"1\" data-animation=\"fade-in-from-bottom\" data-delay=\"100\" >\n\t\t<div class=\"vc_column-inner\" >\n\t\t<div class=\"wpb_wrapper\">\n\t\t\t\n<div class=\"wpb_text_column wpb_content_element  vc_custom_1736759146252\" >\n\t<p>En cliquant sur les logos de chaque association, vous pourrez acc\u00e9der directement \u00e0 leur site internet national ou r\u00e9gional.<\/p>\n<p>Le num\u00e9ro de t\u00e9l\u00e9phone de r\u00e9f\u00e9rence est celui du centre de service (Corso Piave 70 \u2013 0532 777611)<\/p>\n<\/div>\n\n\n\n\n\t\t<\/div> \n\t<\/div>\n\t<\/div> \n<\/div><\/div>\n\t\t\t<\/div> \n\t\t<\/div>\n\t<\/div> \n<\/div><\/div>\n\t\t<div id=\"fws_69f0634a3c196\"  data-column-margin=\"default\" data-midnight=\"dark\" data-top-percent=\"4%\" data-bottom-percent=\"4%\"  class=\"wpb_row vc_row-fluid vc_row vc_row-o-equal-height vc_row-flex vc_row-o-content-top  bottom_padding_tablet_30pct\"  style=\"padding-top: calc(100vw * 0.04); padding-bottom: calc(100vw * 0.04); \"><div class=\"row-bg-wrap\" data-bg-animation=\"none\" data-bg-animation-delay=\"\" data-bg-overlay=\"false\"><div class=\"inner-wrap row-bg-layer\" ><div class=\"row-bg viewport-desktop\"  style=\"\"><\/div><\/div><\/div><div class=\"row_col_wrap_12 col span_12 dark left\">\n\t<div  class=\"vc_col-sm-12 wpb_column column_container vc_column_container col no-extra-padding inherit_tablet inherit_phone\"  data-padding-pos=\"all\" data-has-bg-color=\"false\" data-bg-color=\"\" data-bg-opacity=\"1\" data-animation=\"\" data-delay=\"0\" >\n\t\t<div class=\"vc_column-inner\" >\n\t\t\t<div class=\"wpb_wrapper\">\n\t\t\t\t<div id=\"fws_69f0634a3c7be\" data-midnight=\"\" data-column-margin=\"default\" class=\"wpb_row vc_row-fluid vc_row inner_row vc_row-o-equal-height vc_row-flex\"  style=\"\"><div class=\"row-bg-wrap\"> <div class=\"row-bg\" ><\/div> <\/div><div class=\"row_col_wrap_12_inner col span_12  left\">\n\t<div  class=\"vc_col-sm-4 wpb_column column_container vc_column_container col child_column centered-text has-animation padding-3-percent el_spacing_0px inherit_tablet inherit_phone\"   data-border-animation=\"\" data-border-animation-delay=\"\" data-border-width=\"1px\" data-border-style=\"solid\" data-border-color=\"#505050\" data-padding-pos=\"all\" data-has-bg-color=\"false\" data-bg-color=\"\" data-bg-opacity=\"1\" data-animation=\"fade-in-from-bottom\" data-delay=\"0\" >\n\t\t<div class=\"vc_column-inner\" style=\"border: 1px solid rgba(255,255,255,0); \"><span class=\"border-wrap\" style=\"border-color: #505050;\"><span class=\"border-top\"><\/span><span class=\"border-right\"><\/span><span class=\"border-bottom\"><\/span><span class=\"border-left\"><\/span><\/span>\n\t\t<div class=\"wpb_wrapper\">\n\t\t\t<div class=\"img-with-aniamtion-wrap center\" data-max-width=\"100%\" data-max-width-mobile=\"default\" data-shadow=\"none\" data-animation=\"none\" >\n      <div class=\"inner\">\n        <div class=\"hover-wrap\"> \n          <div class=\"hover-wrap-inner\">\n            <a href=\"https:\/\/www.cislferrara.it\/fr\/patronato-inas\/\" target=\"_self\" class=\"center\">\n              <img loading=\"lazy\" decoding=\"async\" class=\"img-with-animation skip-lazy\" data-delay=\"0\" height=\"250\" width=\"500\" data-animation=\"none\" src=\"https:\/\/www.cislferrara.it\/wp-content\/uploads\/2014\/09\/adiconsum.jpg\" alt=\"\" srcset=\"https:\/\/www.cislferrara.it\/wp-content\/uploads\/2014\/09\/adiconsum.jpg 500w, https:\/\/www.cislferrara.it\/wp-content\/uploads\/2014\/09\/adiconsum-300x150.jpg 300w\" sizes=\"auto, (max-width: 500px) 100vw, 500px\" \/>\n            <\/a>\n          <\/div>\n        <\/div>\n        \n      <\/div>\n      <\/div>\n<div class=\"wpb_text_column wpb_content_element\" style=\" max-width: 350px; display: inline-block;\">\n\t<h4>ASSOCIATION DES CONSOMMATEURS<\/h4>\n<\/div>\n\n\n\n<div class=\"divider-wrap\" data-alignment=\"default\"><div style=\"height: 15px;\" class=\"divider\"><\/div><\/div>\n<div class=\"wpb_text_column wpb_content_element\" style=\" max-width: 350px; display: inline-block;\">\n\t<p>Contentieux bancaire et des assurances \u2013 Conciliations dans le domaine de la T\u00e9l\u00e9phonie, des Grands Services, de la Pay TV et de la TV par satellite, Droit de r\u00e9tractation, Litiges sur travaux non r\u00e9alis\u00e9s dans les r\u00e8gles de l\u2019art, Dommages et int\u00e9r\u00eats pour vacances g\u00e2ch\u00e9es etc\u2026<\/p>\n<\/div>\n\n\n\n<div class=\"nectar-cta  alignment_tablet_default alignment_phone_default display_tablet_inherit display_phone_inherit\" data-color=\"default\" data-using-bg=\"false\" data-display=\"block\" data-style=\"underline\" data-alignment=\"center\" data-text-color=\"custom\" style=\"margin-top: 15px;  --nectar-text-color: #016648; --nectar-button-color: var(--nectar-default); --nectar-icon-gap: 10px; \"><h5 style=\"color: #016648;\"> <span class=\"link_wrap\" ><a  class=\"link_text\" style=\"border-color: #016648;\" role=\"button\" href=\"https:\/\/www.cislferrara.it\/fr\/adiconsum-associazione-consumatori\/\">Acc\u00e9der \u00e0 la page ADICONSUM<\/a><\/span><\/h5><\/div>\n\t\t<\/div> \n\t<\/div>\n\t<\/div> \n\n\t<div  class=\"vc_col-sm-4 wpb_column column_container vc_column_container col child_column centered-text has-animation padding-3-percent el_spacing_0px top_margin_tablet_50px top_margin_phone_30px bottom_margin_tablet_50px bottom_margin_phone_30px inherit_tablet inherit_phone\"   data-border-animation=\"\" data-border-animation-delay=\"\" data-border-width=\"1px\" data-border-style=\"solid\" data-border-color=\"#505050\" data-padding-pos=\"all\" data-has-bg-color=\"false\" data-bg-color=\"\" data-bg-opacity=\"1\" data-animation=\"fade-in-from-bottom\" data-delay=\"100\" >\n\t\t<div class=\"vc_column-inner\" style=\"border: 1px solid rgba(255,255,255,0); \"><span class=\"border-wrap\" style=\"border-color: #505050;\"><span class=\"border-top\"><\/span><span class=\"border-right\"><\/span><span class=\"border-bottom\"><\/span><span class=\"border-left\"><\/span><\/span>\n\t\t<div class=\"wpb_wrapper\">\n\t\t\t<div class=\"img-with-aniamtion-wrap center\" data-max-width=\"100%\" data-max-width-mobile=\"default\" data-shadow=\"none\" data-animation=\"none\" >\n      <div class=\"inner\">\n        <div class=\"hover-wrap\"> \n          <div class=\"hover-wrap-inner\">\n            <a href=\"https:\/\/www.cislferrara.it\/fr\/patronato-inas\/\" target=\"_self\" class=\"center\">\n              <img loading=\"lazy\" decoding=\"async\" class=\"img-with-animation skip-lazy\" data-delay=\"0\" height=\"250\" width=\"500\" data-animation=\"none\" src=\"https:\/\/www.cislferrara.it\/wp-content\/uploads\/2014\/09\/anteas.jpg\" alt=\"\" srcset=\"https:\/\/www.cislferrara.it\/wp-content\/uploads\/2014\/09\/anteas.jpg 500w, https:\/\/www.cislferrara.it\/wp-content\/uploads\/2014\/09\/anteas-300x150.jpg 300w\" sizes=\"auto, (max-width: 500px) 100vw, 500px\" \/>\n            <\/a>\n          <\/div>\n        <\/div>\n        \n      <\/div>\n      <\/div>\n<div class=\"wpb_text_column wpb_content_element\" style=\" max-width: 350px; display: inline-block;\">\n\t<h4>ASSOCIATION DE B\u00c9N\u00c9VOLES<\/h4>\n<\/div>\n\n\n\n<div class=\"divider-wrap\" data-alignment=\"default\"><div style=\"height: 15px;\" class=\"divider\"><\/div><\/div>\n<div class=\"wpb_text_column wpb_content_element\" style=\" max-width: 350px; display: inline-block;\">\n\t<p>L&#039;association, promue par la FNP-CISL, r\u00e9alise des activit\u00e9s dans les domaines d&#039;assistance sociale les plus vari\u00e9s, du transport de personnes \u00e2g\u00e9es et handicap\u00e9es dans le besoin, aux activit\u00e9s ambulatoires pour les injections, les tests de tension art\u00e9rielle, etc.<br \/>\nElle promeut \u00e9galement, au sein de \u00ab l&#039;\u00e9cole de la solidarit\u00e9 \u00bb, des rencontres de formation pour les b\u00e9n\u00e9voles et les proches des personnes \u00e2g\u00e9es, handicap\u00e9es et dans le besoin.<\/p>\n<\/div>\n\n\n\n<div class=\"nectar-cta  alignment_tablet_default alignment_phone_default display_tablet_inherit display_phone_inherit\" data-color=\"default\" data-using-bg=\"false\" data-display=\"block\" data-style=\"underline\" data-alignment=\"center\" data-text-color=\"custom\" style=\"margin-top: 15px;  --nectar-text-color: #016648; --nectar-button-color: var(--nectar-default); --nectar-icon-gap: 10px; \"><h5 style=\"color: #016648;\"> <span class=\"link_wrap\" ><a  class=\"link_text\" style=\"border-color: #016648;\" role=\"button\" href=\"https:\/\/www.cislferrara.it\/fr\/anteas-2\/\">Acc\u00e9der \u00e0 la page ANTEAS<\/a><\/span><\/h5><\/div>\n\t\t<\/div> \n\t<\/div>\n\t<\/div> \n\n\t<div  class=\"vc_col-sm-4 wpb_column column_container vc_column_container col child_column centered-text has-animation padding-3-percent el_spacing_0px top_margin_tablet_20px inherit_tablet inherit_phone\"   data-border-animation=\"\" data-border-animation-delay=\"\" data-border-width=\"1px\" data-border-style=\"solid\" data-border-color=\"#505050\" data-padding-pos=\"all\" data-has-bg-color=\"false\" data-bg-color=\"\" data-bg-opacity=\"1\" data-animation=\"fade-in-from-bottom\" data-delay=\"200\" >\n\t\t<div class=\"vc_column-inner\" style=\"border: 1px solid rgba(255,255,255,0); \"><span class=\"border-wrap\" style=\"border-color: #505050;\"><span class=\"border-top\"><\/span><span class=\"border-right\"><\/span><span class=\"border-bottom\"><\/span><span class=\"border-left\"><\/span><\/span>\n\t\t<div class=\"wpb_wrapper\">\n\t\t\t<div class=\"img-with-aniamtion-wrap center\" data-max-width=\"100%\" data-max-width-mobile=\"default\" data-shadow=\"none\" data-animation=\"none\" >\n      <div class=\"inner\">\n        <div class=\"hover-wrap\"> \n          <div class=\"hover-wrap-inner\">\n            <a href=\"https:\/\/www.cislferrara.it\/fr\/patronato-inas\/\" target=\"_self\" class=\"center\">\n              <img loading=\"lazy\" decoding=\"async\" class=\"img-with-animation skip-lazy\" data-delay=\"0\" height=\"250\" width=\"500\" data-animation=\"none\" src=\"https:\/\/www.cislferrara.it\/wp-content\/uploads\/2014\/09\/anolf.jpg\" alt=\"\" srcset=\"https:\/\/www.cislferrara.it\/wp-content\/uploads\/2014\/09\/anolf.jpg 500w, https:\/\/www.cislferrara.it\/wp-content\/uploads\/2014\/09\/anolf-300x150.jpg 300w\" sizes=\"auto, (max-width: 500px) 100vw, 500px\" \/>\n            <\/a>\n          <\/div>\n        <\/div>\n        \n      <\/div>\n      <\/div>\n<div class=\"wpb_text_column wpb_content_element\" style=\" max-width: 350px; display: inline-block;\">\n\t<h4>ASSOCIATION DES IMMIGRANTS<\/h4>\n<\/div>\n\n\n\n<div class=\"divider-wrap\" data-alignment=\"default\"><div style=\"height: 15px;\" class=\"divider\"><\/div><\/div>\n<div class=\"wpb_text_column wpb_content_element\" style=\" max-width: 350px; display: inline-block;\">\n\t<p>Favorise l\u2019int\u00e9gration et les \u00e9changes interculturels. Elle offre \u00e9galement des services concernant le renouvellement des titres de s\u00e9jour, le regroupement familial et les demandes d&#039;inclusion (FLUSSI). Elle promeut des cours d\u2019alphab\u00e9tisation et a \u00e9tabli des accords bancaires int\u00e9ressants.<\/p>\n<\/div>\n\n\n\n<div class=\"nectar-cta  alignment_tablet_default alignment_phone_default display_tablet_inherit display_phone_inherit\" data-color=\"default\" data-using-bg=\"false\" data-display=\"block\" data-style=\"underline\" data-alignment=\"center\" data-text-color=\"custom\" style=\"margin-top: 15px;  --nectar-text-color: #016648; --nectar-button-color: var(--nectar-default); --nectar-icon-gap: 10px; \"><h5 style=\"color: #016648;\"> <span class=\"link_wrap\" ><a  class=\"link_text\" style=\"border-color: #016648;\" role=\"button\" href=\"https:\/\/www.cislferrara.it\/fr\/anolf-ferrara\/\">Acc\u00e9der \u00e0 la page ANOLF<\/a><\/span><\/h5><\/div>\n\t\t<\/div> \n\t<\/div>\n\t<\/div> \n<\/div><\/div>\n\t\t\t<\/div> \n\t\t<\/div>\n\t<\/div> \n<\/div><\/div>","protected":false},"excerpt":{"rendered":"Associations. En cliquant sur le logo de chaque association, vous acc\u00e9dez directement \u00e0 son site national ou r\u00e9gional. Le num\u00e9ro de t\u00e9l\u00e9phone de r\u00e9f\u00e9rence est celui du centre de services.","protected":false},"author":1,"featured_media":0,"parent":0,"menu_order":0,"comment_status":"closed","ping_status":"closed","template":"","meta":{"footnotes":""},"class_list":["post-740","page","type-page","status-publish"],"_links":{"self":[{"href":"https:\/\/www.cislferrara.it\/fr\/wp-json\/wp\/v2\/pages\/740","targetHints":{"allow":["GET"]}}],"collection":[{"href":"https:\/\/www.cislferrara.it\/fr\/wp-json\/wp\/v2\/pages"}],"about":[{"href":"https:\/\/www.cislferrara.it\/fr\/wp-json\/wp\/v2\/types\/page"}],"author":[{"embeddable":true,"href":"https:\/\/www.cislferrara.it\/fr\/wp-json\/wp\/v2\/users\/1"}],"replies":[{"embeddable":true,"href":"https:\/\/www.cislferrara.it\/fr\/wp-json\/wp\/v2\/comments?post=740"}],"version-history":[{"count":3,"href":"https:\/\/www.cislferrara.it\/fr\/wp-json\/wp\/v2\/pages\/740\/revisions"}],"predecessor-version":[{"id":4733,"href":"https:\/\/www.cislferrara.it\/fr\/wp-json\/wp\/v2\/pages\/740\/revisions\/4733"}],"wp:attachment":[{"href":"https:\/\/www.cislferrara.it\/fr\/wp-json\/wp\/v2\/media?parent=740"}],"curies":[{"name":"wp","href":"https:\/\/api.w.org\/{rel}","templated":true}]}}