{"id":74,"date":"2014-09-04T10:31:25","date_gmt":"2014-09-04T08:31:25","guid":{"rendered":"http:\/\/www.cislferrara.it\/?page_id=74"},"modified":"2025-07-10T08:47:11","modified_gmt":"2025-07-10T06:47:11","slug":"fp","status":"publish","type":"page","link":"https:\/\/www.cislferrara.it\/fr\/fp\/","title":{"rendered":"FP CISL \u2013 SERVICE PUBLIC"},"content":{"rendered":"<div id=\"fws_69f3b42166aed\"  data-column-margin=\"default\" data-midnight=\"dark\" data-top-percent=\"4%\"  class=\"wpb_row vc_row-fluid vc_row  top_padding_tablet_8pct bottom_padding_tablet_8pct\"  style=\"padding-top: calc(100vw * 0.04); padding-bottom: 0px; \"><div class=\"row-bg-wrap\" data-bg-animation=\"none\" data-bg-animation-delay=\"\" data-bg-overlay=\"false\"><div class=\"inner-wrap row-bg-layer\" ><div class=\"row-bg viewport-desktop\"  style=\"\"><\/div><\/div><\/div><div class=\"row_col_wrap_12 col span_12 dark left\">\n\t<div  class=\"vc_col-sm-2\/5 vc_col-xs-12 wpb_column column_container vc_column_container col no-extra-padding right_margin_tablet_auto right_margin_phone_auto left_margin_tablet_auto left_margin_phone_auto inherit_tablet inherit_phone max_width_tablet_600px max_width_phone_420px\"  data-padding-pos=\"all\" data-has-bg-color=\"false\" data-bg-color=\"\" data-bg-opacity=\"1\" data-animation=\"\" data-delay=\"0\" >\n\t\t<div class=\"vc_column-inner\" >\n\t\t\t<div class=\"wpb_wrapper\">\n\t\t\t\t<div id=\"fws_69f3b42167d46\" data-midnight=\"\" data-column-margin=\"default\" class=\"wpb_row vc_row-fluid vc_row inner_row\"  style=\"\"><div class=\"row-bg-wrap\"> <div class=\"row-bg\" ><\/div> <\/div><div class=\"row_col_wrap_12_inner col span_12  left\">\n\t<div  class=\"vc_col-sm-12 wpb_column column_container vc_column_container col child_column no-extra-padding inherit_tablet inherit_phone\"   data-padding-pos=\"all\" data-has-bg-color=\"false\" data-bg-color=\"\" data-bg-opacity=\"1\" data-animation=\"\" data-delay=\"0\" >\n\t\t<div class=\"vc_column-inner\" >\n\t\t<div class=\"wpb_wrapper\">\n\t\t\t<div class=\"img-with-aniamtion-wrap center\" data-max-width=\"100%\" data-max-width-mobile=\"default\" data-shadow=\"none\" data-animation=\"none\" >\n      <div class=\"inner\">\n        <div class=\"hover-wrap\"> \n          <div class=\"hover-wrap-inner\">\n            <img loading=\"lazy\" decoding=\"async\" class=\"img-with-animation skip-lazy\" data-delay=\"0\" height=\"150\" width=\"201\" data-animation=\"none\" src=\"https:\/\/www.cislferrara.it\/wp-content\/uploads\/2014\/09\/logo_cisl-fp-300x224.jpg\" alt=\"\"  \/>\n          <\/div>\n        <\/div>\n        \n      <\/div>\n    <\/div>\n\t\t<\/div> \n\t<\/div>\n\t<\/div> \n<\/div><\/div>\n\t\t\t<\/div> \n\t\t<\/div>\n\t<\/div> \n\n\t<div style=\"z-index: 100; \" class=\"vc_col-sm-3\/5 vc_col-xs-12 wpb_column column_container vc_column_container col padding-3-percent max_width_desktop_1000px top_margin_tablet_40px right_margin_tablet_auto right_margin_phone_auto left_margin_tablet_auto left_margin_phone_auto no-extra-padding_tablet no-extra-padding_phone max_width_tablet_600px max_width_phone_420px\"  data-padding-pos=\"left\" data-has-bg-color=\"false\" data-bg-color=\"\" data-bg-opacity=\"1\" data-animation=\"\" data-delay=\"0\" >\n\t\t<div class=\"vc_column-inner\" >\n\t\t\t<div class=\"wpb_wrapper\">\n\t\t\t\t<div id=\"fws_69f3b4216a3d8\" data-midnight=\"\" data-column-margin=\"40px\" class=\"wpb_row vc_row-fluid vc_row inner_row\"  style=\"\"><div class=\"row-bg-wrap\"> <div class=\"row-bg\" ><\/div> <\/div><div class=\"row_col_wrap_12_inner col span_12  left\">\n\t<div  class=\"vc_col-sm-12 wpb_column column_container vc_column_container col child_column has-animation no-extra-padding inherit_tablet inherit_phone\"   data-padding-pos=\"all\" data-has-bg-color=\"false\" data-bg-color=\"\" data-bg-opacity=\"1\" data-animation=\"fade-in-from-bottom\" data-delay=\"0\" >\n\t\t<div class=\"vc_column-inner\" >\n\t\t<div class=\"wpb_wrapper\">\n\t\t\t\n<div class=\"wpb_text_column wpb_content_element  vc_custom_1736783300029\" >\n\t<h3>Fonction publique<\/h3>\n<\/div>\n\n\n\n\n<div class=\"wpb_text_column wpb_content_element\" >\n\t<p>C&#039;est la cat\u00e9gorie qui\u00a0<strong>repr\u00e9sente et prot\u00e8ge<\/strong>\u00a0employ\u00e9s de l&#039;administration publique et des services publics, de la sant\u00e9 et de l&#039;assistance publiques et priv\u00e9es, des minist\u00e8res, des agences fiscales, des municipalit\u00e9s, des provinces et des r\u00e9gions, des organismes publics non \u00e9conomiques, du tiers secteur.<\/p>\n<\/div>\n\n\n\n\n\t\t<\/div> \n\t<\/div>\n\t<\/div> \n<\/div><\/div>\n\t\t\t<\/div> \n\t\t<\/div>\n\t<\/div> \n<\/div><\/div>\n\t\t<div id=\"fws_69f3b4216b7d0\"  data-column-margin=\"default\" data-midnight=\"dark\" data-bottom-percent=\"1%\"  class=\"wpb_row vc_row-fluid vc_row full-width-section\"  style=\"padding-top: 0px; padding-bottom: calc(100vw * 0.01); \"><div class=\"row-bg-wrap\" data-bg-animation=\"none\" data-bg-animation-delay=\"\" data-bg-overlay=\"false\"><div class=\"inner-wrap row-bg-layer\" ><div class=\"row-bg viewport-desktop\"  style=\"\"><\/div><\/div><\/div><div class=\"row_col_wrap_12 col span_12 dark left\">\n\t<div  class=\"vc_col-sm-12 wpb_column column_container vc_column_container col no-extra-padding inherit_tablet inherit_phone\"  data-padding-pos=\"all\" data-has-bg-color=\"false\" data-bg-color=\"\" data-bg-opacity=\"1\" data-animation=\"\" data-delay=\"0\" >\n\t\t<div class=\"vc_column-inner\" >\n\t\t\t<div class=\"wpb_wrapper\">\n\t\t\t\t\n<div class=\"wpb_text_column wpb_content_element\" >\n\t<h2>SECR\u00c9TARIAT CISL FP FERRARA<\/h2>\n<\/div>\n\n\n\n\n\t\t\t<\/div> \n\t\t<\/div>\n\t<\/div> \n\n\t<div  class=\"vc_col-sm-12 wpb_column column_container vc_column_container col no-extra-padding inherit_tablet inherit_phone\"  data-padding-pos=\"all\" data-has-bg-color=\"false\" data-bg-color=\"\" data-bg-opacity=\"1\" data-animation=\"\" data-delay=\"0\" >\n\t\t<div class=\"vc_column-inner\" >\n\t\t\t<div class=\"wpb_wrapper\">\n\t\t\t\t<div class=\"owl-carousel\" data-enable-animation=\"\" data-loop=\"false\"  data-animation-delay=\"0\" data-autorotate=\"\" data-autorotation-speed=\"5000\" data-column-padding=\"20px\" data-desktop-cols=\"3\" data-desktop-small-cols=\"3\" data-tablet-cols=\"2\" data-mobile-cols=\"1\"><div class=\"carousel-item\"><div class=\"team-member\" data-style=\"meta_below\"><img decoding=\"async\" alt=\"\" src=\"https:\/\/www.cislferrara.it\/wp-content\/uploads\/2022\/02\/kevin.png\" title=\"Kevin Ponzuoli\" \/><h4 class=\"light\">Kevin Ponzuoli<\/h4><div class=\"position\">Secr\u00e9taire G\u00e9n\u00e9ral Cisl Fp Ferrara<\/div><p class=\"description\">347 8818066<br \/>\n0532\/777606 \u2013 0532\/771644<br \/>\nE-mail:<br \/>\nfp.ferrara@cisl.it<br \/>\nkevin.ponzuoli@cisl.it<\/p><\/div><\/div><div class=\"carousel-item\"><div class=\"team-member\" data-style=\"meta_below\"><img decoding=\"async\" alt=\"\" src=\"https:\/\/www.cislferrara.it\/wp-content\/uploads\/2025\/01\/cisl-ferrara-team-generico.jpg\" title=\"\u00c9lisabeth Ferrarina\" \/><h4 class=\"light\">\u00c9lisabeth Ferrarina<\/h4><div class=\"position\">Secr\u00e9taire Administratif Cisl Fp Ferrara<\/div><p class=\"description\">Pec : fpferrara@pec.it<\/p><\/div><\/div><div class=\"carousel-item\"><div class=\"team-member\" data-style=\"meta_below\"><img decoding=\"async\" alt=\"\" src=\"https:\/\/www.cislferrara.it\/wp-content\/uploads\/2025\/01\/cisl-ferrara-team-generico.jpg\" title=\"Mirco Piva\" \/><h4 class=\"light\">Mirco Piva<\/h4><div class=\"position\">Secr\u00e9taire d&#039;organisation Cisl Fp Ferrara<\/div><p class=\"description\">Pec : fpferrara@pec.it<\/p><\/div><\/div><\/div>\n<div class=\"wpb_text_column wpb_content_element\" >\n\t<h3>T\u00c2CHES DE SECR\u00c9TARIAT OP\u00c9RATIONNEL, DE PERSONNEL ET TECHNIQUE<\/h3>\n<\/div>\n\n\n\n<div class=\"owl-carousel\" data-enable-animation=\"\" data-loop=\"false\"  data-animation-delay=\"0\" data-autorotate=\"\" data-autorotation-speed=\"5000\" data-column-padding=\"20px\" data-desktop-cols=\"2\" data-desktop-small-cols=\"2\" data-tablet-cols=\"2\" data-mobile-cols=\"1\"><div class=\"carousel-item\"><div class=\"team-member\" data-style=\"meta_below\"><img decoding=\"async\" alt=\"\" src=\"https:\/\/www.cislferrara.it\/wp-content\/uploads\/2025\/01\/cisl-ferrara-team-generico.jpg\" title=\"Oriana Pelosi\" \/><h4 class=\"light\">Oriana Pelosi<\/h4><div class=\"position\">Dirigeant syndical et coordinateur du troisi\u00e8me secteur CISL FP Ferrara<\/div><p class=\"description\">Pec : fpferrara@pec.it<\/p><\/div><\/div><div class=\"carousel-item\"><div class=\"team-member\" data-style=\"meta_below\"><img decoding=\"async\" alt=\"\" src=\"https:\/\/www.cislferrara.it\/wp-content\/uploads\/2025\/01\/cisl-ferrara-team-generico.jpg\" title=\"Francesca Soriani\" \/><h4 class=\"light\">Francesca Soriani<\/h4><div class=\"position\">Responsable syndicale et coordination des femmes CISL FP Ferrara<\/div><p class=\"description\">Pec : fpferrara@pec.it<\/p><\/div><\/div><\/div>\n\t\t\t<\/div> \n\t\t<\/div>\n\t<\/div> \n<\/div><\/div>\n\t\t<div id=\"fws_69f3b4216fbc1\"  data-column-margin=\"default\" data-midnight=\"dark\" data-top-percent=\"1%\" data-bottom-percent=\"6%\"  class=\"wpb_row vc_row-fluid vc_row full-width-section\"  style=\"padding-top: calc(100vw * 0.01); padding-bottom: calc(100vw * 0.06); \"><div class=\"row-bg-wrap\" data-bg-animation=\"none\" data-bg-animation-delay=\"\" data-bg-overlay=\"false\"><div class=\"inner-wrap row-bg-layer\" ><div class=\"row-bg viewport-desktop\"  style=\"\"><\/div><\/div><\/div><div class=\"row_col_wrap_12 col span_12 dark left\">\n\t<div  class=\"vc_col-sm-12 wpb_column column_container vc_column_container col no-extra-padding inherit_tablet inherit_phone\"  data-padding-pos=\"all\" data-has-bg-color=\"false\" data-bg-color=\"\" data-bg-opacity=\"1\" data-animation=\"\" data-delay=\"0\" >\n\t\t<div class=\"vc_column-inner\" >\n\t\t\t<div class=\"wpb_wrapper\">\n\t\t\t\t<div id=\"fws_69f3b421701c4\" data-midnight=\"\" data-column-margin=\"default\" class=\"wpb_row vc_row-fluid vc_row inner_row\"  style=\"padding-bottom: 50px; \"><div class=\"row-bg-wrap\"> <div class=\"row-bg\" ><\/div> <\/div><div class=\"row_col_wrap_12_inner col span_12  left\">\n\t<div  class=\"vc_col-sm-12 wpb_column column_container vc_column_container col child_column centered-text no-extra-padding inherit_tablet inherit_phone\"   data-padding-pos=\"all\" data-has-bg-color=\"false\" data-bg-color=\"\" data-bg-opacity=\"1\" data-animation=\"\" data-delay=\"0\" >\n\t\t<div class=\"vc_column-inner\" >\n\t\t<div class=\"wpb_wrapper\">\n\t\t\t\n<div class=\"wpb_text_column wpb_content_element\" >\n\t<h3>Derni\u00e8res nouvelles<\/h3>\n<\/div>\n\n\n\n\n\t\t<\/div> \n\t<\/div>\n\t<\/div> \n<\/div><\/div><div id=\"fws_69f3b4217076e\" data-midnight=\"\" data-column-margin=\"default\" class=\"wpb_row vc_row-fluid vc_row inner_row  vc_custom_1504236091614\"  style=\"\"><div class=\"row-bg-wrap\"> <div class=\"row-bg\" ><\/div> <\/div><div class=\"row_col_wrap_12_inner col span_12  left\">\n\t<div  class=\"vc_col-sm-12 wpb_column column_container vc_column_container col child_column no-extra-padding inherit_tablet inherit_phone\"   data-padding-pos=\"all\" data-has-bg-color=\"false\" data-bg-color=\"\" data-bg-opacity=\"1\" data-animation=\"\" data-delay=\"0\" >\n\t\t<div class=\"vc_column-inner\" >\n\t\t<div class=\"wpb_wrapper\">\n\t\t\t<div class='nectar-post-grid-wrap text-color-dark spacing-25px' data-el-settings='{\"post_type\":\"post\",\"pagination\":\"none\",\"image_size\":\"large\",\"parallax_scrolling\":\"\",\"aspect_ratio_image_size\":\"\",\"category_position\":\"default\",\"category_display\":\"default\",\"display_categories\":\"yes\",\"display_excerpt\":\"yes\",\"excerpt_length\":\"20\",\"content_next_to_image_excerpt_pos\":\"default\",\"display_date\":\"yes\",\"display_estimated_reading_time\":\"0\",\"display_author\":\"0\",\"author_functionality\":\"default\",\"author_position\":\"default\",\"color_overlay\":\"\",\"color_overlay_opacity\":\"\",\"color_overlay_hover_opacity\":\"\",\"card_bg_color\":\"\",\"grid_style\":\"content_under_image\",\"hover_effect\":\"zoom\",\"post_title_overlay\":\"\",\"heading_tag\":\"default\",\"heading_tag_render\":\"default\",\"enable_gallery_lightbox\":\"0\",\"remove_links\":\"0\",\"category_style\":\"underline\",\"overlay_secondary_project_image\":\"\",\"vertical_list_hover_effect\":\"none\",\"vertical_list_read_more\":\"\",\"vertical_list_read_more_style\":\"text\",\"read_more_button\":\"0\",\"animation\":\"none\",\"custom_fields\":\"\",\"custom_fields_location\":\"before_post_meta\",\"display_type\":\"grid\",\"text_content_layout\":\"top_left\"}' data-style='content_under_image' data-query='{\"post_type\":\"post\",\"posts_per_page\":\"12\",\"order\":\"DESC\",\"orderby\":\"date\",\"offset\":\"0\",\"cpt_name\":\"post\",\"custom_query_tax\":\"\",\"ignore_sticky_posts\":\"\",\"exclude_current_post\":\"\"}' data-load-more-color='black' data-load-more-text='Load More'><div class=\"nectar-post-grid-filters\" data-active-color=\"default\" data-align=\"default\" data-animation=\"none\" data-sortable=\"\"><div><a href=\"#\" data-filter=\"fp\" data-total-count=\"9\">Fp<\/a><\/div><\/div><div class=\"nectar-post-grid category-position-before-title\" data-indicator=\"\" data-indicator-style=\"default\" data-indicator-text-color=\"#fff\" data-indicator-color=\"#000\" data-indicator-text=\"View\" data-masonry=\"yes\" data-columns=\"4\" data-hover-effect=\"zoom\" data-text-style=\"default\" data-border-radius=\"5px\" data-grid-item-height=\"30vh\" data-grid-spacing=\"25px\" data-text-layout=\"top_left\" data-text-color=\"dark\" data-text-hover-color=\"dark\" data-shadow-hover=\"\" data-animation=\"none\" data-animation-stagger=\"90\" data-cat-click=\"default\"  data-lock-aspect=\"\"  data-text-align=\"left\" data-card=\"\" style=\"--post-grid-border-radius:5px;\" ><div class=\"nectar-post-grid-item\" data-post-id=\"2767\" data-has-img=\"true\"> <div class=\"inner\"><div class=\"nectar-post-grid-item-bg-wrap\"><div class=\"nectar-post-grid-item-bg-wrap-inner\"><div class=\"nectar-post-grid-item-bg\"><img loading=\"lazy\" decoding=\"async\" width=\"620\" height=\"312\" src=\"https:\/\/www.cislferrara.it\/wp-content\/uploads\/2018\/02\/180210-Se_firmi_lo_difendi-e1518603933949.jpg\" class=\"attachment-large size-large wp-post-image\" alt=\"\" srcset=\"https:\/\/www.cislferrara.it\/wp-content\/uploads\/2018\/02\/180210-Se_firmi_lo_difendi-e1518603933949.jpg 620w, https:\/\/www.cislferrara.it\/wp-content\/uploads\/2018\/02\/180210-Se_firmi_lo_difendi-e1518603933949-300x151.jpg 300w\" sizes=\"auto, (max-width: 620px) 100vw, 620px\" \/><\/div><\/div><\/div><div class=\"content\"><a class=\"nectar-post-grid-link\" href=\"https:\/\/www.cislferrara.it\/fr\/petizione-on-line\/\" ><span class=\"screen-reader-text\">P\u00c9TITION EN LIGNE<\/span><\/a><span class=\"meta-category\"><a class=\"cisl-ferrara style-underline\" href=\"https:\/\/www.cislferrara.it\/fr\/category\/cisl-ferrara\/\">Cisl Ferrare<\/a><a class=\"fp style-underline\" href=\"https:\/\/www.cislferrara.it\/fr\/category\/fp\/\">Fp<\/a><a class=\"scuola style-underline\" href=\"https:\/\/www.cislferrara.it\/fr\/category\/scuola\/\">\u00c9cole<\/a><\/span><div class=\"item-main\"><h3 class=\"post-heading\"><span>P\u00c9TITION EN LIGNE<\/span><\/h3><div class=\"nectar-post-grid-item__excerpt-wrap item-meta-extra\"><span class=\"meta-excerpt\">CISL FP a lanc\u00e9 une initiative importante en faveur des travailleurs\u2026<\/span><\/div><span class=\"nectar-post-grid-item__meta-wrap\"><span class=\"meta-date\">14 f\u00e9vrier 2018<\/span><\/span><\/div><\/div><\/div><\/div><div class=\"nectar-post-grid-item\" data-post-id=\"1840\" data-has-img=\"true\"> <div class=\"inner\"><div class=\"nectar-post-grid-item-bg-wrap\"><div class=\"nectar-post-grid-item-bg-wrap-inner\"><div class=\"nectar-post-grid-item-bg\"><img loading=\"lazy\" decoding=\"async\" width=\"480\" height=\"373\" src=\"https:\/\/www.cislferrara.it\/wp-content\/uploads\/2015\/07\/FRNA.jpg\" class=\"attachment-large size-large wp-post-image\" alt=\"\" srcset=\"https:\/\/www.cislferrara.it\/wp-content\/uploads\/2015\/07\/FRNA.jpg 480w, https:\/\/www.cislferrara.it\/wp-content\/uploads\/2015\/07\/FRNA-300x233.jpg 300w\" sizes=\"auto, (max-width: 480px) 100vw, 480px\" \/><\/div><\/div><\/div><div class=\"content\"><a class=\"nectar-post-grid-link\" href=\"https:\/\/www.cislferrara.it\/fr\/per-gli-anziani-per-i-non-autosufficienti-presidio-unitario-in-piazza-municipale\/\" ><span class=\"screen-reader-text\">POUR LES PERSONNES \u00c2G\u00c9ES, POUR LES NON AUTONOMES. PRESIDIO UNITAIRE SUR LA PLACE MUNICIPALE<\/span><\/a><span class=\"meta-category\"><a class=\"fnp style-underline\" href=\"https:\/\/www.cislferrara.it\/fr\/category\/fnp\/\">FNP<\/a><a class=\"fp style-underline\" href=\"https:\/\/www.cislferrara.it\/fr\/category\/fp\/\">Fp<\/a><\/span><div class=\"item-main\"><h3 class=\"post-heading\"><span>POUR LES PERSONNES \u00c2G\u00c9ES, POUR LES NON AUTONOMES. PRESIDIO UNITAIRE SUR LA PLACE MUNICIPALE<\/span><\/h3><div class=\"nectar-post-grid-item__excerpt-wrap item-meta-extra\"><span class=\"meta-excerpt\">QUELLE POLITIQUE SOCIALE VOULONS-NOUS POUR NOTRE AVENIR ? Le Fonds r\u00e9gional et le Fonds national\u2026<\/span><\/div><span class=\"nectar-post-grid-item__meta-wrap\"><span class=\"meta-date\">21 juillet 2015<\/span><\/span><\/div><\/div><\/div><\/div><div class=\"nectar-post-grid-item\" data-post-id=\"1413\" data-has-img=\"true\"> <div class=\"inner\"><div class=\"nectar-post-grid-item-bg-wrap\"><div class=\"nectar-post-grid-item-bg-wrap-inner\"><div class=\"nectar-post-grid-item-bg\"><img loading=\"lazy\" decoding=\"async\" width=\"851\" height=\"315\" src=\"https:\/\/www.cislferrara.it\/wp-content\/uploads\/2015\/02\/rsu-fp.png\" class=\"attachment-large size-large wp-post-image\" alt=\"\" srcset=\"https:\/\/www.cislferrara.it\/wp-content\/uploads\/2015\/02\/rsu-fp.png 851w, https:\/\/www.cislferrara.it\/wp-content\/uploads\/2015\/02\/rsu-fp-300x111.png 300w\" sizes=\"auto, (max-width: 851px) 100vw, 851px\" \/><\/div><\/div><\/div><div class=\"content\"><a class=\"nectar-post-grid-link\" href=\"https:\/\/www.cislferrara.it\/fr\/uno-sguardo-oltre-elezioni-rsu-3-4-5-marzo-2015\/\" ><span class=\"screen-reader-text\">UN REGARD AU-DEL\u00c0 : \u00c9LECTIONS RSU 3-4-5 MARS 2015<\/span><\/a><span class=\"meta-category\"><a class=\"fp style-underline\" href=\"https:\/\/www.cislferrara.it\/fr\/category\/fp\/\">Fp<\/a><\/span><div class=\"item-main\"><h3 class=\"post-heading\"><span>UN REGARD AU-DEL\u00c0 : \u00c9LECTIONS RSU 3-4-5 MARS 2015<\/span><\/h3><div class=\"nectar-post-grid-item__excerpt-wrap item-meta-extra\"><span class=\"meta-excerpt\">C\u2019est la volont\u00e9 de regarder vers l\u2019avenir avec la concr\u00e9tisation et la t\u00e9nacit\u00e9 dict\u00e9es par l\u2019exp\u00e9rience\u2026<\/span><\/div><span class=\"nectar-post-grid-item__meta-wrap\"><span class=\"meta-date\">10 f\u00e9vrier 2015<\/span><\/span><\/div><\/div><\/div><\/div><div class=\"nectar-post-grid-item\" data-post-id=\"1430\" data-has-img=\"true\"> <div class=\"inner\"><div class=\"nectar-post-grid-item-bg-wrap\"><div class=\"nectar-post-grid-item-bg-wrap-inner\"><div class=\"nectar-post-grid-item-bg\"><img loading=\"lazy\" decoding=\"async\" width=\"949\" height=\"568\" src=\"https:\/\/www.cislferrara.it\/wp-content\/uploads\/2015\/02\/bertelli.jpg\" class=\"attachment-large size-large wp-post-image\" alt=\"\" srcset=\"https:\/\/www.cislferrara.it\/wp-content\/uploads\/2015\/02\/bertelli.jpg 949w, https:\/\/www.cislferrara.it\/wp-content\/uploads\/2015\/02\/bertelli-300x179.jpg 300w\" sizes=\"auto, (max-width: 949px) 100vw, 949px\" \/><\/div><\/div><\/div><div class=\"content\"><a class=\"nectar-post-grid-link\" href=\"https:\/\/www.cislferrara.it\/fr\/mobilitazione-unitaria-per-il-riordino-della-polizia-locale\/\" ><span class=\"screen-reader-text\">Mobilisation commune pour la r\u00e9organisation de la Police Locale<\/span><\/a><span class=\"meta-category\"><a class=\"cisl-ferrara style-underline\" href=\"https:\/\/www.cislferrara.it\/fr\/category\/cisl-ferrara\/\">Cisl Ferrare<\/a><a class=\"fp style-underline\" href=\"https:\/\/www.cislferrara.it\/fr\/category\/fp\/\">Fp<\/a><\/span><div class=\"item-main\"><h3 class=\"post-heading\"><span>Mobilisation commune pour la r\u00e9organisation de la Police Locale<\/span><\/h3><div class=\"nectar-post-grid-item__excerpt-wrap item-meta-extra\"><span class=\"meta-excerpt\">10 f\u00e9vrier. \u00ab Disons non \u00e0 l\u2019agression m\u00e9diatique et institutionnelle qui a lieu contre la cat\u00e9gorie...<\/span><\/div><span class=\"nectar-post-grid-item__meta-wrap\"><span class=\"meta-date\">10 f\u00e9vrier 2015<\/span><\/span><\/div><\/div><\/div><\/div><div class=\"nectar-post-grid-item\" data-post-id=\"1407\" data-has-img=\"true\"> <div class=\"inner\"><div class=\"nectar-post-grid-item-bg-wrap\"><div class=\"nectar-post-grid-item-bg-wrap-inner\"><div class=\"nectar-post-grid-item-bg\"><img loading=\"lazy\" decoding=\"async\" width=\"1024\" height=\"615\" src=\"https:\/\/www.cislferrara.it\/wp-content\/uploads\/2015\/02\/enti-pubblici-1024x615.jpg\" class=\"attachment-large size-large wp-post-image\" alt=\"\" srcset=\"https:\/\/www.cislferrara.it\/wp-content\/uploads\/2015\/02\/enti-pubblici-1024x615.jpg 1024w, https:\/\/www.cislferrara.it\/wp-content\/uploads\/2015\/02\/enti-pubblici-300x180.jpg 300w, https:\/\/www.cislferrara.it\/wp-content\/uploads\/2015\/02\/enti-pubblici.jpg 1917w\" sizes=\"auto, (max-width: 1024px) 100vw, 1024px\" \/><\/div><\/div><\/div><div class=\"content\"><a class=\"nectar-post-grid-link\" href=\"https:\/\/www.cislferrara.it\/fr\/corso-per-il-personale-amministrativo-degli-enti-pubblici\/\" ><span class=\"screen-reader-text\">Cours pour le PERSONNEL ADMINISTRATIF des ORGANISMES PUBLICS<\/span><\/a><span class=\"meta-category\"><a class=\"cisl-ferrara style-underline\" href=\"https:\/\/www.cislferrara.it\/fr\/category\/cisl-ferrara\/\">Cisl Ferrare<\/a><a class=\"fp style-underline\" href=\"https:\/\/www.cislferrara.it\/fr\/category\/fp\/\">Fp<\/a><\/span><div class=\"item-main\"><h3 class=\"post-heading\"><span>Cours pour le PERSONNEL ADMINISTRATIF des ORGANISMES PUBLICS<\/span><\/h3><div class=\"nectar-post-grid-item__excerpt-wrap item-meta-extra\"><span class=\"meta-excerpt\">LA RESPONSABILIT\u00c9 DE L&#039;EMPLOY\u00c9 PUBLIC ENVERS L&#039;ADMINISTRATION PUBLIQUE ET L&#039;USAGER Chez IAL - Ferrara\u2026<\/span><\/div><span class=\"nectar-post-grid-item__meta-wrap\"><span class=\"meta-date\">6 f\u00e9vrier 2015<\/span><\/span><\/div><\/div><\/div><\/div><div class=\"nectar-post-grid-item\" data-post-id=\"1397\" data-has-img=\"true\"> <div class=\"inner\"><div class=\"nectar-post-grid-item-bg-wrap\"><div class=\"nectar-post-grid-item-bg-wrap-inner\"><div class=\"nectar-post-grid-item-bg\"><img loading=\"lazy\" decoding=\"async\" width=\"860\" height=\"1024\" src=\"https:\/\/www.cislferrara.it\/wp-content\/uploads\/2015\/02\/corso-fp-sanit\u00e0-860x1024.jpg\" class=\"attachment-large size-large wp-post-image\" alt=\"\" srcset=\"https:\/\/www.cislferrara.it\/wp-content\/uploads\/2015\/02\/corso-fp-sanit\u00e0-860x1024.jpg 860w, https:\/\/www.cislferrara.it\/wp-content\/uploads\/2015\/02\/corso-fp-sanit\u00e0-252x300.jpg 252w, https:\/\/www.cislferrara.it\/wp-content\/uploads\/2015\/02\/corso-fp-sanit\u00e0.jpg 1033w\" sizes=\"auto, (max-width: 860px) 100vw, 860px\" \/><\/div><\/div><\/div><div class=\"content\"><a class=\"nectar-post-grid-link\" href=\"https:\/\/www.cislferrara.it\/fr\/corso-per-le-professioni-sanitarie\/\" ><span class=\"screen-reader-text\">Cours pour les professions de la sant\u00e9<\/span><\/a><span class=\"meta-category\"><a class=\"cisl-ferrara style-underline\" href=\"https:\/\/www.cislferrara.it\/fr\/category\/cisl-ferrara\/\">Cisl Ferrare<\/a><a class=\"fp style-underline\" href=\"https:\/\/www.cislferrara.it\/fr\/category\/fp\/\">Fp<\/a><\/span><div class=\"item-main\"><h3 class=\"post-heading\"><span>Cours pour les professions de la sant\u00e9<\/span><\/h3><div class=\"nectar-post-grid-item__excerpt-wrap item-meta-extra\"><span class=\"meta-excerpt\">RESPONSABILIT\u00c9 ORGANISATIONNELLE RESPONSABILIT\u00c9 PERSONNELLE : mode d&#039;emploi.                                 MAGNA HALL ARCHISPEDALE S.ANNA CONA 24 F\u00c9VRIER\u2026<\/span><\/div><span class=\"nectar-post-grid-item__meta-wrap\"><span class=\"meta-date\">6 f\u00e9vrier 2015<\/span><\/span><\/div><\/div><\/div><\/div><div class=\"nectar-post-grid-item\" data-post-id=\"1121\" data-has-img=\"true\"> <div class=\"inner\"><div class=\"nectar-post-grid-item-bg-wrap\"><div class=\"nectar-post-grid-item-bg-wrap-inner\"><div class=\"nectar-post-grid-item-bg\"><img loading=\"lazy\" decoding=\"async\" width=\"400\" height=\"208\" src=\"https:\/\/www.cislferrara.it\/wp-content\/uploads\/2014\/11\/image-000-1.jpg\" class=\"attachment-large size-large wp-post-image\" alt=\"\" srcset=\"https:\/\/www.cislferrara.it\/wp-content\/uploads\/2014\/11\/image-000-1.jpg 400w, https:\/\/www.cislferrara.it\/wp-content\/uploads\/2014\/11\/image-000-1-300x156.jpg 300w\" sizes=\"auto, (max-width: 400px) 100vw, 400px\" \/><\/div><\/div><\/div><div class=\"content\"><a class=\"nectar-post-grid-link\" href=\"https:\/\/www.cislferrara.it\/fr\/pa-lo-sciopero-del-1-dicembre\/\" ><span class=\"screen-reader-text\">Pa : la gr\u00e8ve du 1er d\u00e9cembre<\/span><\/a><span class=\"meta-category\"><a class=\"fp style-underline\" href=\"https:\/\/www.cislferrara.it\/fr\/category\/fp\/\">Fp<\/a><a class=\"scuola style-underline\" href=\"https:\/\/www.cislferrara.it\/fr\/category\/scuola\/\">\u00c9cole<\/a><\/span><div class=\"item-main\"><h3 class=\"post-heading\"><span>Pa : la gr\u00e8ve du 1er d\u00e9cembre<\/span><\/h3><div class=\"nectar-post-grid-item__excerpt-wrap item-meta-extra\"><span class=\"meta-excerpt\">Scrima\u00a0: \u00ab\u00a0Gouvernement indiff\u00e9rent. Toutes les cat\u00e9gories de services publics convergent vers la mobilisation pour les contrats et\u2026\u00a0\u00bb<\/span><\/div><span class=\"nectar-post-grid-item__meta-wrap\"><span class=\"meta-date\">26 novembre 2014<\/span><\/span><\/div><\/div><\/div><\/div><div class=\"nectar-post-grid-item\" data-post-id=\"1008\" data-has-img=\"true\"> <div class=\"inner\"><div class=\"nectar-post-grid-item-bg-wrap\"><div class=\"nectar-post-grid-item-bg-wrap-inner\"><div class=\"nectar-post-grid-item-bg\"><img loading=\"lazy\" decoding=\"async\" width=\"540\" height=\"960\" src=\"https:\/\/www.cislferrara.it\/wp-content\/uploads\/2014\/11\/funzione-pubblica.jpg\" class=\"attachment-large size-large wp-post-image\" alt=\"\" srcset=\"https:\/\/www.cislferrara.it\/wp-content\/uploads\/2014\/11\/funzione-pubblica.jpg 540w, https:\/\/www.cislferrara.it\/wp-content\/uploads\/2014\/11\/funzione-pubblica-168x300.jpg 168w\" sizes=\"auto, (max-width: 540px) 100vw, 540px\" \/><\/div><\/div><\/div><div class=\"content\"><a class=\"nectar-post-grid-link\" href=\"https:\/\/www.cislferrara.it\/fr\/lotta-a-tutela-dei-servizi-sanitari\/\" ><span class=\"screen-reader-text\">Lutter pour prot\u00e9ger les services de sant\u00e9<\/span><\/a><span class=\"meta-category\"><a class=\"cisl-ferrara style-underline\" href=\"https:\/\/www.cislferrara.it\/fr\/category\/cisl-ferrara\/\">Cisl Ferrare<\/a><a class=\"fp style-underline\" href=\"https:\/\/www.cislferrara.it\/fr\/category\/fp\/\">Fp<\/a><\/span><div class=\"item-main\"><h3 class=\"post-heading\"><span>Lutter pour prot\u00e9ger les services de sant\u00e9<\/span><\/h3><div class=\"nectar-post-grid-item__excerpt-wrap item-meta-extra\"><span class=\"meta-excerpt\">Les fonctionnaires de la Cisl et de la Cgil unis dans la manifestation devant la pr\u00e9fecture de Ferrare\u2026<\/span><\/div><span class=\"nectar-post-grid-item__meta-wrap\"><span class=\"meta-date\">19 novembre 2014<\/span><\/span><\/div><\/div><\/div><\/div><div class=\"nectar-post-grid-item\" data-post-id=\"1064\" data-has-img=\"true\"> <div class=\"inner\"><div class=\"nectar-post-grid-item-bg-wrap\"><div class=\"nectar-post-grid-item-bg-wrap-inner\"><div class=\"nectar-post-grid-item-bg\"><img loading=\"lazy\" decoding=\"async\" width=\"1024\" height=\"576\" src=\"https:\/\/www.cislferrara.it\/wp-content\/uploads\/2014\/11\/fp-scuola-1024x576.jpg\" class=\"attachment-large size-large wp-post-image\" alt=\"\" srcset=\"https:\/\/www.cislferrara.it\/wp-content\/uploads\/2014\/11\/fp-scuola-1024x576.jpg 1024w, https:\/\/www.cislferrara.it\/wp-content\/uploads\/2014\/11\/fp-scuola-300x168.jpg 300w, https:\/\/www.cislferrara.it\/wp-content\/uploads\/2014\/11\/fp-scuola.jpg 1032w\" sizes=\"auto, (max-width: 1024px) 100vw, 1024px\" \/><\/div><\/div><\/div><div class=\"content\"><a class=\"nectar-post-grid-link\" href=\"https:\/\/www.cislferrara.it\/fr\/manifestazione-unitaria-del-pubblico-impiego\/\" ><span class=\"screen-reader-text\">Manifestation commune de l&#039;emploi public<\/span><\/a><span class=\"meta-category\"><a class=\"cisl-ferrara style-underline\" href=\"https:\/\/www.cislferrara.it\/fr\/category\/cisl-ferrara\/\">Cisl Ferrare<\/a><a class=\"fp style-underline\" href=\"https:\/\/www.cislferrara.it\/fr\/category\/fp\/\">Fp<\/a><a class=\"scuola style-underline\" href=\"https:\/\/www.cislferrara.it\/fr\/category\/scuola\/\">\u00c9cole<\/a><\/span><div class=\"item-main\"><h3 class=\"post-heading\"><span>Manifestation commune de l&#039;emploi public<\/span><\/h3><div class=\"nectar-post-grid-item__excerpt-wrap item-meta-extra\"><span class=\"meta-excerpt\">Le 8 novembre \u00e0 Rome, manifestation commune de la Cgil, du Cisl et de l&#039;Uil, Cisl Ferrara est pr\u00e9sente\u2026<\/span><\/div><span class=\"nectar-post-grid-item__meta-wrap\"><span class=\"meta-date\">19 novembre 2014<\/span><\/span><\/div><\/div><\/div><\/div><\/div><\/div>\n\t\t<\/div> \n\t<\/div>\n\t<\/div> \n<\/div><\/div><div id=\"fws_69f3b42179730\" data-midnight=\"\" data-column-margin=\"default\" class=\"wpb_row vc_row-fluid vc_row inner_row\"  style=\"\"><div class=\"row-bg-wrap\"> <div class=\"row-bg\" ><\/div> <\/div><div class=\"row_col_wrap_12_inner col span_12  left\">\n\t<div  class=\"vc_col-sm-12 wpb_column column_container vc_column_container col child_column centered-text no-extra-padding inherit_tablet inherit_phone\"   data-padding-pos=\"all\" data-has-bg-color=\"false\" data-bg-color=\"\" data-bg-opacity=\"1\" data-animation=\"\" data-delay=\"0\" >\n\t\t<div class=\"vc_column-inner\" >\n\t\t<div class=\"wpb_wrapper\">\n\t\t\t<a class=\"nectar-button large see-through m-extra-color-gradient-2 has-icon\"  role=\"button\" style=\"margin-top: 15px; \"  href=\"https:\/\/www.cislferrara.it\/fr\/archivio\/\" data-color-override=\"false\" data-hover-color-override=\"false\" data-hover-text-color-override=\"#fff\"><span>Lire toutes les actualit\u00e9s<\/span><i  class=\"icon-button-arrow\"><\/i><\/a>\n\t\t<\/div> \n\t<\/div>\n\t<\/div> \n<\/div><\/div>\n\t\t\t<\/div> \n\t\t<\/div>\n\t<\/div> \n<\/div><\/div>","protected":false},"excerpt":{"rendered":"Le 8 novembre \u00e0 Rome, une manifestation conjointe de la CGIL, de la CISL et de l&#039;UIL aura lieu. La CISL de Ferrare sera pr\u00e9sente aux c\u00f4t\u00e9s de la fonction publique et des \u00e9coles pour faire entendre la voix des fonctionnaires. Salaires\u2026","protected":false},"author":1,"featured_media":0,"parent":0,"menu_order":0,"comment_status":"closed","ping_status":"closed","template":"","meta":{"footnotes":""},"class_list":["post-74","page","type-page","status-publish"],"_links":{"self":[{"href":"https:\/\/www.cislferrara.it\/fr\/wp-json\/wp\/v2\/pages\/74","targetHints":{"allow":["GET"]}}],"collection":[{"href":"https:\/\/www.cislferrara.it\/fr\/wp-json\/wp\/v2\/pages"}],"about":[{"href":"https:\/\/www.cislferrara.it\/fr\/wp-json\/wp\/v2\/types\/page"}],"author":[{"embeddable":true,"href":"https:\/\/www.cislferrara.it\/fr\/wp-json\/wp\/v2\/users\/1"}],"replies":[{"embeddable":true,"href":"https:\/\/www.cislferrara.it\/fr\/wp-json\/wp\/v2\/comments?post=74"}],"version-history":[{"count":9,"href":"https:\/\/www.cislferrara.it\/fr\/wp-json\/wp\/v2\/pages\/74\/revisions"}],"predecessor-version":[{"id":5419,"href":"https:\/\/www.cislferrara.it\/fr\/wp-json\/wp\/v2\/pages\/74\/revisions\/5419"}],"wp:attachment":[{"href":"https:\/\/www.cislferrara.it\/fr\/wp-json\/wp\/v2\/media?parent=74"}],"curies":[{"name":"wp","href":"https:\/\/api.w.org\/{rel}","templated":true}]}}