{"id":61,"date":"2014-09-04T10:21:43","date_gmt":"2014-09-04T08:21:43","guid":{"rendered":"http:\/\/www.cislferrara.it\/?page_id=61"},"modified":"2025-07-15T09:17:55","modified_gmt":"2025-07-15T07:17:55","slug":"fnp","status":"publish","type":"page","link":"https:\/\/www.cislferrara.it\/fr\/fnp\/","title":{"rendered":"FNP"},"content":{"rendered":"<div id=\"fws_69f354e5d8a9c\"  data-column-margin=\"default\" data-midnight=\"dark\" data-top-percent=\"4%\"  class=\"wpb_row vc_row-fluid vc_row  top_padding_tablet_8pct bottom_padding_tablet_8pct\"  style=\"padding-top: calc(100vw * 0.04); padding-bottom: 0px; \"><div class=\"row-bg-wrap\" data-bg-animation=\"none\" data-bg-animation-delay=\"\" data-bg-overlay=\"false\"><div class=\"inner-wrap row-bg-layer\" ><div class=\"row-bg viewport-desktop\"  style=\"\"><\/div><\/div><\/div><div class=\"row_col_wrap_12 col span_12 dark left\">\n\t<div  class=\"vc_col-sm-2\/5 vc_col-xs-12 wpb_column column_container vc_column_container col no-extra-padding right_margin_tablet_auto right_margin_phone_auto left_margin_tablet_auto left_margin_phone_auto inherit_tablet inherit_phone max_width_tablet_600px max_width_phone_420px\"  data-padding-pos=\"all\" data-has-bg-color=\"false\" data-bg-color=\"\" data-bg-opacity=\"1\" data-animation=\"\" data-delay=\"0\" >\n\t\t<div class=\"vc_column-inner\" >\n\t\t\t<div class=\"wpb_wrapper\">\n\t\t\t\t<div id=\"fws_69f354e5da6c0\" data-midnight=\"\" data-column-margin=\"default\" class=\"wpb_row vc_row-fluid vc_row inner_row\"  style=\"\"><div class=\"row-bg-wrap\"> <div class=\"row-bg\" ><\/div> <\/div><div class=\"row_col_wrap_12_inner col span_12  left\">\n\t<div  class=\"vc_col-sm-12 wpb_column column_container vc_column_container col child_column no-extra-padding inherit_tablet inherit_phone\"   data-padding-pos=\"all\" data-has-bg-color=\"false\" data-bg-color=\"\" data-bg-opacity=\"1\" data-animation=\"\" data-delay=\"0\" >\n\t\t<div class=\"vc_column-inner\" >\n\t\t<div class=\"wpb_wrapper\">\n\t\t\t<div class=\"img-with-aniamtion-wrap center\" data-max-width=\"100%\" data-max-width-mobile=\"default\" data-shadow=\"none\" data-animation=\"none\" >\n      <div class=\"inner\">\n        <div class=\"hover-wrap\"> \n          <div class=\"hover-wrap-inner\">\n            <img loading=\"lazy\" decoding=\"async\" class=\"img-with-animation skip-lazy\" data-delay=\"0\" height=\"250\" width=\"500\" data-animation=\"none\" src=\"https:\/\/www.cislferrara.it\/wp-content\/uploads\/2014\/09\/fnp-cisl.jpg\" alt=\"\" srcset=\"https:\/\/www.cislferrara.it\/wp-content\/uploads\/2014\/09\/fnp-cisl.jpg 500w, https:\/\/www.cislferrara.it\/wp-content\/uploads\/2014\/09\/fnp-cisl-300x150.jpg 300w\" sizes=\"auto, (max-width: 500px) 100vw, 500px\" \/>\n          <\/div>\n        <\/div>\n        \n      <\/div>\n    <\/div>\n\t\t<\/div> \n\t<\/div>\n\t<\/div> \n<\/div><\/div>\n\t\t\t<\/div> \n\t\t<\/div>\n\t<\/div> \n\n\t<div style=\"z-index: 100; \" class=\"vc_col-sm-3\/5 vc_col-xs-12 wpb_column column_container vc_column_container col padding-3-percent max_width_desktop_1000px top_margin_tablet_40px right_margin_tablet_auto right_margin_phone_auto left_margin_tablet_auto left_margin_phone_auto no-extra-padding_tablet no-extra-padding_phone max_width_tablet_600px max_width_phone_420px\"  data-padding-pos=\"left\" data-has-bg-color=\"false\" data-bg-color=\"\" data-bg-opacity=\"1\" data-animation=\"\" data-delay=\"0\" >\n\t\t<div class=\"vc_column-inner\" >\n\t\t\t<div class=\"wpb_wrapper\">\n\t\t\t\t<div id=\"fws_69f354e5dd9e2\" data-midnight=\"\" data-column-margin=\"40px\" class=\"wpb_row vc_row-fluid vc_row inner_row\"  style=\"\"><div class=\"row-bg-wrap\"> <div class=\"row-bg\" ><\/div> <\/div><div class=\"row_col_wrap_12_inner col span_12  left\">\n\t<div  class=\"vc_col-sm-12 wpb_column column_container vc_column_container col child_column has-animation no-extra-padding inherit_tablet inherit_phone\"   data-padding-pos=\"all\" data-has-bg-color=\"false\" data-bg-color=\"\" data-bg-opacity=\"1\" data-animation=\"fade-in-from-bottom\" data-delay=\"0\" >\n\t\t<div class=\"vc_column-inner\" >\n\t\t<div class=\"wpb_wrapper\">\n\t\t\t\n<div class=\"wpb_text_column wpb_content_element  vc_custom_1736782536815\" >\n\t<h3>F\u00e9d\u00e9ration nationale des retrait\u00e9s<\/h3>\n<\/div>\n\n\n\n\n<div class=\"wpb_text_column wpb_content_element\" >\n\t<p>C&#039;est la cat\u00e9gorie qui repr\u00e9sente et prot\u00e8ge tous les retrait\u00e9s, de tous les secteurs.<\/p>\n<p>Le FNP, en plus du\u00a0<strong>protection syndicale<\/strong>,\u00a0<strong>contractuel et contentieux<\/strong>, tant au niveau national qu&#039;envers les institutions locales (municipalit\u00e9s, provinces, r\u00e9gions, entreprises de sant\u00e9 et de transport, etc.) offre une large gamme\u00a0<strong>r\u00e9seau de services<\/strong>\u00a0et de \u00ab secr\u00e9tariat social \u00bb en collaboration avec le\u00a0<strong>M\u00e9c\u00e9nat d&#039;assistance Inas<\/strong>, avec les cat\u00e9gories de travailleurs, les syndicats du territoire et les associations de protection promues par le\u00a0<strong>CISL<\/strong>.<\/p>\n<\/div>\n\n\n\n<div class=\"img-with-aniamtion-wrap\" data-max-width=\"100%\" data-max-width-mobile=\"default\" data-shadow=\"none\" data-animation=\"none\" >\n      <div class=\"inner\">\n        <div class=\"hover-wrap\"> \n          <div class=\"hover-wrap-inner\">\n            <a href=\"https:\/\/www.cislferrara.it\/wp-content\/uploads\/2014\/12\/fnp-pensionati.jpg\" class=\"pp\">\n              <img loading=\"lazy\" decoding=\"async\" class=\"img-with-animation skip-lazy\" data-delay=\"0\" height=\"190\" width=\"300\" data-animation=\"none\" src=\"https:\/\/www.cislferrara.it\/wp-content\/uploads\/2014\/12\/fnp-pensionati.jpg\" alt=\"\"  \/>\n            <\/a>\n          <\/div>\n        <\/div>\n         \n      <\/div>\n      <\/div>\n\t\t<\/div> \n\t<\/div>\n\t<\/div> \n<\/div><\/div>\n\t\t\t<\/div> \n\t\t<\/div>\n\t<\/div> \n<\/div><\/div>\n\t\t<div id=\"fws_69f354e5e0670\"  data-column-margin=\"default\" data-midnight=\"dark\" data-bottom-percent=\"1%\"  class=\"wpb_row vc_row-fluid vc_row full-width-section\"  style=\"padding-top: 0px; padding-bottom: calc(100vw * 0.01); \"><div class=\"row-bg-wrap\" data-bg-animation=\"none\" data-bg-animation-delay=\"\" data-bg-overlay=\"false\"><div class=\"inner-wrap row-bg-layer\" ><div class=\"row-bg viewport-desktop\"  style=\"\"><\/div><\/div><\/div><div class=\"row_col_wrap_12 col span_12 dark left\">\n\t<div  class=\"vc_col-sm-12 wpb_column column_container vc_column_container col no-extra-padding inherit_tablet inherit_phone\"  data-padding-pos=\"all\" data-has-bg-color=\"false\" data-bg-color=\"\" data-bg-opacity=\"1\" data-animation=\"\" data-delay=\"0\" >\n\t\t<div class=\"vc_column-inner\" >\n\t\t\t<div class=\"wpb_wrapper\">\n\t\t\t\t<div class=\"owl-carousel\" data-enable-animation=\"\" data-loop=\"false\"  data-animation-delay=\"0\" data-autorotate=\"\" data-autorotation-speed=\"5000\" data-column-padding=\"20px\" data-desktop-cols=\"4\" data-desktop-small-cols=\"4\" data-tablet-cols=\"2\" data-mobile-cols=\"1\"><div class=\"carousel-item\"><div class=\"team-member\" data-style=\"meta_below\"><img decoding=\"async\" alt=\"\" src=\"https:\/\/www.cislferrara.it\/wp-content\/uploads\/2025\/01\/cisl-ferrara-team-generico.jpg\" title=\"FNP\" \/><h4 class=\"light\">FNP<\/h4><div class=\"position\">Administration<\/div><p class=\"description\">T\u00e9l. : 0532.770354<br \/>\nE-mail : pensionati.ferrara@cisl.it<\/p><\/div><\/div><div class=\"carousel-item\"><div class=\"team-member\" data-style=\"meta_below\"><img decoding=\"async\" alt=\"\" src=\"https:\/\/www.cislferrara.it\/wp-content\/uploads\/2025\/01\/checchinato-romeo-fnp-cisl.jpg\" title=\"Checchinato Romeo\" \/><h4 class=\"light\">Checchinato Romeo<\/h4><div class=\"position\">Secr\u00e9taire g\u00e9n\u00e9ral<\/div><p class=\"description\">T\u00e9l\u00e9phone : 0532.770354<br \/>\nMobile : 329.4842776<br \/>\nCourriel : r.checchinato@cisl.it<\/p><\/div><\/div><div class=\"carousel-item\"><div class=\"team-member\" data-style=\"meta_below\"><img decoding=\"async\" alt=\"\" src=\"https:\/\/www.cislferrara.it\/wp-content\/uploads\/2025\/01\/barca-maria-fnp-cisl.jpg\" title=\"Bateau Maria Pia\" \/><h4 class=\"light\">Bateau Maria Pia<\/h4><div class=\"position\">Secr\u00e9tariat<\/div><p class=\"description\">T\u00e9l\u00e9phone : 0532.770354<br \/>\nCourriel : mp.barca@cisl.it<\/p><\/div><\/div><div class=\"carousel-item\"><div class=\"team-member\" data-style=\"meta_below\"><img decoding=\"async\" alt=\"\" src=\"https:\/\/www.cislferrara.it\/wp-content\/uploads\/2025\/01\/faggioli-marco-fnp-cisl.jpg\" title=\"Haricots Marco\" \/><h4 class=\"light\">Haricots Marco<\/h4><div class=\"position\">Secr\u00e9tariat<\/div><p class=\"description\">T\u00e9l\u00e9phone : 0532.770354<br \/>\nMobile : 324.0830981<br \/>\nCourriel : m.faggioli@cisl.it<\/p><\/div><\/div><\/div>\n\t\t\t<\/div> \n\t\t<\/div>\n\t<\/div> \n<\/div><\/div>\n\t\t<div id=\"fws_69f354e5edd4c\"  data-column-margin=\"default\" data-midnight=\"dark\" data-top-percent=\"2%\" data-bottom-percent=\"2%\"  class=\"wpb_row vc_row-fluid vc_row full-width-section\"  style=\"padding-top: calc(100vw * 0.02); padding-bottom: calc(100vw * 0.02); \"><div class=\"row-bg-wrap\" data-bg-animation=\"none\" data-bg-animation-delay=\"\" data-bg-overlay=\"false\"><div class=\"inner-wrap row-bg-layer\" ><div class=\"row-bg viewport-desktop using-bg-color\"  style=\"background-color: rgba(1,102,72,0.06); \"><\/div><\/div><\/div><div class=\"row_col_wrap_12 col span_12 dark center\">\n\t<div  class=\"vc_col-sm-12 wpb_column column_container vc_column_container col centered-text no-extra-padding inherit_tablet inherit_phone\"  data-padding-pos=\"all\" data-has-bg-color=\"false\" data-bg-color=\"\" data-bg-opacity=\"1\" data-animation=\"\" data-delay=\"0\" >\n\t\t<div class=\"vc_column-inner\" >\n\t\t\t<div class=\"wpb_wrapper\">\n\t\t\t\t<div id=\"fws_69f354e5ee6d2\" data-midnight=\"\" data-column-margin=\"default\" class=\"wpb_row vc_row-fluid vc_row inner_row\"  style=\"padding-top: 20px; \"><div class=\"row-bg-wrap\"> <div class=\"row-bg\" ><\/div> <\/div><div class=\"row_col_wrap_12_inner col span_12  center\">\n\t<div  class=\"vc_col-sm-3 wpb_column column_container vc_column_container col child_column centered-text padding-3-percent inherit_tablet inherit_phone\"   data-padding-pos=\"all\" data-has-bg-color=\"false\" data-bg-color=\"\" data-bg-opacity=\"1\" data-animation=\"\" data-delay=\"0\" >\n\t\t<div class=\"vc_column-inner\" >\n\t\t<div class=\"wpb_wrapper\">\n\t\t\t\n<div class=\"wpb_text_column wpb_content_element  wpb_animate_when_almost_visible wpb_fadeInUp fadeInUp vc_custom_1752563895056\" >\n\t<h4><strong><a href=\"https:\/\/www.cislferrara.it\/wp-content\/uploads\/2025\/07\/4_Elenco-recapiti-2025.pdf\" target=\"_blank\" rel=\"noopener\">Liste de contacts<\/a><\/strong><\/h4>\n<\/div>\n\n\n\n\n\t\t<\/div> \n\t<\/div>\n\t<\/div> \n\n\t<div  class=\"vc_col-sm-3 wpb_column column_container vc_column_container col child_column centered-text padding-3-percent inherit_tablet inherit_phone\"   data-padding-pos=\"all\" data-has-bg-color=\"false\" data-bg-color=\"\" data-bg-opacity=\"1\" data-animation=\"\" data-delay=\"0\" >\n\t\t<div class=\"vc_column-inner\" >\n\t\t<div class=\"wpb_wrapper\">\n\t\t\t\n<div class=\"wpb_text_column wpb_content_element  wpb_animate_when_almost_visible wpb_fadeInUp fadeInUp vc_custom_1752563952724\" >\n\t<h4><strong><a href=\"https:\/\/www.cislferrara.it\/wp-content\/uploads\/2024\/03\/Convenzioni-Fnp-2024.pdf\" target=\"_blank\" rel=\"noopener\">Accords des retrait\u00e9s de la CISL 2025<\/a><\/strong><\/h4>\n<\/div>\n\n\n\n\n\t\t<\/div> \n\t<\/div>\n\t<\/div> \n\n\t<div  class=\"vc_col-sm-3 wpb_column column_container vc_column_container col child_column centered-text padding-3-percent inherit_tablet inherit_phone\"   data-padding-pos=\"all\" data-has-bg-color=\"false\" data-bg-color=\"\" data-bg-opacity=\"1\" data-animation=\"\" data-delay=\"0\" >\n\t\t<div class=\"vc_column-inner\" >\n\t\t<div class=\"wpb_wrapper\">\n\t\t\t\n<div class=\"wpb_text_column wpb_content_element  wpb_animate_when_almost_visible wpb_fadeInUp fadeInUp vc_custom_1752563945933\" >\n\t<h4><strong><a href=\"https:\/\/www.cislferrara.it\/wp-content\/uploads\/2025\/07\/19.03.2025_Bonus-2025.pdf\" target=\"_blank\" rel=\"noopener\">Bonus 2025<\/a><\/strong><\/h4>\n<\/div>\n\n\n\n\n\t\t<\/div> \n\t<\/div>\n\t<\/div> \n\n\t<div  class=\"vc_col-sm-3 wpb_column column_container vc_column_container col child_column padding-3-percent inherit_tablet inherit_phone\"   data-padding-pos=\"all\" data-has-bg-color=\"false\" data-bg-color=\"\" data-bg-opacity=\"1\" data-animation=\"\" data-delay=\"0\" >\n\t\t<div class=\"vc_column-inner\" >\n\t\t<div class=\"wpb_wrapper\">\n\t\t\t\n<div class=\"wpb_text_column wpb_content_element  wpb_animate_when_almost_visible wpb_fadeInUp fadeInUp vc_custom_1736782914001\" >\n\t<h4><strong><a href=\"https:\/\/www.cislferrara.it\/wp-content\/uploads\/2023\/10\/ferrraraBilancioFNP.pdf\" target=\"_blank\" rel=\"noopener\">Budget de la mission<\/a><\/strong><\/h4>\n<\/div>\n\n\n\n\n\t\t<\/div> \n\t<\/div>\n\t<\/div> \n<\/div><\/div>\n\t\t\t<\/div> \n\t\t<\/div>\n\t<\/div> \n<\/div><\/div>\n\t\t<div id=\"fws_69f354e5f05fa\"  data-column-margin=\"default\" data-midnight=\"dark\" data-top-percent=\"1%\" data-bottom-percent=\"6%\"  class=\"wpb_row vc_row-fluid vc_row full-width-section\"  style=\"padding-top: calc(100vw * 0.01); padding-bottom: calc(100vw * 0.06); \"><div class=\"row-bg-wrap\" data-bg-animation=\"none\" data-bg-animation-delay=\"\" data-bg-overlay=\"false\"><div class=\"inner-wrap row-bg-layer\" ><div class=\"row-bg viewport-desktop\"  style=\"\"><\/div><\/div><\/div><div class=\"row_col_wrap_12 col span_12 dark left\">\n\t<div  class=\"vc_col-sm-12 wpb_column column_container vc_column_container col no-extra-padding inherit_tablet inherit_phone\"  data-padding-pos=\"all\" data-has-bg-color=\"false\" data-bg-color=\"\" data-bg-opacity=\"1\" data-animation=\"\" data-delay=\"0\" >\n\t\t<div class=\"vc_column-inner\" >\n\t\t\t<div class=\"wpb_wrapper\">\n\t\t\t\t<div id=\"fws_69f354e5f0ed9\" data-midnight=\"\" data-column-margin=\"default\" class=\"wpb_row vc_row-fluid vc_row inner_row\"  style=\"padding-bottom: 50px; \"><div class=\"row-bg-wrap\"> <div class=\"row-bg\" ><\/div> <\/div><div class=\"row_col_wrap_12_inner col span_12  left\">\n\t<div  class=\"vc_col-sm-12 wpb_column column_container vc_column_container col child_column centered-text no-extra-padding inherit_tablet inherit_phone\"   data-padding-pos=\"all\" data-has-bg-color=\"false\" data-bg-color=\"\" data-bg-opacity=\"1\" data-animation=\"\" data-delay=\"0\" >\n\t\t<div class=\"vc_column-inner\" >\n\t\t<div class=\"wpb_wrapper\">\n\t\t\t\n<div class=\"wpb_text_column wpb_content_element\" >\n\t<h3>Derni\u00e8res nouvelles<\/h3>\n<\/div>\n\n\n\n\n\t\t<\/div> \n\t<\/div>\n\t<\/div> \n<\/div><\/div><div id=\"fws_69f354e5f179e\" data-midnight=\"\" data-column-margin=\"default\" class=\"wpb_row vc_row-fluid vc_row inner_row  vc_custom_1504236091614\"  style=\"\"><div class=\"row-bg-wrap\"> <div class=\"row-bg\" ><\/div> <\/div><div class=\"row_col_wrap_12_inner col span_12  left\">\n\t<div  class=\"vc_col-sm-12 wpb_column column_container vc_column_container col child_column no-extra-padding inherit_tablet inherit_phone\"   data-padding-pos=\"all\" data-has-bg-color=\"false\" data-bg-color=\"\" data-bg-opacity=\"1\" data-animation=\"\" data-delay=\"0\" >\n\t\t<div class=\"vc_column-inner\" >\n\t\t<div class=\"wpb_wrapper\">\n\t\t\t<div class='nectar-post-grid-wrap text-color-dark spacing-25px' data-el-settings='{\"post_type\":\"post\",\"pagination\":\"none\",\"image_size\":\"large\",\"parallax_scrolling\":\"\",\"aspect_ratio_image_size\":\"\",\"category_position\":\"default\",\"category_display\":\"default\",\"display_categories\":\"yes\",\"display_excerpt\":\"yes\",\"excerpt_length\":\"20\",\"content_next_to_image_excerpt_pos\":\"default\",\"display_date\":\"yes\",\"display_estimated_reading_time\":\"0\",\"display_author\":\"0\",\"author_functionality\":\"default\",\"author_position\":\"default\",\"color_overlay\":\"\",\"color_overlay_opacity\":\"\",\"color_overlay_hover_opacity\":\"\",\"card_bg_color\":\"\",\"grid_style\":\"content_under_image\",\"hover_effect\":\"zoom\",\"post_title_overlay\":\"\",\"heading_tag\":\"default\",\"heading_tag_render\":\"default\",\"enable_gallery_lightbox\":\"0\",\"remove_links\":\"0\",\"category_style\":\"underline\",\"overlay_secondary_project_image\":\"\",\"vertical_list_hover_effect\":\"none\",\"vertical_list_read_more\":\"\",\"vertical_list_read_more_style\":\"text\",\"read_more_button\":\"0\",\"animation\":\"none\",\"custom_fields\":\"\",\"custom_fields_location\":\"before_post_meta\",\"display_type\":\"grid\",\"text_content_layout\":\"top_left\"}' data-style='content_under_image' data-query='{\"post_type\":\"post\",\"posts_per_page\":\"6\",\"order\":\"DESC\",\"orderby\":\"date\",\"offset\":\"0\",\"cpt_name\":\"post\",\"custom_query_tax\":\"\",\"ignore_sticky_posts\":\"\",\"exclude_current_post\":\"\"}' data-load-more-color='black' data-load-more-text='Load More'><div class=\"nectar-post-grid-filters\" data-active-color=\"default\" data-align=\"default\" data-animation=\"none\" data-sortable=\"\"><div><a href=\"#\" data-filter=\"fnp\" data-total-count=\"55\">FNP<\/a><\/div><\/div><div class=\"nectar-post-grid category-position-before-title\" data-indicator=\"\" data-indicator-style=\"default\" data-indicator-text-color=\"#fff\" data-indicator-color=\"#000\" data-indicator-text=\"View\" data-masonry=\"yes\" data-columns=\"4\" data-hover-effect=\"zoom\" data-text-style=\"default\" data-border-radius=\"5px\" data-grid-item-height=\"30vh\" data-grid-spacing=\"25px\" data-text-layout=\"top_left\" data-text-color=\"dark\" data-text-hover-color=\"dark\" data-shadow-hover=\"\" data-animation=\"none\" data-animation-stagger=\"90\" data-cat-click=\"default\"  data-lock-aspect=\"\"  data-text-align=\"left\" data-card=\"\" style=\"--post-grid-border-radius:5px;\" ><div class=\"nectar-post-grid-item\" data-post-id=\"5642\" data-has-img=\"true\"> <div class=\"inner\"><div class=\"nectar-post-grid-item-bg-wrap\"><div class=\"nectar-post-grid-item-bg-wrap-inner\"><div class=\"nectar-post-grid-item-bg\"><img loading=\"lazy\" decoding=\"async\" width=\"1024\" height=\"760\" src=\"https:\/\/www.cislferrara.it\/wp-content\/uploads\/2025\/12\/Banner-sogni-infranti-1024x760.png\" class=\"attachment-large size-large wp-post-image\" alt=\"\" srcset=\"https:\/\/www.cislferrara.it\/wp-content\/uploads\/2025\/12\/Banner-sogni-infranti-1024x760.png 1024w, https:\/\/www.cislferrara.it\/wp-content\/uploads\/2025\/12\/Banner-sogni-infranti-300x223.png 300w, https:\/\/www.cislferrara.it\/wp-content\/uploads\/2025\/12\/Banner-sogni-infranti-768x570.png 768w, https:\/\/www.cislferrara.it\/wp-content\/uploads\/2025\/12\/Banner-sogni-infranti-1536x1140.png 1536w, https:\/\/www.cislferrara.it\/wp-content\/uploads\/2025\/12\/Banner-sogni-infranti-16x12.png 16w, https:\/\/www.cislferrara.it\/wp-content\/uploads\/2025\/12\/Banner-sogni-infranti.png 1654w\" sizes=\"auto, (max-width: 1024px) 100vw, 1024px\" \/><\/div><\/div><\/div><div class=\"content\"><a class=\"nectar-post-grid-link\" href=\"https:\/\/www.cislferrara.it\/fr\/sogni-infranti-e-silenzi-rotti\/\" ><span class=\"screen-reader-text\">R\u00eaves bris\u00e9s et silences rompus<\/span><\/a><span class=\"meta-category\"><a class=\"cisl-ferrara style-underline\" href=\"https:\/\/www.cislferrara.it\/fr\/category\/cisl-ferrara\/\">Cisl Ferrare<\/a><a class=\"coordinamento-donne style-underline\" href=\"https:\/\/www.cislferrara.it\/fr\/category\/coordinamento-donne\/\">COORDINATION DES FEMMES<\/a><a class=\"fnp style-underline\" href=\"https:\/\/www.cislferrara.it\/fr\/category\/fnp\/\">FNP<\/a><\/span><div class=\"item-main\"><h3 class=\"post-heading\"><span>R\u00eaves bris\u00e9s et silences rompus<\/span><\/h3><div class=\"nectar-post-grid-item__excerpt-wrap item-meta-extra\"><span class=\"meta-excerpt\">Le 25 novembre 2025, Journ\u00e9e internationale pour l\u2019\u00e9limination de la violence fond\u00e9e sur le genre, la Coordination\u2026<\/span><\/div><span class=\"nectar-post-grid-item__meta-wrap\"><span class=\"meta-date\">4 d\u00e9cembre 2025<\/span><\/span><\/div><\/div><\/div><\/div><div class=\"nectar-post-grid-item\" data-post-id=\"5517\" data-has-img=\"true\"> <div class=\"inner\"><div class=\"nectar-post-grid-item-bg-wrap\"><div class=\"nectar-post-grid-item-bg-wrap-inner\"><div class=\"nectar-post-grid-item-bg\"><img loading=\"lazy\" decoding=\"async\" width=\"1024\" height=\"681\" src=\"https:\/\/www.cislferrara.it\/wp-content\/uploads\/2025\/07\/PENS-1024x681.jpg\" class=\"attachment-large size-large wp-post-image\" alt=\"\" srcset=\"https:\/\/www.cislferrara.it\/wp-content\/uploads\/2025\/07\/PENS-1024x681.jpg 1024w, https:\/\/www.cislferrara.it\/wp-content\/uploads\/2025\/07\/PENS-300x200.jpg 300w, https:\/\/www.cislferrara.it\/wp-content\/uploads\/2025\/07\/PENS-768x511.jpg 768w, https:\/\/www.cislferrara.it\/wp-content\/uploads\/2025\/07\/PENS-18x12.jpg 18w, https:\/\/www.cislferrara.it\/wp-content\/uploads\/2025\/07\/PENS-900x600.jpg 900w, https:\/\/www.cislferrara.it\/wp-content\/uploads\/2025\/07\/PENS.jpg 1414w\" sizes=\"auto, (max-width: 1024px) 100vw, 1024px\" \/><\/div><\/div><\/div><div class=\"content\"><a class=\"nectar-post-grid-link\" href=\"https:\/\/www.cislferrara.it\/fr\/apre-una-nuova-sede-dei-pensionati-cisl\/\" ><span class=\"screen-reader-text\">OUVERTURE D&#039;UN NOUVEAU BUREAU DES RETRAIT\u00c9S DE LA CISL<\/span><\/a><span class=\"meta-category\"><a class=\"avvisi style-underline\" href=\"https:\/\/www.cislferrara.it\/fr\/category\/avvisi\/\">Avis<\/a><a class=\"cisl-ferrara style-underline\" href=\"https:\/\/www.cislferrara.it\/fr\/category\/cisl-ferrara\/\">Cisl Ferrare<\/a><a class=\"fnp style-underline\" href=\"https:\/\/www.cislferrara.it\/fr\/category\/fnp\/\">FNP<\/a><\/span><div class=\"item-main\"><h3 class=\"post-heading\"><span>OUVERTURE D&#039;UN NOUVEAU BUREAU DES RETRAIT\u00c9S DE LA CISL<\/span><\/h3><div class=\"nectar-post-grid-item__excerpt-wrap item-meta-extra\"><span class=\"meta-excerpt\">OUVERTURE DU NOUVEAU BUREAU DES RETRAIT\u00c9S DE LA CISL \u00c0 LA PAROISSE DE SANT&#039;AGOSTINO, VIA MAMBRO, 96 MARDI...<\/span><\/div><span class=\"nectar-post-grid-item__meta-wrap\"><span class=\"meta-date\">15 juillet 2025<\/span><\/span><\/div><\/div><\/div><\/div><div class=\"nectar-post-grid-item\" data-post-id=\"3612\" data-has-img=\"true\"> <div class=\"inner\"><div class=\"nectar-post-grid-item-bg-wrap\"><div class=\"nectar-post-grid-item-bg-wrap-inner\"><div class=\"nectar-post-grid-item-bg\"><img loading=\"lazy\" decoding=\"async\" width=\"350\" height=\"200\" src=\"https:\/\/www.cislferrara.it\/wp-content\/uploads\/2014\/09\/CISL-FNP.jpg\" class=\"attachment-large size-large wp-post-image\" alt=\"\" srcset=\"https:\/\/www.cislferrara.it\/wp-content\/uploads\/2014\/09\/CISL-FNP.jpg 350w, https:\/\/www.cislferrara.it\/wp-content\/uploads\/2014\/09\/CISL-FNP-300x171.jpg 300w\" sizes=\"auto, (max-width: 350px) 100vw, 350px\" \/><\/div><\/div><\/div><div class=\"content\"><a class=\"nectar-post-grid-link\" href=\"https:\/\/www.cislferrara.it\/fr\/cisl-notizie\/\" ><span class=\"screen-reader-text\">ACTUALIT\u00c9S CISL<\/span><\/a><span class=\"meta-category\"><a class=\"fnp style-underline\" href=\"https:\/\/www.cislferrara.it\/fr\/category\/fnp\/\">FNP<\/a><\/span><div class=\"item-main\"><h3 class=\"post-heading\"><span>ACTUALIT\u00c9S CISL<\/span><\/h3><div class=\"nectar-post-grid-item__excerpt-wrap item-meta-extra\"><span class=\"meta-excerpt\">T\u00e9l\u00e9chargez le journal FNP CISL FERRARA ! &nbsp;<\/span><\/div><span class=\"nectar-post-grid-item__meta-wrap\"><span class=\"meta-date\">3 d\u00e9cembre 2020<\/span><\/span><\/div><\/div><\/div><\/div><div class=\"nectar-post-grid-item\" data-post-id=\"3423\" data-has-img=\"true\"> <div class=\"inner\"><div class=\"nectar-post-grid-item-bg-wrap\"><div class=\"nectar-post-grid-item-bg-wrap-inner\"><div class=\"nectar-post-grid-item-bg\"><img loading=\"lazy\" decoding=\"async\" width=\"864\" height=\"480\" src=\"https:\/\/www.cislferrara.it\/wp-content\/uploads\/2020\/04\/Ragazzini-864x480.png\" class=\"attachment-large size-large wp-post-image\" alt=\"\" srcset=\"https:\/\/www.cislferrara.it\/wp-content\/uploads\/2020\/04\/Ragazzini-864x480.png 864w, https:\/\/www.cislferrara.it\/wp-content\/uploads\/2020\/04\/Ragazzini-864x480-300x167.png 300w, https:\/\/www.cislferrara.it\/wp-content\/uploads\/2020\/04\/Ragazzini-864x480-768x427.png 768w\" sizes=\"auto, (max-width: 864px) 100vw, 864px\" \/><\/div><\/div><\/div><div class=\"content\"><a class=\"nectar-post-grid-link\" href=\"https:\/\/www.cislferrara.it\/fr\/storia-della-cisl-piero-ragazzini\/\" ><span class=\"screen-reader-text\">Histoire du Cisl : Piero Ragazzini<\/span><\/a><span class=\"meta-category\"><a class=\"fnp style-underline\" href=\"https:\/\/www.cislferrara.it\/fr\/category\/fnp\/\">FNP<\/a><\/span><div class=\"item-main\"><h3 class=\"post-heading\"><span>Histoire du Cisl : Piero Ragazzini<\/span><\/h3><div class=\"nectar-post-grid-item__excerpt-wrap item-meta-extra\"><span class=\"meta-excerpt\">La pertinence des propos de Piero Ragazzini, aujourd&#039;hui secr\u00e9taire g\u00e9n\u00e9ral du FNP CISL, prononc\u00e9s le 11 octobre 2013 au\u2026<\/span><\/div><span class=\"nectar-post-grid-item__meta-wrap\"><span class=\"meta-date\">29 avril 2020<\/span><\/span><\/div><\/div><\/div><\/div><div class=\"nectar-post-grid-item\" data-post-id=\"3417\" data-has-img=\"true\"> <div class=\"inner\"><div class=\"nectar-post-grid-item-bg-wrap\"><div class=\"nectar-post-grid-item-bg-wrap-inner\"><div class=\"nectar-post-grid-item-bg\"><img loading=\"lazy\" decoding=\"async\" width=\"272\" height=\"185\" src=\"https:\/\/www.cislferrara.it\/wp-content\/uploads\/2020\/04\/images-1.jpeg\" class=\"attachment-large size-large wp-post-image\" alt=\"\" \/><\/div><\/div><\/div><div class=\"content\"><a class=\"nectar-post-grid-link\" href=\"https:\/\/www.cislferrara.it\/fr\/storia-della-cisl-36esima-puntata-di-generazioni-tv\/\" ><span class=\"screen-reader-text\">Histoire de CISL : 36\u00e8me \u00e9pisode de Generazioni TV<\/span><\/a><span class=\"meta-category\"><a class=\"fnp style-underline\" href=\"https:\/\/www.cislferrara.it\/fr\/category\/fnp\/\">FNP<\/a><\/span><div class=\"item-main\"><h3 class=\"post-heading\"><span>Histoire de CISL : 36\u00e8me \u00e9pisode de Generazioni TV<\/span><\/h3><div class=\"nectar-post-grid-item__excerpt-wrap item-meta-extra\"><span class=\"meta-excerpt\">Aujourd&#039;hui, nous vous proposons \u00e0 nouveau le 36e \u00e9pisode de Generazioni TV publi\u00e9 le 17 juin 2019. Dans cet\u2026<\/span><\/div><span class=\"nectar-post-grid-item__meta-wrap\"><span class=\"meta-date\">21 avril 2020<\/span><\/span><\/div><\/div><\/div><\/div><div class=\"nectar-post-grid-item\" data-post-id=\"3414\" data-has-img=\"true\"> <div class=\"inner\"><div class=\"nectar-post-grid-item-bg-wrap\"><div class=\"nectar-post-grid-item-bg-wrap-inner\"><div class=\"nectar-post-grid-item-bg\"><img loading=\"lazy\" decoding=\"async\" width=\"600\" height=\"400\" src=\"https:\/\/www.cislferrara.it\/wp-content\/uploads\/2020\/04\/pierre_carniti_600x400.jpg\" class=\"attachment-large size-large wp-post-image\" alt=\"\" srcset=\"https:\/\/www.cislferrara.it\/wp-content\/uploads\/2020\/04\/pierre_carniti_600x400.jpg 600w, https:\/\/www.cislferrara.it\/wp-content\/uploads\/2020\/04\/pierre_carniti_600x400-300x200.jpg 300w\" sizes=\"auto, (max-width: 600px) 100vw, 600px\" \/><\/div><\/div><\/div><div class=\"content\"><a class=\"nectar-post-grid-link\" href=\"https:\/\/www.cislferrara.it\/fr\/storia-della-cislpierre-carniti\/\" ><span class=\"screen-reader-text\">Histoire du CISL : Pierre Carniti<\/span><\/a><span class=\"meta-category\"><a class=\"fnp style-underline\" href=\"https:\/\/www.cislferrara.it\/fr\/category\/fnp\/\">FNP<\/a><\/span><div class=\"item-main\"><h3 class=\"post-heading\"><span>Histoire du CISL : Pierre Carniti<\/span><\/h3><div class=\"nectar-post-grid-item__excerpt-wrap item-meta-extra\"><span class=\"meta-excerpt\">Dans la vid\u00e9o ci-jointe nous retra\u00e7ons l\u2019histoire de Pierre Carniti (1936-2018) Secr\u00e9taire G\u00e9n\u00e9ral du CISL depuis 1979\u2026<\/span><\/div><span class=\"nectar-post-grid-item__meta-wrap\"><span class=\"meta-date\">20 avril 2020<\/span><\/span><\/div><\/div><\/div><\/div><\/div><\/div>\n\t\t<\/div> \n\t<\/div>\n\t<\/div> \n<\/div><\/div><div id=\"fws_69f354e613e41\" data-midnight=\"\" data-column-margin=\"default\" class=\"wpb_row vc_row-fluid vc_row inner_row\"  style=\"\"><div class=\"row-bg-wrap\"> <div class=\"row-bg\" ><\/div> <\/div><div class=\"row_col_wrap_12_inner col span_12  left\">\n\t<div  class=\"vc_col-sm-12 wpb_column column_container vc_column_container col child_column centered-text no-extra-padding inherit_tablet inherit_phone\"   data-padding-pos=\"all\" data-has-bg-color=\"false\" data-bg-color=\"\" data-bg-opacity=\"1\" data-animation=\"\" data-delay=\"0\" >\n\t\t<div class=\"vc_column-inner\" >\n\t\t<div class=\"wpb_wrapper\">\n\t\t\t<a class=\"nectar-button large see-through m-extra-color-gradient-2 has-icon\"  role=\"button\" style=\"margin-top: 15px; \"  href=\"https:\/\/www.cislferrara.it\/fr\/archivio\/\" data-color-override=\"false\" data-hover-color-override=\"false\" data-hover-text-color-override=\"#fff\"><span>Lire toutes les actualit\u00e9s<\/span><i  class=\"icon-button-arrow\"><\/i><\/a>\n\t\t<\/div> \n\t<\/div>\n\t<\/div> \n<\/div><\/div>\n\t\t\t<\/div> \n\t\t<\/div>\n\t<\/div> \n<\/div><\/div>","protected":false},"excerpt":{"rendered":"Dans la vid\u00e9o ci-jointe, nous retra\u00e7ons le parcours de Pierre Carniti (1936-2018), secr\u00e9taire g\u00e9n\u00e9ral de la CISL de 1979 \u00e0 1985. Regarder la vid\u00e9o Retour aux actualit\u00e9s","protected":false},"author":1,"featured_media":0,"parent":0,"menu_order":0,"comment_status":"closed","ping_status":"closed","template":"","meta":{"footnotes":""},"class_list":["post-61","page","type-page","status-publish"],"_links":{"self":[{"href":"https:\/\/www.cislferrara.it\/fr\/wp-json\/wp\/v2\/pages\/61","targetHints":{"allow":["GET"]}}],"collection":[{"href":"https:\/\/www.cislferrara.it\/fr\/wp-json\/wp\/v2\/pages"}],"about":[{"href":"https:\/\/www.cislferrara.it\/fr\/wp-json\/wp\/v2\/types\/page"}],"author":[{"embeddable":true,"href":"https:\/\/www.cislferrara.it\/fr\/wp-json\/wp\/v2\/users\/1"}],"replies":[{"embeddable":true,"href":"https:\/\/www.cislferrara.it\/fr\/wp-json\/wp\/v2\/comments?post=61"}],"version-history":[{"count":9,"href":"https:\/\/www.cislferrara.it\/fr\/wp-json\/wp\/v2\/pages\/61\/revisions"}],"predecessor-version":[{"id":5514,"href":"https:\/\/www.cislferrara.it\/fr\/wp-json\/wp\/v2\/pages\/61\/revisions\/5514"}],"wp:attachment":[{"href":"https:\/\/www.cislferrara.it\/fr\/wp-json\/wp\/v2\/media?parent=61"}],"curies":[{"name":"wp","href":"https:\/\/api.w.org\/{rel}","templated":true}]}}