{"id":57,"date":"2014-09-04T10:21:02","date_gmt":"2014-09-04T08:21:02","guid":{"rendered":"http:\/\/www.cislferrara.it\/?page_id=57"},"modified":"2026-01-08T10:11:18","modified_gmt":"2026-01-08T09:11:18","slug":"cisl-scuola-ferrara","status":"publish","type":"page","link":"https:\/\/www.cislferrara.it\/fr\/cisl-scuola-ferrara\/","title":{"rendered":"\u00c9COLE CISL"},"content":{"rendered":"<div id=\"fws_69f052f921a3e\"  data-column-margin=\"default\" data-midnight=\"dark\" data-top-percent=\"4%\"  class=\"wpb_row vc_row-fluid vc_row  top_padding_tablet_8pct bottom_padding_tablet_8pct\"  style=\"padding-top: calc(100vw * 0.04); padding-bottom: 0px; \"><div class=\"row-bg-wrap\" data-bg-animation=\"none\" data-bg-animation-delay=\"\" data-bg-overlay=\"false\"><div class=\"inner-wrap row-bg-layer\" ><div class=\"row-bg viewport-desktop\"  style=\"\"><\/div><\/div><\/div><div class=\"row_col_wrap_12 col span_12 dark left\">\n\t<div  class=\"vc_col-sm-2\/5 vc_col-xs-12 wpb_column column_container vc_column_container col no-extra-padding right_margin_tablet_auto right_margin_phone_auto left_margin_tablet_auto left_margin_phone_auto inherit_tablet inherit_phone max_width_tablet_600px max_width_phone_420px flex_gap_desktop_10px\"  data-padding-pos=\"all\" data-has-bg-color=\"false\" data-bg-color=\"\" data-bg-opacity=\"1\" data-animation=\"\" data-delay=\"0\" >\n\t\t<div class=\"vc_column-inner\" >\n\t\t\t<div class=\"wpb_wrapper\">\n\t\t\t\t<div id=\"fws_69f052f922280\" data-midnight=\"\" data-column-margin=\"default\" class=\"wpb_row vc_row-fluid vc_row inner_row\"  style=\"\"><div class=\"row-bg-wrap\"> <div class=\"row-bg\" ><\/div> <\/div><div class=\"row_col_wrap_12_inner col span_12  left\">\n\t<div  class=\"vc_col-sm-12 wpb_column column_container vc_column_container col child_column no-extra-padding inherit_tablet inherit_phone flex_gap_desktop_10px\"   data-padding-pos=\"all\" data-has-bg-color=\"false\" data-bg-color=\"\" data-bg-opacity=\"1\" data-animation=\"\" data-delay=\"0\" >\n\t\t<div class=\"vc_column-inner\" >\n\t\t<div class=\"wpb_wrapper\">\n\t\t\t<div class=\"img-with-aniamtion-wrap center\" data-max-width=\"100%\" data-max-width-mobile=\"default\" data-shadow=\"none\" data-animation=\"none\" >\n      <div class=\"inner\">\n        <div class=\"hover-wrap\"> \n          <div class=\"hover-wrap-inner\">\n            <img loading=\"lazy\" decoding=\"async\" class=\"img-with-animation skip-lazy\" data-delay=\"0\" height=\"250\" width=\"500\" data-animation=\"none\" src=\"https:\/\/www.cislferrara.it\/wp-content\/uploads\/2014\/09\/scuola-cisl.jpg\" alt=\"\" srcset=\"https:\/\/www.cislferrara.it\/wp-content\/uploads\/2014\/09\/scuola-cisl.jpg 500w, https:\/\/www.cislferrara.it\/wp-content\/uploads\/2014\/09\/scuola-cisl-300x150.jpg 300w\" sizes=\"auto, (max-width: 500px) 100vw, 500px\" \/>\n          <\/div>\n        <\/div>\n        \n      <\/div>\n    <\/div>\n\t\t<\/div> \n\t<\/div>\n\t<\/div> \n<\/div><\/div>\n\t\t\t<\/div> \n\t\t<\/div>\n\t<\/div> \n\n\t<div style=\"z-index: 100; \" class=\"vc_col-sm-3\/5 vc_col-xs-12 wpb_column column_container vc_column_container col padding-3-percent max_width_desktop_1000px top_margin_tablet_40px right_margin_tablet_auto right_margin_phone_auto left_margin_tablet_auto left_margin_phone_auto no-extra-padding_tablet no-extra-padding_phone max_width_tablet_600px max_width_phone_420px flex_gap_desktop_10px\"  data-padding-pos=\"left\" data-has-bg-color=\"false\" data-bg-color=\"\" data-bg-opacity=\"1\" data-animation=\"\" data-delay=\"0\" >\n\t\t<div class=\"vc_column-inner\" >\n\t\t\t<div class=\"wpb_wrapper\">\n\t\t\t\t<div id=\"fws_69f052f923956\" data-midnight=\"\" data-column-margin=\"40px\" class=\"wpb_row vc_row-fluid vc_row inner_row\"  style=\"\"><div class=\"row-bg-wrap\"> <div class=\"row-bg\" ><\/div> <\/div><div class=\"row_col_wrap_12_inner col span_12  left\">\n\t<div  class=\"vc_col-sm-12 wpb_column column_container vc_column_container col child_column has-animation no-extra-padding inherit_tablet inherit_phone flex_gap_desktop_10px\"   data-padding-pos=\"all\" data-has-bg-color=\"false\" data-bg-color=\"\" data-bg-opacity=\"1\" data-animation=\"fade-in-from-bottom\" data-delay=\"0\" >\n\t\t<div class=\"vc_column-inner\" >\n\t\t<div class=\"wpb_wrapper\">\n\t\t\t\n<div class=\"wpb_text_column wpb_content_element  vc_custom_1736776507941\" >\n\t<h3>Syndicat scolaire du CISL<\/h3>\n<\/div>\n\n\n\n\n<div class=\"wpb_text_column wpb_content_element\" >\n\t<p>Cisl Scuola prot\u00e8ge et repr\u00e9sente tous les travailleurs de l&#039;\u00e9cole :<\/p>\n<ul>\n<li>personnel enseignant<\/li>\n<li>personnel \u00e9ducatif<\/li>\n<li>personnel de direction<\/li>\n<li>personnel administratif<\/li>\n<li>personnel technique et auxiliaire<\/li>\n<\/ul>\n<p>des \u00e9coles publiques et priv\u00e9es, ainsi que dans le domaine de la formation professionnelle.<\/p>\n<\/div>\n\n\n\n<div class=\"divider-wrap\" data-alignment=\"default\"><div style=\"height: 15px;\" class=\"divider\"><\/div><\/div><div class=\"nectar-cta  alignment_tablet_default alignment_phone_default display_tablet_inherit display_phone_inherit\" data-color=\"accent-color\" data-using-bg=\"true\" data-style=\"arrow-animation\" data-display=\"block\" data-alignment=\"left\" data-text-color=\"custom\" style=\"--nectar-text-color: #ffffff; --nectar-button-color: var(--nectar-accent-color); --nectar-icon-gap: 10px; \"><h5 style=\"color: #ffffff;\"><span class=\"link_wrap\" style=\"padding-top: 15px; padding-right: 35px; padding-bottom: 15px; padding-left: 35px;\"><a  class=\"link_text\" role=\"button\" href=\"https:\/\/cislscuolaferrara.it\/\"><span class=\"text\">Site Web de l&#039;\u00e9cole Cisl Ferrara<\/span><svg class=\"next-arrow\" aria-hidden=\"true\" width=\"20px\" height=\"25px\" viewbox=\"0 0 50 80\" xml:space=\"preserve\">\n  <polyline stroke=\"#ffffff\" stroke-width=\"9\" fill=\"none\" stroke-linecap=\"round\" stroke-linejoin=\"round\" points=\"0, 0 45, 40 0, 80\"\/>\n  <\/svg>  <span aria-hidden=\"true\" class=\"line\"  style=\"background-color: #ffffff;\"><\/span> <\/a><\/span><\/h5><\/div>\n\t\t<\/div> \n\t<\/div>\n\t<\/div> \n<\/div><\/div>\n\t\t\t<\/div> \n\t\t<\/div>\n\t<\/div> \n<\/div><\/div>\n\t\t<div id=\"fws_69f052f930970\"  data-column-margin=\"default\" data-midnight=\"dark\" data-bottom-percent=\"1%\"  class=\"wpb_row vc_row-fluid vc_row full-width-section\"  style=\"padding-top: 0px; padding-bottom: calc(100vw * 0.01); \"><div class=\"row-bg-wrap\" data-bg-animation=\"none\" data-bg-animation-delay=\"\" data-bg-overlay=\"false\"><div class=\"inner-wrap row-bg-layer\" ><div class=\"row-bg viewport-desktop\"  style=\"\"><\/div><\/div><\/div><div class=\"row_col_wrap_12 col span_12 dark left\">\n\t<div  class=\"vc_col-sm-12 wpb_column column_container vc_column_container col no-extra-padding inherit_tablet inherit_phone flex_gap_desktop_10px\"  data-padding-pos=\"all\" data-has-bg-color=\"false\" data-bg-color=\"\" data-bg-opacity=\"1\" data-animation=\"\" data-delay=\"0\" >\n\t\t<div class=\"vc_column-inner\" >\n\t\t\t<div class=\"wpb_wrapper\">\n\t\t\t\t<div class=\"owl-carousel\" data-enable-animation=\"\" data-loop=\"false\"  data-animation-delay=\"0\" data-autorotate=\"\" data-autorotation-speed=\"5000\" data-column-padding=\"20px\" data-desktop-cols=\"4\" data-desktop-small-cols=\"4\" data-tablet-cols=\"2\" data-mobile-cols=\"1\"><div class=\"carousel-item\"><div class=\"team-member\" data-style=\"meta_below\"><img decoding=\"async\" alt=\"\" src=\"https:\/\/www.cislferrara.it\/wp-content\/uploads\/2025\/01\/cavallini-anna-cisl-scuola.jpg\" title=\"Les chevaux d&#039;Anna\" \/><h4 class=\"light\">Les chevaux d&#039;Anna<\/h4><div class=\"position\">Secr\u00e9taire g\u00e9n\u00e9ral territorial<\/div><p class=\"description\">Cellule : 348 5601669 (MESSAGES OU WHATSAPP)<br \/>\nCourriel : anna.cavallini@cisl.it<\/p><\/div><\/div><div class=\"carousel-item\"><div class=\"team-member\" data-style=\"meta_below\"><img decoding=\"async\" alt=\"\" src=\"https:\/\/www.cislferrara.it\/wp-content\/uploads\/2025\/01\/cisl-ferrara-team-generico.jpg\" title=\"Mirella Corticelli\" \/><h4 class=\"light\">Mirella Corticelli<\/h4><div class=\"position\">Secr\u00e9tariat<\/div><p class=\"description\">E-mail certifi\u00e9 : scuolafe@gestionale ufficiopec.it<\/p><\/div><\/div><div class=\"carousel-item\"><div class=\"team-member\" data-style=\"meta_below\"><img decoding=\"async\" alt=\"\" src=\"https:\/\/www.cislferrara.it\/wp-content\/uploads\/2025\/01\/cisl-ferrara-team-generico.jpg\" title=\"Mastellari Roberto\" \/><h4 class=\"light\">Mastellari Roberto<\/h4><div class=\"position\">Secr\u00e9tariat<\/div><p class=\"description\">E-mail certifi\u00e9 : scuolafe@gestionale ufficiopec.it<\/p><\/div><\/div><div class=\"carousel-item\"><div class=\"team-member\" data-style=\"meta_below\"><img decoding=\"async\" alt=\"\" src=\"https:\/\/www.cislferrara.it\/wp-content\/uploads\/2025\/09\/IMG-20250912-WA0040.jpg\" title=\"Pharmacie Paola\" \/><h4 class=\"light\">Pharmacie Paola<\/h4><div class=\"position\">Op\u00e9rateur et coordinateur d\u00e9l\u00e9gu\u00e9s RSU<\/div><p class=\"description\">Cellulaire : 348 8701069 (MESSAGES OU WHATSAPP)<br \/>\nCourriel\u00a0: cislscuola_ferrara@cisl.it<\/p><\/div><\/div><\/div>\n\t\t\t<\/div> \n\t\t<\/div>\n\t<\/div> \n<\/div><\/div>\n\t\t<div id=\"fws_69f052f933ccd\"  data-column-margin=\"default\" data-midnight=\"dark\"  class=\"wpb_row vc_row-fluid vc_row\"  style=\"padding-top: 0px; padding-bottom: 0px; \"><div class=\"row-bg-wrap\" data-bg-animation=\"none\" data-bg-animation-delay=\"\" data-bg-overlay=\"false\"><div class=\"inner-wrap row-bg-layer\" ><div class=\"row-bg viewport-desktop\"  style=\"\"><\/div><\/div><\/div><div class=\"row_col_wrap_12 col span_12 dark left\">\n\t<div  class=\"vc_col-sm-12 wpb_column column_container vc_column_container col no-extra-padding inherit_tablet inherit_phone flex_gap_desktop_10px\"  data-padding-pos=\"all\" data-has-bg-color=\"false\" data-bg-color=\"\" data-bg-opacity=\"1\" data-animation=\"\" data-delay=\"0\" >\n\t\t<div class=\"vc_column-inner\" >\n\t\t\t<div class=\"wpb_wrapper\">\n\t\t\t\t<div class=\"divider-wrap\" data-alignment=\"default\"><div style=\"margin-top: 15px; height: 1px; margin-bottom: 15px;\" data-width=\"100%\" data-animate=\"\" data-animation-delay=\"\" data-color=\"default\" class=\"divider-border\"><\/div><\/div>\n\t\t\t<\/div> \n\t\t<\/div>\n\t<\/div> \n<\/div><\/div>\n\t\t<div id=\"fws_69f052f934a42\"  data-column-margin=\"default\" data-midnight=\"dark\" data-top-percent=\"1%\" data-bottom-percent=\"3%\"  class=\"wpb_row vc_row-fluid vc_row  top_padding_tablet_14pct\"  style=\"padding-top: calc(100vw * 0.01); padding-bottom: calc(100vw * 0.03); \"><div class=\"row-bg-wrap\" data-bg-animation=\"none\" data-bg-animation-delay=\"\" data-bg-overlay=\"false\"><div class=\"inner-wrap row-bg-layer\" ><div class=\"row-bg viewport-desktop\"  style=\"\"><\/div><\/div><\/div><div class=\"row_col_wrap_12 col span_12 dark left\">\n\t<div  class=\"vc_col-sm-12 wpb_column column_container vc_column_container col no-extra-padding el_spacing_20px inherit_tablet inherit_phone flex_gap_desktop_10px\"  data-padding-pos=\"all\" data-has-bg-color=\"false\" data-bg-color=\"\" data-bg-opacity=\"1\" data-animation=\"\" data-delay=\"0\" >\n\t\t<div class=\"vc_column-inner\" >\n\t\t\t<div class=\"wpb_wrapper\">\n\t\t\t\t<div id=\"fws_69f052f93538d\" data-midnight=\"\" data-column-margin=\"default\" class=\"wpb_row vc_row-fluid vc_row inner_row  right_padding_40pct right_padding_phone_0px\"  style=\"padding-bottom: 1%; \"><div class=\"row-bg-wrap\"> <div class=\"row-bg\" ><\/div> <\/div><div class=\"row_col_wrap_12_inner col span_12  left\">\n\t<div  class=\"vc_col-sm-12 wpb_column column_container vc_column_container col child_column no-extra-padding inherit_tablet inherit_phone flex_gap_desktop_10px\"   data-padding-pos=\"all\" data-has-bg-color=\"false\" data-bg-color=\"\" data-bg-opacity=\"1\" data-animation=\"\" data-delay=\"0\" >\n\t\t<div class=\"vc_column-inner\" >\n\t\t<div class=\"wpb_wrapper\">\n\t\t\t<div class=\"nectar-split-heading  font_size_max_108px font_size_tablet_7vw\" data-align=\"default\" data-m-align=\"inherit\" data-text-effect=\"letter-reveal-bottom\" data-animation-type=\"line-reveal-by-space\" data-animation-delay=\"0\" data-animation-offset=\"\" data-m-rm-animation=\"\" data-stagger=\"true\" data-custom-font-size=\"false\" ><h2 style=\" color: #016648;\">LIEUX ET HORAIRES<\/h2><\/div><div class=\"nectar-split-heading  font_size_max_108px font_size_tablet_7vw\" data-align=\"default\" data-m-align=\"inherit\" data-text-effect=\"letter-reveal-bottom\" data-animation-type=\"line-reveal-by-space\" data-animation-delay=\"0\" data-animation-offset=\"\" data-m-rm-animation=\"\" data-stagger=\"true\" data-custom-font-size=\"false\" ><h3 style=\" color: #000000;\">OUVERTURE DE BUREAU ET CONSEIL (sur rendez-vous)<\/h3><\/div>\n\t\t<\/div> \n\t<\/div>\n\t<\/div> \n<\/div><\/div><div id=\"fws_69f052f935f65\" data-midnight=\"\" data-column-margin=\"none\" class=\"wpb_row vc_row-fluid vc_row inner_row\"  style=\"\"><div class=\"row-bg-wrap\"> <div class=\"row-bg\" ><\/div> <\/div><div class=\"row_col_wrap_12_inner col span_12  left\">\n\t<div  class=\"vc_col-sm-3 wpb_column column_container vc_column_container col child_column no-extra-padding inherit_tablet inherit_phone flex_gap_desktop_10px\"   data-padding-pos=\"all\" data-has-bg-color=\"false\" data-bg-color=\"\" data-bg-opacity=\"1\" data-animation=\"\" data-delay=\"0\" >\n\t\t<div class=\"vc_column-inner\" >\n\t\t<div class=\"wpb_wrapper\">\n\t\t\t\n<div class=\"wpb_text_column wpb_content_element\" >\n\t<p><strong>BUREAU DE FERRARE<br \/>\n(Standard 0532\/777611)<\/strong><\/p>\n<p><strong><u>Conseil t\u00e9l\u00e9phonique<\/u>:<\/strong><br \/>\n<strong><span style=\"color: #ff0000;\"><u>Lundi et jeudi matin<\/u><\/span><\/strong>\u00a0de 9h00 \u00e0 12h00 au num\u00e9ro direct 0532\/777667<br \/>\n<strong><span style=\"color: #ff0000;\"><u>mercredi apr\u00e8s-midi<\/u><\/span><\/strong>\u00a0de 15h30 \u00e0 18h00 au num\u00e9ro direct 0532\/777667<br \/>\n<em><strong>(Les autres jours, appelez le num\u00e9ro du standard)<\/strong><\/em><\/p>\n<p><span style=\"color: #ff0000;\"><strong><u>SMS ou WhatsApp<\/u><\/strong><\/span> aux num\u00e9ros : 3485601669 Cavallini Anna ou 3488701069 Droghetti Paola<\/p>\n<p><strong>HEURES D&#039;OUVERTURE<\/strong> (sur rendez-vous)<\/p>\n<\/div>\n\n\n\n\n\t\t<\/div> \n\t<\/div>\n\t<\/div> \n\n\t<div  class=\"vc_col-sm-9 wpb_column column_container vc_column_container col child_column padding-4-percent inherit_tablet inherit_phone flex_gap_desktop_10px\"   data-padding-pos=\"left-right\" data-has-bg-color=\"false\" data-bg-color=\"\" data-bg-opacity=\"1\" data-animation=\"\" data-delay=\"0\" >\n\t\t<div class=\"vc_column-inner\" >\n\t\t<div class=\"wpb_wrapper\">\n\t\t\t<div class=\"nectar-hor-list-item   has_border_animation nectar-waypoint-el border_color_505050 multiple-columns\" data-hover-effect=\"none\" data-br=\"0px\" data-font-family=\"p\" data-color=\"accent-color\" data-columns=\"3\" data-column-layout=\"even\"><div class=\"nectar-list-item\" data-icon=\"false\" data-text-align=\"left\">Lundi<\/div><div class=\"nectar-list-item\" data-text-align=\"left\">Matin : de 9h00 \u00e0 12h00<\/div><div class=\"nectar-list-item\" data-text-align=\"left\">Apr\u00e8s-midi : De 16h30 \u00e0 18h00<\/div><\/div><div class=\"nectar-hor-list-item   has_border_animation nectar-waypoint-el border_color_505050 multiple-columns\" data-hover-effect=\"none\" data-br=\"0px\" data-font-family=\"p\" data-color=\"accent-color\" data-columns=\"3\" data-column-layout=\"even\"><div class=\"nectar-list-item\" data-icon=\"false\" data-text-align=\"left\">Mardi<\/div><div class=\"nectar-list-item\" data-text-align=\"left\"><\/div><div class=\"nectar-list-item\" data-text-align=\"left\">Apr\u00e8s-midi : De 16h30 \u00e0 18h00<\/div><\/div><div class=\"nectar-hor-list-item   has_border_animation nectar-waypoint-el border_color_505050 multiple-columns\" data-hover-effect=\"none\" data-br=\"0px\" data-font-family=\"p\" data-color=\"accent-color\" data-columns=\"3\" data-column-layout=\"even\"><div class=\"nectar-list-item\" data-icon=\"false\" data-text-align=\"left\">Mercredi<\/div><div class=\"nectar-list-item\" data-text-align=\"left\"><\/div><div class=\"nectar-list-item\" data-text-align=\"left\">Apr\u00e8s-midi : De 16h30 \u00e0 18h00<\/div><\/div><div class=\"nectar-hor-list-item   has_border_animation nectar-waypoint-el border_color_505050 multiple-columns\" data-hover-effect=\"none\" data-br=\"0px\" data-font-family=\"p\" data-color=\"accent-color\" data-columns=\"3\" data-column-layout=\"even\"><div class=\"nectar-list-item\" data-icon=\"false\" data-text-align=\"left\">Jeudi<\/div><div class=\"nectar-list-item\" data-text-align=\"left\">Matin : de 9h00 \u00e0 12h00<\/div><div class=\"nectar-list-item\" data-text-align=\"left\">Apr\u00e8s-midi : De 16h30 \u00e0 18h00<\/div><\/div><div class=\"nectar-hor-list-item   has_border_animation nectar-waypoint-el border_color_505050 multiple-columns\" data-hover-effect=\"none\" data-br=\"0px\" data-font-family=\"p\" data-color=\"accent-color\" data-columns=\"3\" data-column-layout=\"even\"><div class=\"nectar-list-item\" data-icon=\"false\" data-text-align=\"left\">Vendredi<\/div><div class=\"nectar-list-item\" data-text-align=\"left\">Matin : de 9h00 \u00e0 12h00<\/div><div class=\"nectar-list-item\" data-text-align=\"left\"><\/div><\/div>\n\t\t<\/div> \n\t<\/div>\n\t<\/div> \n<\/div><\/div><div class=\"divider-wrap\" data-alignment=\"default\"><div style=\"height: 40px;\" class=\"divider\"><\/div><\/div><div id=\"fws_69f052f9379ea\" data-midnight=\"\" data-column-margin=\"none\" class=\"wpb_row vc_row-fluid vc_row inner_row\"  style=\"\"><div class=\"row-bg-wrap\"> <div class=\"row-bg\" ><\/div> <\/div><div class=\"row_col_wrap_12_inner col span_12  left\">\n\t<div  class=\"vc_col-sm-3 wpb_column column_container vc_column_container col child_column no-extra-padding inherit_tablet inherit_phone flex_gap_desktop_10px\"   data-padding-pos=\"all\" data-has-bg-color=\"false\" data-bg-color=\"\" data-bg-opacity=\"1\" data-animation=\"\" data-delay=\"0\" >\n\t\t<div class=\"vc_column-inner\" >\n\t\t<div class=\"wpb_wrapper\">\n\t\t\t\n<div class=\"wpb_text_column wpb_content_element\" >\n\t<p><strong>BUREAU DE CENTO<\/strong><br \/>\n<strong>(Standard 051\/903011)<\/strong><\/p>\n<p><strong>HEURES D&#039;OUVERTURE<\/strong> (sur rendez-vous)<\/p>\n<\/div>\n\n\n\n\n\t\t<\/div> \n\t<\/div>\n\t<\/div> \n\n\t<div  class=\"vc_col-sm-9 wpb_column column_container vc_column_container col child_column padding-4-percent inherit_tablet inherit_phone flex_gap_desktop_10px\"   data-padding-pos=\"left-right\" data-has-bg-color=\"false\" data-bg-color=\"\" data-bg-opacity=\"1\" data-animation=\"\" data-delay=\"0\" >\n\t\t<div class=\"vc_column-inner\" >\n\t\t<div class=\"wpb_wrapper\">\n\t\t\t<div class=\"nectar-hor-list-item   has_border_animation nectar-waypoint-el border_color_505050 multiple-columns\" data-hover-effect=\"none\" data-br=\"0px\" data-font-family=\"p\" data-color=\"accent-color\" data-columns=\"3\" data-column-layout=\"even\"><div class=\"nectar-list-item\" data-icon=\"false\" data-text-align=\"left\">Mardi<\/div><div class=\"nectar-list-item\" data-text-align=\"left\">Apr\u00e8s-midi : De 16h00 \u00e0 18h00<\/div><div class=\"nectar-list-item\" data-text-align=\"left\">LE DEUXI\u00c8ME ET LE QUATRI\u00c8ME MARDI DE CHAQUE MOIS<\/div><\/div>\n\t\t<\/div> \n\t<\/div>\n\t<\/div> \n<\/div><\/div>\n\t\t\t<\/div> \n\t\t<\/div>\n\t<\/div> \n<\/div><\/div>\n\t\t<div id=\"fws_69f052f938d12\"  data-column-margin=\"default\" data-midnight=\"dark\" data-top-percent=\"1%\" data-bottom-percent=\"6%\"  class=\"wpb_row vc_row-fluid vc_row full-width-section\"  style=\"padding-top: calc(100vw * 0.01); padding-bottom: calc(100vw * 0.06); \"><div class=\"row-bg-wrap\" data-bg-animation=\"none\" data-bg-animation-delay=\"\" data-bg-overlay=\"false\"><div class=\"inner-wrap row-bg-layer\" ><div class=\"row-bg viewport-desktop\"  style=\"\"><\/div><\/div><\/div><div class=\"row_col_wrap_12 col span_12 dark left\">\n\t<div  class=\"vc_col-sm-12 wpb_column column_container vc_column_container col no-extra-padding inherit_tablet inherit_phone flex_gap_desktop_10px\"  data-padding-pos=\"all\" data-has-bg-color=\"false\" data-bg-color=\"\" data-bg-opacity=\"1\" data-animation=\"\" data-delay=\"0\" >\n\t\t<div class=\"vc_column-inner\" >\n\t\t\t<div class=\"wpb_wrapper\">\n\t\t\t\t<div id=\"fws_69f052f9395cb\" data-midnight=\"\" data-column-margin=\"default\" class=\"wpb_row vc_row-fluid vc_row inner_row\"  style=\"padding-bottom: 50px; \"><div class=\"row-bg-wrap\"> <div class=\"row-bg\" ><\/div> <\/div><div class=\"row_col_wrap_12_inner col span_12  left\">\n\t<div  class=\"vc_col-sm-12 wpb_column column_container vc_column_container col child_column centered-text no-extra-padding inherit_tablet inherit_phone flex_gap_desktop_10px\"   data-padding-pos=\"all\" data-has-bg-color=\"false\" data-bg-color=\"\" data-bg-opacity=\"1\" data-animation=\"\" data-delay=\"0\" >\n\t\t<div class=\"vc_column-inner\" >\n\t\t<div class=\"wpb_wrapper\">\n\t\t\t\n<div class=\"wpb_text_column wpb_content_element\" >\n\t<h3>Derni\u00e8res nouvelles<\/h3>\n<\/div>\n\n\n\n\n\t\t<\/div> \n\t<\/div>\n\t<\/div> \n<\/div><\/div><div id=\"fws_69f052f939e72\" data-midnight=\"\" data-column-margin=\"default\" class=\"wpb_row vc_row-fluid vc_row inner_row  vc_custom_1504236091614\"  style=\"\"><div class=\"row-bg-wrap\"> <div class=\"row-bg\" ><\/div> <\/div><div class=\"row_col_wrap_12_inner col span_12  left\">\n\t<div  class=\"vc_col-sm-12 wpb_column column_container vc_column_container col child_column no-extra-padding inherit_tablet inherit_phone flex_gap_desktop_10px\"   data-padding-pos=\"all\" data-has-bg-color=\"false\" data-bg-color=\"\" data-bg-opacity=\"1\" data-animation=\"\" data-delay=\"0\" >\n\t\t<div class=\"vc_column-inner\" >\n\t\t<div class=\"wpb_wrapper\">\n\t\t\t<div class='nectar-post-grid-wrap text-color-dark spacing-25px' data-el-settings='{\"post_type\":\"post\",\"pagination\":\"none\",\"image_size\":\"large\",\"parallax_scrolling\":\"\",\"aspect_ratio_image_size\":\"\",\"category_position\":\"default\",\"category_display\":\"default\",\"display_categories\":\"yes\",\"display_excerpt\":\"yes\",\"excerpt_length\":\"20\",\"content_next_to_image_excerpt_pos\":\"default\",\"display_date\":\"yes\",\"display_estimated_reading_time\":\"0\",\"display_author\":\"0\",\"author_functionality\":\"default\",\"author_position\":\"default\",\"color_overlay\":\"\",\"color_overlay_opacity\":\"\",\"color_overlay_hover_opacity\":\"\",\"card_bg_color\":\"\",\"grid_style\":\"content_under_image\",\"hover_effect\":\"zoom\",\"post_title_overlay\":\"\",\"heading_tag\":\"default\",\"heading_tag_render\":\"default\",\"enable_gallery_lightbox\":\"0\",\"remove_links\":\"0\",\"category_style\":\"underline\",\"overlay_secondary_project_image\":\"\",\"vertical_list_hover_effect\":\"none\",\"vertical_list_read_more\":\"\",\"vertical_list_read_more_style\":\"text\",\"read_more_button\":\"0\",\"animation\":\"none\",\"custom_fields\":\"\",\"custom_fields_location\":\"before_post_meta\",\"display_type\":\"grid\",\"text_content_layout\":\"top_left\"}' data-style='content_under_image' data-query='{\"post_type\":\"post\",\"posts_per_page\":\"12\",\"order\":\"DESC\",\"orderby\":\"date\",\"offset\":\"0\",\"cpt_name\":\"post\",\"custom_query_tax\":\"\",\"ignore_sticky_posts\":\"\",\"exclude_current_post\":\"\"}' data-load-more-color='black' data-load-more-text='Load More'><div class=\"nectar-post-grid-filters\" data-active-color=\"default\" data-align=\"default\" data-animation=\"none\" data-sortable=\"\"><div><a href=\"#\" data-filter=\"scuola\" data-total-count=\"15\">\u00c9cole<\/a><\/div><\/div><div class=\"nectar-post-grid category-position-before-title\" data-indicator=\"\" data-indicator-style=\"default\" data-indicator-text-color=\"#fff\" data-indicator-color=\"#000\" data-indicator-text=\"View\" data-masonry=\"yes\" data-columns=\"4\" data-hover-effect=\"zoom\" data-text-style=\"default\" data-border-radius=\"5px\" data-grid-item-height=\"30vh\" data-grid-spacing=\"25px\" data-text-layout=\"top_left\" data-text-color=\"dark\" data-text-hover-color=\"dark\" data-shadow-hover=\"\" data-animation=\"none\" data-animation-stagger=\"90\" data-cat-click=\"default\"  data-lock-aspect=\"\"  data-text-align=\"left\" data-card=\"\" style=\"--post-grid-border-radius:5px;\" ><div class=\"nectar-post-grid-item\" data-post-id=\"3343\" data-has-img=\"true\"> <div class=\"inner\"><div class=\"nectar-post-grid-item-bg-wrap\"><div class=\"nectar-post-grid-item-bg-wrap-inner\"><div class=\"nectar-post-grid-item-bg\"><img loading=\"lazy\" decoding=\"async\" width=\"1024\" height=\"895\" src=\"https:\/\/www.cislferrara.it\/wp-content\/uploads\/2017\/12\/formazione-1024x895.jpg\" class=\"attachment-large size-large wp-post-image\" alt=\"\" srcset=\"https:\/\/www.cislferrara.it\/wp-content\/uploads\/2017\/12\/formazione.jpg 1024w, https:\/\/www.cislferrara.it\/wp-content\/uploads\/2017\/12\/formazione-300x262.jpg 300w, https:\/\/www.cislferrara.it\/wp-content\/uploads\/2017\/12\/formazione-768x671.jpg 768w\" sizes=\"auto, (max-width: 1024px) 100vw, 1024px\" \/><\/div><\/div><\/div><div class=\"content\"><a class=\"nectar-post-grid-link\" href=\"https:\/\/www.cislferrara.it\/fr\/corso-di-preparazione-al-concorso-ordinario-e-straordinario-comparto-scuola\/\" ><span class=\"screen-reader-text\">Cours de pr\u00e9paration aux concours ordinaires et extraordinaires du secteur scolaire<\/span><\/a><span class=\"meta-category\"><a class=\"area-stampa style-underline\" href=\"https:\/\/www.cislferrara.it\/fr\/category\/area-stampa\/\">Espace presse<\/a><a class=\"cisl-ferrara style-underline\" href=\"https:\/\/www.cislferrara.it\/fr\/category\/cisl-ferrara\/\">Cisl Ferrare<\/a><a class=\"scuola style-underline\" href=\"https:\/\/www.cislferrara.it\/fr\/category\/scuola\/\">\u00c9cole<\/a><\/span><div class=\"item-main\"><h3 class=\"post-heading\"><span>Cours de pr\u00e9paration aux concours ordinaires et extraordinaires du secteur scolaire<\/span><\/h3><div class=\"nectar-post-grid-item__excerpt-wrap item-meta-extra\"><span class=\"meta-excerpt\">En vue de la prochaine publication des avis de concours, celui-ci se tiendra le lundi 27 janvier \u00e0\u2026<\/span><\/div><span class=\"nectar-post-grid-item__meta-wrap\"><span class=\"meta-date\">23 janvier 2020<\/span><\/span><\/div><\/div><\/div><\/div><div class=\"nectar-post-grid-item\" data-post-id=\"3044\" data-has-img=\"true\"> <div class=\"inner\"><div class=\"nectar-post-grid-item-bg-wrap\"><div class=\"nectar-post-grid-item-bg-wrap-inner\"><div class=\"nectar-post-grid-item-bg\"><img loading=\"lazy\" decoding=\"async\" width=\"572\" height=\"421\" src=\"https:\/\/www.cislferrara.it\/wp-content\/uploads\/2018\/12\/DSGA.jpg\" class=\"attachment-large size-large wp-post-image\" alt=\"\" srcset=\"https:\/\/www.cislferrara.it\/wp-content\/uploads\/2018\/12\/DSGA.jpg 572w, https:\/\/www.cislferrara.it\/wp-content\/uploads\/2018\/12\/DSGA-300x221.jpg 300w, https:\/\/www.cislferrara.it\/wp-content\/uploads\/2018\/12\/DSGA-86x64.jpg 86w\" sizes=\"auto, (max-width: 572px) 100vw, 572px\" \/><\/div><\/div><\/div><div class=\"content\"><a class=\"nectar-post-grid-link\" href=\"https:\/\/www.cislferrara.it\/fr\/incontro-concorso-dsga\/\" ><span class=\"screen-reader-text\">R\u00e9union de comp\u00e9tition DSGA<\/span><\/a><span class=\"meta-category\"><a class=\"area-stampa style-underline\" href=\"https:\/\/www.cislferrara.it\/fr\/category\/area-stampa\/\">Espace presse<\/a><a class=\"cisl-ferrara style-underline\" href=\"https:\/\/www.cislferrara.it\/fr\/category\/cisl-ferrara\/\">Cisl Ferrare<\/a><a class=\"scuola style-underline\" href=\"https:\/\/www.cislferrara.it\/fr\/category\/scuola\/\">\u00c9cole<\/a><\/span><div class=\"item-main\"><h3 class=\"post-heading\"><span>R\u00e9union de comp\u00e9tition DSGA<\/span><\/h3><div class=\"nectar-post-grid-item__excerpt-wrap item-meta-extra\"><span class=\"meta-excerpt\">La CISL SCUOLA de Ferrare a organis\u00e9 une r\u00e9union pour pr\u00e9senter l&#039;annonce du concours\u2026<\/span><\/div><span class=\"nectar-post-grid-item__meta-wrap\"><span class=\"meta-date\">21 d\u00e9cembre 2018<\/span><\/span><\/div><\/div><\/div><\/div><div class=\"nectar-post-grid-item\" data-post-id=\"2767\" data-has-img=\"true\"> <div class=\"inner\"><div class=\"nectar-post-grid-item-bg-wrap\"><div class=\"nectar-post-grid-item-bg-wrap-inner\"><div class=\"nectar-post-grid-item-bg\"><img loading=\"lazy\" decoding=\"async\" width=\"620\" height=\"312\" src=\"https:\/\/www.cislferrara.it\/wp-content\/uploads\/2018\/02\/180210-Se_firmi_lo_difendi-e1518603933949.jpg\" class=\"attachment-large size-large wp-post-image\" alt=\"\" srcset=\"https:\/\/www.cislferrara.it\/wp-content\/uploads\/2018\/02\/180210-Se_firmi_lo_difendi-e1518603933949.jpg 620w, https:\/\/www.cislferrara.it\/wp-content\/uploads\/2018\/02\/180210-Se_firmi_lo_difendi-e1518603933949-300x151.jpg 300w\" sizes=\"auto, (max-width: 620px) 100vw, 620px\" \/><\/div><\/div><\/div><div class=\"content\"><a class=\"nectar-post-grid-link\" href=\"https:\/\/www.cislferrara.it\/fr\/petizione-on-line\/\" ><span class=\"screen-reader-text\">P\u00c9TITION EN LIGNE<\/span><\/a><span class=\"meta-category\"><a class=\"cisl-ferrara style-underline\" href=\"https:\/\/www.cislferrara.it\/fr\/category\/cisl-ferrara\/\">Cisl Ferrare<\/a><a class=\"fp style-underline\" href=\"https:\/\/www.cislferrara.it\/fr\/category\/fp\/\">Fp<\/a><a class=\"scuola style-underline\" href=\"https:\/\/www.cislferrara.it\/fr\/category\/scuola\/\">\u00c9cole<\/a><\/span><div class=\"item-main\"><h3 class=\"post-heading\"><span>P\u00c9TITION EN LIGNE<\/span><\/h3><div class=\"nectar-post-grid-item__excerpt-wrap item-meta-extra\"><span class=\"meta-excerpt\">CISL FP a lanc\u00e9 une initiative importante en faveur des travailleurs\u2026<\/span><\/div><span class=\"nectar-post-grid-item__meta-wrap\"><span class=\"meta-date\">14 f\u00e9vrier 2018<\/span><\/span><\/div><\/div><\/div><\/div><div class=\"nectar-post-grid-item\" data-post-id=\"2417\" data-has-img=\"true\"> <div class=\"inner\"><div class=\"nectar-post-grid-item-bg-wrap\"><div class=\"nectar-post-grid-item-bg-wrap-inner\"><div class=\"nectar-post-grid-item-bg\"><img loading=\"lazy\" decoding=\"async\" width=\"888\" height=\"519\" src=\"https:\/\/www.cislferrara.it\/wp-content\/uploads\/2017\/03\/giornATA.jpg\" class=\"attachment-large size-large wp-post-image\" alt=\"\" srcset=\"https:\/\/www.cislferrara.it\/wp-content\/uploads\/2017\/03\/giornATA.jpg 888w, https:\/\/www.cislferrara.it\/wp-content\/uploads\/2017\/03\/giornATA-300x175.jpg 300w\" sizes=\"auto, (max-width: 888px) 100vw, 888px\" \/><\/div><\/div><\/div><div class=\"content\"><a class=\"nectar-post-grid-link\" href=\"https:\/\/www.cislferrara.it\/fr\/assemblea-territoriale-del-personale-ata-ferrara\/\" ><span class=\"screen-reader-text\">ASSEMBL\u00c9E TERRITORIALE DU PERSONNEL D&#039;ATA FERRARA<\/span><\/a><span class=\"meta-category\"><a class=\"cisl-ferrara style-underline\" href=\"https:\/\/www.cislferrara.it\/fr\/category\/cisl-ferrara\/\">Cisl Ferrare<\/a><a class=\"scuola style-underline\" href=\"https:\/\/www.cislferrara.it\/fr\/category\/scuola\/\">\u00c9cole<\/a><\/span><div class=\"item-main\"><h3 class=\"post-heading\"><span>ASSEMBL\u00c9E TERRITORIALE DU PERSONNEL D&#039;ATA FERRARA<\/span><\/h3><div class=\"nectar-post-grid-item__excerpt-wrap item-meta-extra\"><span class=\"meta-excerpt\">A l&#039;institut &quot;G. Carducci&quot; de Ferrare le 4 avril de 12h00 \u00e0 14h00. \u00c0\u2026<\/span><\/div><span class=\"nectar-post-grid-item__meta-wrap\"><span class=\"meta-date\">22 mars 2017<\/span><\/span><\/div><\/div><\/div><\/div><div class=\"nectar-post-grid-item\" data-post-id=\"2069\" data-has-img=\"true\"> <div class=\"inner\"><div class=\"nectar-post-grid-item-bg-wrap\"><div class=\"nectar-post-grid-item-bg-wrap-inner\"><div class=\"nectar-post-grid-item-bg\"><img loading=\"lazy\" decoding=\"async\" width=\"745\" height=\"444\" src=\"https:\/\/www.cislferrara.it\/wp-content\/uploads\/2016\/02\/Concorso-insegnanti.png\" class=\"attachment-large size-large wp-post-image\" alt=\"\" srcset=\"https:\/\/www.cislferrara.it\/wp-content\/uploads\/2016\/02\/Concorso-insegnanti.png 745w, https:\/\/www.cislferrara.it\/wp-content\/uploads\/2016\/02\/Concorso-insegnanti-300x179.png 300w\" sizes=\"auto, (max-width: 745px) 100vw, 745px\" \/><\/div><\/div><\/div><div class=\"content\"><a class=\"nectar-post-grid-link\" href=\"https:\/\/www.cislferrara.it\/fr\/corso-di-preparazione-per-il-bando-docenti-2016\/\" ><span class=\"screen-reader-text\">Cours de pr\u00e9paration au concours d&#039;enseignants 2016<\/span><\/a><span class=\"meta-category\"><a class=\"cisl-ferrara style-underline\" href=\"https:\/\/www.cislferrara.it\/fr\/category\/cisl-ferrara\/\">Cisl Ferrare<\/a><a class=\"scuola style-underline\" href=\"https:\/\/www.cislferrara.it\/fr\/category\/scuola\/\">\u00c9cole<\/a><\/span><div class=\"item-main\"><h3 class=\"post-heading\"><span>Cours de pr\u00e9paration au concours d&#039;enseignants 2016<\/span><\/h3><div class=\"nectar-post-grid-item__excerpt-wrap item-meta-extra\"><span class=\"meta-excerpt\">A l&#039;approche de l&#039;annonce du concours des enseignants 2016, Cisl Scuola di Ferrara,\u2026<\/span><\/div><span class=\"nectar-post-grid-item__meta-wrap\"><span class=\"meta-date\">11 f\u00e9vrier 2016<\/span><\/span><\/div><\/div><\/div><\/div><div class=\"nectar-post-grid-item\" data-post-id=\"1928\" data-has-img=\"true\"> <div class=\"inner\"><div class=\"nectar-post-grid-item-bg-wrap\"><div class=\"nectar-post-grid-item-bg-wrap-inner\"><div class=\"nectar-post-grid-item-bg\"><img loading=\"lazy\" decoding=\"async\" width=\"560\" height=\"315\" src=\"https:\/\/www.cislferrara.it\/wp-content\/uploads\/2015\/09\/IMG_20150920_183054.jpg\" class=\"attachment-large size-large wp-post-image\" alt=\"\" srcset=\"https:\/\/www.cislferrara.it\/wp-content\/uploads\/2015\/09\/IMG_20150920_183054.jpg 560w, https:\/\/www.cislferrara.it\/wp-content\/uploads\/2015\/09\/IMG_20150920_183054-300x169.jpg 300w\" sizes=\"auto, (max-width: 560px) 100vw, 560px\" \/><\/div><\/div><\/div><div class=\"content\"><a class=\"nectar-post-grid-link\" href=\"https:\/\/www.cislferrara.it\/fr\/contestazioni-al-ministro-giannini-chi-ha-davvero-leso-i-principi-della-democrazia\/\" ><span class=\"screen-reader-text\">Manifestations contre le ministre Giannini. Qui a r\u00e9ellement viol\u00e9 les principes de la d\u00e9mocratie ?<\/span><\/a><span class=\"meta-category\"><a class=\"cisl-ferrara style-underline\" href=\"https:\/\/www.cislferrara.it\/fr\/category\/cisl-ferrara\/\">Cisl Ferrare<\/a><a class=\"scuola style-underline\" href=\"https:\/\/www.cislferrara.it\/fr\/category\/scuola\/\">\u00c9cole<\/a><\/span><div class=\"item-main\"><h3 class=\"post-heading\"><span>Manifestations contre le ministre Giannini. Qui a r\u00e9ellement viol\u00e9 les principes de la d\u00e9mocratie ?<\/span><\/h3><div class=\"nectar-post-grid-item__excerpt-wrap item-meta-extra\"><span class=\"meta-excerpt\">Les syndicats, les mouvements, les associations, qui ont appel\u00e9 ensemble \u00e0 toutes les manifestations publiques contre\u2026<\/span><\/div><span class=\"nectar-post-grid-item__meta-wrap\"><span class=\"meta-date\">19 septembre 2015<\/span><\/span><\/div><\/div><\/div><\/div><div class=\"nectar-post-grid-item\" data-post-id=\"1856\" data-has-img=\"true\"> <div class=\"inner\"><div class=\"nectar-post-grid-item-bg-wrap\"><div class=\"nectar-post-grid-item-bg-wrap-inner\"><div class=\"nectar-post-grid-item-bg\"><img loading=\"lazy\" decoding=\"async\" width=\"558\" height=\"339\" src=\"https:\/\/www.cislferrara.it\/wp-content\/uploads\/2015\/08\/precari.jpg\" class=\"attachment-large size-large wp-post-image\" alt=\"\" srcset=\"https:\/\/www.cislferrara.it\/wp-content\/uploads\/2015\/08\/precari.jpg 558w, https:\/\/www.cislferrara.it\/wp-content\/uploads\/2015\/08\/precari-300x182.jpg 300w\" sizes=\"auto, (max-width: 558px) 100vw, 558px\" \/><\/div><\/div><\/div><div class=\"content\"><a class=\"nectar-post-grid-link\" href=\"https:\/\/www.cislferrara.it\/fr\/la-dura-scelta-dei-precari-cambiar-citta-o-esser-fuori\/\" ><span class=\"screen-reader-text\">Le choix difficile des pr\u00e9caires : changer de ville ou partir<\/span><\/a><span class=\"meta-category\"><a class=\"cisl-ferrara style-underline\" href=\"https:\/\/www.cislferrara.it\/fr\/category\/cisl-ferrara\/\">Cisl Ferrare<\/a><a class=\"scuola style-underline\" href=\"https:\/\/www.cislferrara.it\/fr\/category\/scuola\/\">\u00c9cole<\/a><\/span><div class=\"item-main\"><h3 class=\"post-heading\"><span>Le choix difficile des pr\u00e9caires : changer de ville ou partir<\/span><\/h3><div class=\"nectar-post-grid-item__excerpt-wrap item-meta-extra\"><span class=\"meta-excerpt\">Les nouvelles r\u00e8gles donnent le feu vert \u00e0 l\u2019embauche de professeurs en situation paradoxale Il y a ceux qui\u2026<\/span><\/div><span class=\"nectar-post-grid-item__meta-wrap\"><span class=\"meta-date\">6 ao\u00fbt 2015<\/span><\/span><\/div><\/div><\/div><\/div><div class=\"nectar-post-grid-item\" data-post-id=\"1732\" data-has-img=\"true\"> <div class=\"inner\"><div class=\"nectar-post-grid-item-bg-wrap\"><div class=\"nectar-post-grid-item-bg-wrap-inner\"><div class=\"nectar-post-grid-item-bg\"><img loading=\"lazy\" decoding=\"async\" width=\"567\" height=\"534\" src=\"https:\/\/www.cislferrara.it\/wp-content\/uploads\/2015\/05\/lunione-fa-la-scuola.jpg\" class=\"attachment-large size-large wp-post-image\" alt=\"\" srcset=\"https:\/\/www.cislferrara.it\/wp-content\/uploads\/2015\/05\/lunione-fa-la-scuola.jpg 567w, https:\/\/www.cislferrara.it\/wp-content\/uploads\/2015\/05\/lunione-fa-la-scuola-300x283.jpg 300w\" sizes=\"auto, (max-width: 567px) 100vw, 567px\" \/><\/div><\/div><\/div><div class=\"content\"><a class=\"nectar-post-grid-link\" href=\"https:\/\/www.cislferrara.it\/fr\/continuano-le-mobilitazioni-contro-il-ddl-la-buona-scuola\/\" ><span class=\"screen-reader-text\">Les manifestations contre le projet de loi sur la \u00ab bonne \u00e9cole \u00bb se poursuivent<\/span><\/a><span class=\"meta-category\"><a class=\"cisl-ferrara style-underline\" href=\"https:\/\/www.cislferrara.it\/fr\/category\/cisl-ferrara\/\">Cisl Ferrare<\/a><a class=\"scuola style-underline\" href=\"https:\/\/www.cislferrara.it\/fr\/category\/scuola\/\">\u00c9cole<\/a><\/span><div class=\"item-main\"><h3 class=\"post-heading\"><span>Les manifestations contre le projet de loi sur la \u00ab bonne \u00e9cole \u00bb se poursuivent<\/span><\/h3><div class=\"nectar-post-grid-item__excerpt-wrap item-meta-extra\"><span class=\"meta-excerpt\">La protestation des syndicats et du personnel contre la soi-disant \u00ab Bonne \u00c9cole \u00bb selon Matteo continue. Dans\u2026<\/span><\/div><span class=\"nectar-post-grid-item__meta-wrap\"><span class=\"meta-date\">19 mai 2015<\/span><\/span><\/div><\/div><\/div><\/div><div class=\"nectar-post-grid-item\" data-post-id=\"1663\" data-has-img=\"true\"> <div class=\"inner\"><div class=\"nectar-post-grid-item-bg-wrap\"><div class=\"nectar-post-grid-item-bg-wrap-inner\"><div class=\"nectar-post-grid-item-bg\"><img loading=\"lazy\" decoding=\"async\" width=\"1024\" height=\"341\" src=\"https:\/\/www.cislferrara.it\/wp-content\/uploads\/2015\/04\/IMG_20150410_101259-1024x341.jpg\" class=\"attachment-large size-large wp-post-image\" alt=\"\" srcset=\"https:\/\/www.cislferrara.it\/wp-content\/uploads\/2015\/04\/IMG_20150410_101259-1024x341.jpg 1024w, https:\/\/www.cislferrara.it\/wp-content\/uploads\/2015\/04\/IMG_20150410_101259-300x100.jpg 300w, https:\/\/www.cislferrara.it\/wp-content\/uploads\/2015\/04\/IMG_20150410_101259.jpg 1500w\" sizes=\"auto, (max-width: 1024px) 100vw, 1024px\" \/><\/div><\/div><\/div><div class=\"content\"><a class=\"nectar-post-grid-link\" href=\"https:\/\/www.cislferrara.it\/fr\/la-vera-buona-scuolae-nellinteresse-di-tutti-per-questo-manifestiamo\/\" ><span class=\"screen-reader-text\">La v\u00e9ritable \u00ab bonne \u00e9cole \u00bb est dans l\u2019int\u00e9r\u00eat de tous : c\u2019est pour cela que nous manifestons !<\/span><\/a><span class=\"meta-category\"><a class=\"area-stampa style-underline\" href=\"https:\/\/www.cislferrara.it\/fr\/category\/area-stampa\/\">Espace presse<\/a><a class=\"cisl-ferrara style-underline\" href=\"https:\/\/www.cislferrara.it\/fr\/category\/cisl-ferrara\/\">Cisl Ferrare<\/a><a class=\"scuola style-underline\" href=\"https:\/\/www.cislferrara.it\/fr\/category\/scuola\/\">\u00c9cole<\/a><\/span><div class=\"item-main\"><h3 class=\"post-heading\"><span>La v\u00e9ritable \u00ab bonne \u00e9cole \u00bb est dans l\u2019int\u00e9r\u00eat de tous : c\u2019est pour cela que nous manifestons !<\/span><\/h3><div class=\"nectar-post-grid-item__excerpt-wrap item-meta-extra\"><span class=\"meta-excerpt\">&quot;Bonne \u00e9cole&quot; pas tellement... C&#039;est pour cette raison qu&#039;une manifestation commune de... aura lieu \u00e0 Ferrare le 17<\/span><\/div><span class=\"nectar-post-grid-item__meta-wrap\"><span class=\"meta-date\">3 avril 2015<\/span><\/span><\/div><\/div><\/div><\/div><div class=\"nectar-post-grid-item\" data-post-id=\"1568\" data-has-img=\"true\"> <div class=\"inner\"><div class=\"nectar-post-grid-item-bg-wrap\"><div class=\"nectar-post-grid-item-bg-wrap-inner\"><div class=\"nectar-post-grid-item-bg\"><img loading=\"lazy\" decoding=\"async\" width=\"181\" height=\"124\" src=\"https:\/\/www.cislferrara.it\/wp-content\/uploads\/2015\/03\/LOGO_RSU_2015.jpg\" class=\"attachment-large size-large wp-post-image\" alt=\"\" \/><\/div><\/div><\/div><div class=\"content\"><a class=\"nectar-post-grid-link\" href=\"https:\/\/www.cislferrara.it\/fr\/elezioni-rsu-soddisfazione-di-cisl\/\" ><span class=\"screen-reader-text\">\u00c9LECTIONS RSU : SATISFACTION CISL<\/span><\/a><span class=\"meta-category\"><a class=\"area-stampa style-underline\" href=\"https:\/\/www.cislferrara.it\/fr\/category\/area-stampa\/\">Espace presse<\/a><a class=\"cisl-ferrara style-underline\" href=\"https:\/\/www.cislferrara.it\/fr\/category\/cisl-ferrara\/\">Cisl Ferrare<\/a><a class=\"scuola style-underline\" href=\"https:\/\/www.cislferrara.it\/fr\/category\/scuola\/\">\u00c9cole<\/a><\/span><div class=\"item-main\"><h3 class=\"post-heading\"><span>\u00c9LECTIONS RSU : SATISFACTION CISL<\/span><\/h3><div class=\"nectar-post-grid-item__excerpt-wrap item-meta-extra\"><span class=\"meta-excerpt\">Cgil aime \u00ab raconter de grandes choses \u00bb Au lendemain des \u00e9lections de la RSU qui ont impliqu\u00e9 l\u2019ensemble du public\u2026<\/span><\/div><span class=\"nectar-post-grid-item__meta-wrap\"><span class=\"meta-date\">9 mars 2015<\/span><\/span><\/div><\/div><\/div><\/div><div class=\"nectar-post-grid-item\" data-post-id=\"1416\" data-has-img=\"true\"> <div class=\"inner\"><div class=\"nectar-post-grid-item-bg-wrap\"><div class=\"nectar-post-grid-item-bg-wrap-inner\"><div class=\"nectar-post-grid-item-bg\"><img loading=\"lazy\" decoding=\"async\" width=\"903\" height=\"638\" src=\"https:\/\/www.cislferrara.it\/wp-content\/uploads\/2015\/02\/IMG-20150220-WA0004.jpg\" class=\"attachment-large size-large wp-post-image\" alt=\"\" srcset=\"https:\/\/www.cislferrara.it\/wp-content\/uploads\/2015\/02\/IMG-20150220-WA0004.jpg 903w, https:\/\/www.cislferrara.it\/wp-content\/uploads\/2015\/02\/IMG-20150220-WA0004-300x211.jpg 300w\" sizes=\"auto, (max-width: 903px) 100vw, 903px\" \/><\/div><\/div><\/div><div class=\"content\"><a class=\"nectar-post-grid-link\" href=\"https:\/\/www.cislferrara.it\/fr\/vota-cisl-scuola-345-marzo\/\" ><span class=\"screen-reader-text\">RENOUVELLEMENT RSU : VOTEZ CISL SCUOLA 3, 4, 5 MARS<\/span><\/a><span class=\"meta-category\"><a class=\"scuola style-underline\" href=\"https:\/\/www.cislferrara.it\/fr\/category\/scuola\/\">\u00c9cole<\/a><\/span><div class=\"item-main\"><h3 class=\"post-heading\"><span>RENOUVELLEMENT RSU : VOTEZ CISL SCUOLA 3, 4, 5 MARS<\/span><\/h3><div class=\"nectar-post-grid-item__excerpt-wrap item-meta-extra\"><span class=\"meta-excerpt\">Le vote aura lieu du 3 au 5 mars 2015 dans toutes les \u00e9coles pour le renouvellement\u2026<\/span><\/div><span class=\"nectar-post-grid-item__meta-wrap\"><span class=\"meta-date\">12 janvier 2015<\/span><\/span><\/div><\/div><\/div><\/div><div class=\"nectar-post-grid-item\" data-post-id=\"1188\" data-has-img=\"true\"> <div class=\"inner\"><div class=\"nectar-post-grid-item-bg-wrap\"><div class=\"nectar-post-grid-item-bg-wrap-inner\"><div class=\"nectar-post-grid-item-bg\"><img loading=\"lazy\" decoding=\"async\" width=\"610\" height=\"335\" src=\"https:\/\/www.cislferrara.it\/wp-content\/uploads\/2014\/12\/foto-scuola.jpg\" class=\"attachment-large size-large wp-post-image\" alt=\"\" srcset=\"https:\/\/www.cislferrara.it\/wp-content\/uploads\/2014\/12\/foto-scuola.jpg 610w, https:\/\/www.cislferrara.it\/wp-content\/uploads\/2014\/12\/foto-scuola-300x164.jpg 300w\" sizes=\"auto, (max-width: 610px) 100vw, 610px\" \/><\/div><\/div><\/div><div class=\"content\"><a class=\"nectar-post-grid-link\" href=\"https:\/\/www.cislferrara.it\/fr\/incontro-con-precari-della-scuola\/\" ><span class=\"screen-reader-text\">RENCONTRE AVEC LES TRAVAILLEURS PR\u00c9CAIRES DE L&#039;\u00c9COLE<\/span><\/a><span class=\"meta-category\"><a class=\"cisl-ferrara style-underline\" href=\"https:\/\/www.cislferrara.it\/fr\/category\/cisl-ferrara\/\">Cisl Ferrare<\/a><a class=\"scuola style-underline\" href=\"https:\/\/www.cislferrara.it\/fr\/category\/scuola\/\">\u00c9cole<\/a><\/span><div class=\"item-main\"><h3 class=\"post-heading\"><span>RENCONTRE AVEC LES TRAVAILLEURS PR\u00c9CAIRES DE L&#039;\u00c9COLE<\/span><\/h3><div class=\"nectar-post-grid-item__excerpt-wrap item-meta-extra\"><span class=\"meta-excerpt\">Comme on le sait, le 26 novembre, la Cour de justice a rendu son arr\u00eat sur l\u2019ill\u00e9gitimit\u00e9\u2026<\/span><\/div><span class=\"nectar-post-grid-item__meta-wrap\"><span class=\"meta-date\">11 d\u00e9cembre 2014<\/span><\/span><\/div><\/div><\/div><\/div><\/div><\/div>\n\t\t<\/div> \n\t<\/div>\n\t<\/div> \n<\/div><\/div><div id=\"fws_69f052f954b29\" data-midnight=\"\" data-column-margin=\"default\" class=\"wpb_row vc_row-fluid vc_row inner_row\"  style=\"\"><div class=\"row-bg-wrap\"> <div class=\"row-bg\" ><\/div> <\/div><div class=\"row_col_wrap_12_inner col span_12  left\">\n\t<div  class=\"vc_col-sm-12 wpb_column column_container vc_column_container col child_column centered-text no-extra-padding inherit_tablet inherit_phone flex_gap_desktop_10px\"   data-padding-pos=\"all\" data-has-bg-color=\"false\" data-bg-color=\"\" data-bg-opacity=\"1\" data-animation=\"\" data-delay=\"0\" >\n\t\t<div class=\"vc_column-inner\" >\n\t\t<div class=\"wpb_wrapper\">\n\t\t\t<a class=\"nectar-button large see-through m-extra-color-gradient-2 has-icon\"  role=\"button\" style=\"margin-top: 15px; \"  href=\"https:\/\/www.cislferrara.it\/fr\/archivio\/\" data-color-override=\"false\" data-hover-color-override=\"false\" data-hover-text-color-override=\"#fff\"><span>Lire toutes les actualit\u00e9s<\/span><i  class=\"icon-button-arrow\"><\/i><\/a>\n\t\t<\/div> \n\t<\/div>\n\t<\/div> \n<\/div><\/div>\n\t\t\t<\/div> \n\t\t<\/div>\n\t<\/div> \n<\/div><\/div>","protected":false},"excerpt":{"rendered":"Comme on le sait, le 26 novembre, la Cour de justice a rendu un arr\u00eat d\u00e9clarant ill\u00e9gitime la r\u00e9it\u00e9ration indiscrimin\u00e9e et illimit\u00e9e des contrats \u00e0 dur\u00e9e d\u00e9termin\u00e9e des enseignants. C&#039;est pourquoi, demain\u2026","protected":false},"author":1,"featured_media":0,"parent":0,"menu_order":0,"comment_status":"closed","ping_status":"closed","template":"","meta":{"footnotes":""},"class_list":["post-57","page","type-page","status-publish"],"_links":{"self":[{"href":"https:\/\/www.cislferrara.it\/fr\/wp-json\/wp\/v2\/pages\/57","targetHints":{"allow":["GET"]}}],"collection":[{"href":"https:\/\/www.cislferrara.it\/fr\/wp-json\/wp\/v2\/pages"}],"about":[{"href":"https:\/\/www.cislferrara.it\/fr\/wp-json\/wp\/v2\/types\/page"}],"author":[{"embeddable":true,"href":"https:\/\/www.cislferrara.it\/fr\/wp-json\/wp\/v2\/users\/1"}],"replies":[{"embeddable":true,"href":"https:\/\/www.cislferrara.it\/fr\/wp-json\/wp\/v2\/comments?post=57"}],"version-history":[{"count":11,"href":"https:\/\/www.cislferrara.it\/fr\/wp-json\/wp\/v2\/pages\/57\/revisions"}],"predecessor-version":[{"id":5703,"href":"https:\/\/www.cislferrara.it\/fr\/wp-json\/wp\/v2\/pages\/57\/revisions\/5703"}],"wp:attachment":[{"href":"https:\/\/www.cislferrara.it\/fr\/wp-json\/wp\/v2\/media?parent=57"}],"curies":[{"name":"wp","href":"https:\/\/api.w.org\/{rel}","templated":true}]}}