{"id":51,"date":"2014-09-04T10:19:55","date_gmt":"2014-09-04T08:19:55","guid":{"rendered":"http:\/\/www.cislferrara.it\/?page_id=51"},"modified":"2026-03-18T15:26:56","modified_gmt":"2026-03-18T14:26:56","slug":"fai","status":"publish","type":"page","link":"https:\/\/www.cislferrara.it\/fr\/fai\/","title":{"rendered":"TU FAIS"},"content":{"rendered":"<div id=\"fws_69f05326ca5be\"  data-column-margin=\"default\" data-midnight=\"dark\" data-top-percent=\"4%\"  class=\"wpb_row vc_row-fluid vc_row  top_padding_tablet_8pct bottom_padding_tablet_8pct\"  style=\"padding-top: calc(100vw * 0.04); padding-bottom: 0px; \"><div class=\"row-bg-wrap\" data-bg-animation=\"none\" data-bg-animation-delay=\"\" data-bg-overlay=\"false\"><div class=\"inner-wrap row-bg-layer\" ><div class=\"row-bg viewport-desktop\"  style=\"\"><\/div><\/div><\/div><div class=\"row_col_wrap_12 col span_12 dark left\">\n\t<div  class=\"vc_col-sm-2\/5 vc_col-xs-12 wpb_column column_container vc_column_container col no-extra-padding right_margin_tablet_auto right_margin_phone_auto left_margin_tablet_auto left_margin_phone_auto inherit_tablet inherit_phone max_width_tablet_600px max_width_phone_420px flex_gap_desktop_10px\"  data-padding-pos=\"all\" data-has-bg-color=\"false\" data-bg-color=\"\" data-bg-opacity=\"1\" data-animation=\"\" data-delay=\"0\" >\n\t\t<div class=\"vc_column-inner\" >\n\t\t\t<div class=\"wpb_wrapper\">\n\t\t\t\t<div id=\"fws_69f05326cb504\" data-midnight=\"\" data-column-margin=\"default\" class=\"wpb_row vc_row-fluid vc_row inner_row\"  style=\"\"><div class=\"row-bg-wrap\"> <div class=\"row-bg\" ><\/div> <\/div><div class=\"row_col_wrap_12_inner col span_12  left\">\n\t<div  class=\"vc_col-sm-12 wpb_column column_container vc_column_container col child_column no-extra-padding inherit_tablet inherit_phone flex_gap_desktop_10px\"   data-padding-pos=\"all\" data-has-bg-color=\"false\" data-bg-color=\"\" data-bg-opacity=\"1\" data-animation=\"\" data-delay=\"0\" >\n\t\t<div class=\"vc_column-inner\" >\n\t\t<div class=\"wpb_wrapper\">\n\t\t\t<div class=\"img-with-aniamtion-wrap center\" data-max-width=\"100%\" data-max-width-mobile=\"default\" data-shadow=\"none\" data-animation=\"none\" >\n      <div class=\"inner\">\n        <div class=\"hover-wrap\"> \n          <div class=\"hover-wrap-inner\">\n            <img loading=\"lazy\" decoding=\"async\" class=\"img-with-animation skip-lazy\" data-delay=\"0\" height=\"250\" width=\"500\" data-animation=\"none\" src=\"https:\/\/www.cislferrara.it\/wp-content\/uploads\/2014\/09\/fai-cisl.jpg\" alt=\"\" srcset=\"https:\/\/www.cislferrara.it\/wp-content\/uploads\/2014\/09\/fai-cisl.jpg 500w, https:\/\/www.cislferrara.it\/wp-content\/uploads\/2014\/09\/fai-cisl-300x150.jpg 300w\" sizes=\"auto, (max-width: 500px) 100vw, 500px\" \/>\n          <\/div>\n        <\/div>\n        \n      <\/div>\n    <\/div>\n\t\t<\/div> \n\t<\/div>\n\t<\/div> \n<\/div><\/div>\n\t\t\t<\/div> \n\t\t<\/div>\n\t<\/div> \n\n\t<div style=\"z-index: 100; \" class=\"vc_col-sm-3\/5 vc_col-xs-12 wpb_column column_container vc_column_container col padding-3-percent max_width_desktop_1000px top_margin_tablet_40px right_margin_tablet_auto right_margin_phone_auto left_margin_tablet_auto left_margin_phone_auto no-extra-padding_tablet no-extra-padding_phone max_width_tablet_600px max_width_phone_420px flex_gap_desktop_10px\"  data-padding-pos=\"left\" data-has-bg-color=\"false\" data-bg-color=\"\" data-bg-opacity=\"1\" data-animation=\"\" data-delay=\"0\" >\n\t\t<div class=\"vc_column-inner\" >\n\t\t\t<div class=\"wpb_wrapper\">\n\t\t\t\t<div id=\"fws_69f05326ccc10\" data-midnight=\"\" data-column-margin=\"40px\" class=\"wpb_row vc_row-fluid vc_row inner_row\"  style=\"\"><div class=\"row-bg-wrap\"> <div class=\"row-bg\" ><\/div> <\/div><div class=\"row_col_wrap_12_inner col span_12  left\">\n\t<div  class=\"vc_col-sm-12 wpb_column column_container vc_column_container col child_column has-animation no-extra-padding inherit_tablet inherit_phone flex_gap_desktop_10px\"   data-padding-pos=\"all\" data-has-bg-color=\"false\" data-bg-color=\"\" data-bg-opacity=\"1\" data-animation=\"fade-in-from-bottom\" data-delay=\"0\" >\n\t\t<div class=\"vc_column-inner\" >\n\t\t<div class=\"wpb_wrapper\">\n\t\t\t\n<div class=\"wpb_text_column wpb_content_element  vc_custom_1736777860344\" >\n\t<h3>F\u00e9d\u00e9ration italienne de l&#039;agriculture, de l&#039;alimentation, de l&#039;environnement et de l&#039;industrie<\/h3>\n<\/div>\n\n\n\n\n<div class=\"wpb_text_column wpb_content_element\" >\n\t<p>FAI est la cat\u00e9gorie Cisl qui<strong>\u00a0repr\u00e9sente et prot\u00e8ge<\/strong>\u00a0 Travailleurs agricoles (ouvriers et employ\u00e9s agricoles, horticulteurs et ouvriers forestiers, coop\u00e9ratives agricoles, employ\u00e9s des consortiums de mise en valeur des terres et des associations d&#039;\u00e9levage, travailleurs du tabac, consortiums agricoles, entrepreneurs et travailleurs employ\u00e9s par les bureaux locaux de la biodiversit\u00e9, c&#039;est-\u00e0-dire les travaux de nettoyage et d&#039;entretien des zones foresti\u00e8res). Elle repr\u00e9sente \u00e9galement les salari\u00e9s de l&#039;industrie agroalimentaire (boulangerie, p\u00e2tisserie, etc.), les travailleurs des coop\u00e9ratives industrielles de transformation alimentaire et enfin, les travailleurs de la p\u00eache.<\/p>\n<\/div>\n\n\n\n<div class=\"divider-wrap\" data-alignment=\"default\"><div style=\"height: 15px;\" class=\"divider\"><\/div><\/div><div class=\"nectar-cta  alignment_tablet_default alignment_phone_default display_tablet_inherit display_phone_inherit\" data-color=\"accent-color\" data-using-bg=\"true\" data-style=\"arrow-animation\" data-display=\"block\" data-alignment=\"left\" data-text-color=\"custom\" style=\"--nectar-text-color: #ffffff; --nectar-button-color: var(--nectar-accent-color); --nectar-icon-gap: 10px; \"><h5 style=\"color: #ffffff;\"><span class=\"link_wrap\" style=\"padding-top: 15px; padding-right: 35px; padding-bottom: 15px; padding-left: 35px;\"><a target=\"_blank\" class=\"link_text\" role=\"button\" href=\"https:\/\/www.cislferrara.it\/wp-content\/uploads\/2026\/03\/recapiti-FAI.pdf\"><span class=\"text\">FAI dans la r\u00e9gion : consultez la liste des coordonn\u00e9es et trouvez celle la plus proche de chez vous.<\/span><svg class=\"next-arrow\" aria-hidden=\"true\" width=\"20px\" height=\"25px\" viewbox=\"0 0 50 80\" xml:space=\"preserve\">\n  <polyline stroke=\"#ffffff\" stroke-width=\"9\" fill=\"none\" stroke-linecap=\"round\" stroke-linejoin=\"round\" points=\"0, 0 45, 40 0, 80\"\/>\n  <\/svg>  <span aria-hidden=\"true\" class=\"line\"  style=\"background-color: #ffffff;\"><\/span> <\/a><\/span><\/h5><\/div>\n\t\t<\/div> \n\t<\/div>\n\t<\/div> \n<\/div><\/div>\n\t\t\t<\/div> \n\t\t<\/div>\n\t<\/div> \n<\/div><\/div>\n\t\t<div id=\"fws_69f05326cd889\"  data-column-margin=\"default\" data-midnight=\"dark\"  class=\"wpb_row vc_row-fluid vc_row\"  style=\"padding-top: 0px; padding-bottom: 0px; \"><div class=\"row-bg-wrap\" data-bg-animation=\"none\" data-bg-animation-delay=\"\" data-bg-overlay=\"false\"><div class=\"inner-wrap row-bg-layer\" ><div class=\"row-bg viewport-desktop\"  style=\"\"><\/div><\/div><\/div><div class=\"row_col_wrap_12 col span_12 dark left\">\n\t<div  class=\"vc_col-sm-12 wpb_column column_container vc_column_container col no-extra-padding inherit_tablet inherit_phone flex_gap_desktop_10px\"  data-padding-pos=\"all\" data-has-bg-color=\"false\" data-bg-color=\"\" data-bg-opacity=\"1\" data-animation=\"\" data-delay=\"0\" >\n\t\t<div class=\"vc_column-inner\" >\n\t\t\t<div class=\"wpb_wrapper\">\n\t\t\t\t<div class=\"divider-wrap\" data-alignment=\"default\"><div style=\"height: 30px;\" class=\"divider\"><\/div><\/div>\n\t\t\t<\/div> \n\t\t<\/div>\n\t<\/div> \n<\/div><\/div>\n\t\t<div id=\"fws_69f05326ce08d\"  data-column-margin=\"default\" data-midnight=\"dark\" data-bottom-percent=\"1%\"  class=\"wpb_row vc_row-fluid vc_row full-width-section\"  style=\"padding-top: 0px; padding-bottom: calc(100vw * 0.01); \"><div class=\"row-bg-wrap\" data-bg-animation=\"none\" data-bg-animation-delay=\"\" data-bg-overlay=\"false\"><div class=\"inner-wrap row-bg-layer\" ><div class=\"row-bg viewport-desktop\"  style=\"\"><\/div><\/div><\/div><div class=\"row_col_wrap_12 col span_12 dark left\">\n\t<div  class=\"vc_col-sm-12 wpb_column column_container vc_column_container col no-extra-padding inherit_tablet inherit_phone flex_gap_desktop_10px\"  data-padding-pos=\"all\" data-has-bg-color=\"false\" data-bg-color=\"\" data-bg-opacity=\"1\" data-animation=\"\" data-delay=\"0\" >\n\t\t<div class=\"vc_column-inner\" >\n\t\t\t<div class=\"wpb_wrapper\">\n\t\t\t\t<div class=\"owl-carousel\" data-enable-animation=\"\" data-loop=\"false\"  data-animation-delay=\"0\" data-autorotate=\"\" data-autorotation-speed=\"5000\" data-column-padding=\"20px\" data-desktop-cols=\"4\" data-desktop-small-cols=\"4\" data-tablet-cols=\"2\" data-mobile-cols=\"1\"><div class=\"carousel-item\"><div class=\"team-member\" data-style=\"meta_below\"><img decoding=\"async\" alt=\"\" src=\"https:\/\/www.cislferrara.it\/wp-content\/uploads\/2025\/01\/grassi-milena-fai-cisl.jpg\" title=\"GRASSI MILENA\" \/><h4 class=\"light\">GRASSI MILENA<\/h4><div class=\"position\">Secr\u00e9taire g\u00e9n\u00e9ral<\/div><p class=\"description\">T\u00e9l. : 0532.773398<br \/>\nCellule : 347.0033344<br \/>\nCourriel : milena.grassi@cisl.it<\/p><\/div><\/div><div class=\"carousel-item\"><div class=\"team-member\" data-style=\"meta_below\"><img decoding=\"async\" alt=\"\" src=\"https:\/\/www.cislferrara.it\/wp-content\/uploads\/2025\/01\/cisl-ferrara-team-generico.jpg\" title=\"Jet\u00e9e Antonio de Beltrami\" \/><h4 class=\"light\">Jet\u00e9e Antonio de Beltrami<\/h4><div class=\"position\">Secr\u00e9tariat<\/div><p class=\"description\">T\u00e9l. : 0532.773398<\/p><\/div><\/div><div class=\"carousel-item\"><div class=\"team-member\" data-style=\"meta_below\"><img decoding=\"async\" alt=\"\" src=\"https:\/\/www.cislferrara.it\/wp-content\/uploads\/2025\/01\/cisl-ferrara-team-generico.jpg\" title=\"Adelizzi Eva\" \/><h4 class=\"light\">Adelizzi Eva<\/h4><div class=\"position\">Secr\u00e9tariat<\/div><p class=\"description\">T\u00e9l. : 0532.773398<\/p><\/div><\/div><\/div><div class=\"owl-carousel\" data-enable-animation=\"\" data-loop=\"false\"  data-animation-delay=\"0\" data-autorotate=\"\" data-autorotation-speed=\"5000\" data-column-padding=\"20px\" data-desktop-cols=\"4\" data-desktop-small-cols=\"4\" data-tablet-cols=\"2\" data-mobile-cols=\"1\"><div class=\"carousel-item\"><div class=\"team-member\" data-style=\"meta_below\"><img decoding=\"async\" alt=\"\" src=\"https:\/\/www.cislferrara.it\/wp-content\/uploads\/2025\/01\/cisl-ferrara-team-generico.jpg\" title=\"Rossella Bortoluzzi\" \/><h4 class=\"light\">Rossella Bortoluzzi<\/h4><div class=\"position\">Op\u00e9rateurs de cat\u00e9gorie<\/div><p class=\"description\">T\u00e9l. : 0532.773398<br \/>\nCellulaire : 334.7902124<br \/>\nCourriel : r.bortoluzzi@cisl.it<\/p><\/div><\/div><div class=\"carousel-item\"><div class=\"team-member\" data-style=\"meta_below\"><img decoding=\"async\" alt=\"\" src=\"https:\/\/www.cislferrara.it\/wp-content\/uploads\/2025\/01\/cisl-ferrara-team-generico.jpg\" title=\"Maria Vittoria Orsini\" \/><h4 class=\"light\">Maria Vittoria Orsini<\/h4><div class=\"position\">Op\u00e9rateurs de cat\u00e9gorie<\/div><p class=\"description\">Portable : 393 390 00893<br \/>\nCourriel\u00a0: mv.orsini@cisl.it<\/p><\/div><\/div><\/div>\n\t\t\t<\/div> \n\t\t<\/div>\n\t<\/div> \n<\/div><\/div>\n\t\t<div id=\"fws_69f05326dc8a4\"  data-column-margin=\"default\" data-midnight=\"dark\" data-top-percent=\"4%\" data-bottom-percent=\"4%\"  class=\"wpb_row vc_row-fluid vc_row full-width-section has-row-bg-color vc_row-o-equal-height vc_row-flex vc_row-o-content-middle\"  style=\"padding-top: calc(100vw * 0.04); padding-bottom: calc(100vw * 0.04); --row-bg-color: #f4f4f4;\"><div class=\"row-bg-wrap\" data-bg-animation=\"none\" data-bg-animation-delay=\"\" data-bg-overlay=\"false\"><div class=\"inner-wrap row-bg-layer\" ><div class=\"row-bg viewport-desktop using-bg-color\"  style=\"background-color: #f4f4f4; \"><\/div><\/div><\/div><div class=\"row_col_wrap_12 col span_12 dark left\">\n\t<div  class=\"vc_col-sm-12 wpb_column column_container vc_column_container col no-extra-padding inherit_tablet inherit_phone flex_gap_desktop_10px\"  data-padding-pos=\"all\" data-has-bg-color=\"false\" data-bg-color=\"\" data-bg-opacity=\"1\" data-animation=\"\" data-delay=\"0\" >\n\t\t<div class=\"vc_column-inner\" >\n\t\t\t<div class=\"wpb_wrapper\">\n\t\t\t\t<div id=\"fws_69f05326dd391\" data-midnight=\"\" data-column-margin=\"default\" class=\"wpb_row vc_row-fluid vc_row inner_row vc_row-o-equal-height vc_row-flex vc_row-o-content-middle\"  style=\"\"><div class=\"row-bg-wrap\"> <div class=\"row-bg\" ><\/div> <\/div><div class=\"row_col_wrap_12_inner col span_12  left\">\n\t<div  class=\"vc_col-sm-8 wpb_column column_container vc_column_container col child_column centered-text no-extra-padding inherit_tablet inherit_phone flex_gap_desktop_10px\"   data-padding-pos=\"all\" data-has-bg-color=\"false\" data-bg-color=\"\" data-bg-opacity=\"1\" data-animation=\"\" data-delay=\"0\" >\n\t\t<div class=\"vc_column-inner\" >\n\t\t<div class=\"wpb_wrapper\">\n\t\t\t<h2 style=\"text-align: center\" class=\"vc_custom_heading vc_do_custom_heading wpb_animate_when_almost_visible wpb_fadeInUp fadeInUp\" >D\u00e9couvrez comment demander le v\u00f4tre<\/h2><div class=\"divider-wrap\" data-alignment=\"default\"><div style=\"height: 30px;\" class=\"divider\"><\/div><\/div><div class=\"nectar-cta  alignment_tablet_default alignment_phone_default display_tablet_inherit display_phone_inherit\" data-color=\"default\" data-using-bg=\"false\" data-display=\"block\" data-style=\"underline\" data-alignment=\"center\" data-text-color=\"custom\" style=\"margin-right: 10px; margin-left: 10px; --nectar-text-color: #016648; --nectar-button-color: var(--nectar-default); --nectar-icon-gap: 10px; \"><h4 style=\"color: #016648;\"> <span class=\"link_wrap\" ><a  class=\"link_text\" style=\"border-color: #016648;\" role=\"button\" href=\"https:\/\/www.cislferrara.it\/fr\/richiesta-disoccupazione-agricola\/\">CLIQUEZ ICI POUR LE CH\u00d4MAGE AGRICOLE<\/a><\/span><\/h4><\/div>\n\t\t<\/div> \n\t<\/div>\n\t<\/div> \n\n\t<div  class=\"vc_col-sm-4 wpb_column column_container vc_column_container col child_column centered-text has-animation padding-2-percent inherit_tablet inherit_phone flex_gap_desktop_10px\"   data-padding-pos=\"left-right\" data-has-bg-color=\"false\" data-bg-color=\"\" data-bg-opacity=\"1\" data-animation=\"fade-in\" data-delay=\"0\" >\n\t\t<div class=\"vc_column-inner\" >\n\t\t<div class=\"wpb_wrapper\">\n\t\t\t<div class=\"img-with-aniamtion-wrap\" data-max-width=\"100%\" data-max-width-mobile=\"default\" data-shadow=\"none\" data-animation=\"none\" >\n      <div class=\"inner\">\n        <div class=\"hover-wrap\"> \n          <div class=\"hover-wrap-inner\">\n            <img loading=\"lazy\" decoding=\"async\" class=\"img-with-animation skip-lazy\" data-delay=\"0\" height=\"225\" width=\"300\" data-animation=\"none\" src=\"https:\/\/www.cislferrara.it\/wp-content\/uploads\/2015\/01\/PERE.jpg\" alt=\"\"  \/>\n          <\/div>\n        <\/div>\n        \n      <\/div>\n    <\/div>\n\t\t<\/div> \n\t<\/div>\n\t<\/div> \n<\/div><\/div>\n\t\t\t<\/div> \n\t\t<\/div>\n\t<\/div> \n<\/div><\/div>\n\t\t<div id=\"fws_69f05326debf5\"  data-column-margin=\"default\" data-midnight=\"dark\" data-top-percent=\"1%\" data-bottom-percent=\"6%\"  class=\"wpb_row vc_row-fluid vc_row full-width-section\"  style=\"padding-top: calc(100vw * 0.01); padding-bottom: calc(100vw * 0.06); \"><div class=\"row-bg-wrap\" data-bg-animation=\"none\" data-bg-animation-delay=\"\" data-bg-overlay=\"false\"><div class=\"inner-wrap row-bg-layer\" ><div class=\"row-bg viewport-desktop\"  style=\"\"><\/div><\/div><\/div><div class=\"row_col_wrap_12 col span_12 dark left\">\n\t<div  class=\"vc_col-sm-12 wpb_column column_container vc_column_container col no-extra-padding inherit_tablet inherit_phone flex_gap_desktop_10px\"  data-padding-pos=\"all\" data-has-bg-color=\"false\" data-bg-color=\"\" data-bg-opacity=\"1\" data-animation=\"\" data-delay=\"0\" >\n\t\t<div class=\"vc_column-inner\" >\n\t\t\t<div class=\"wpb_wrapper\">\n\t\t\t\t<div id=\"fws_69f05326df203\" data-midnight=\"\" data-column-margin=\"default\" class=\"wpb_row vc_row-fluid vc_row inner_row\"  style=\"padding-bottom: 50px; \"><div class=\"row-bg-wrap\"> <div class=\"row-bg\" ><\/div> <\/div><div class=\"row_col_wrap_12_inner col span_12  left\">\n\t<div  class=\"vc_col-sm-12 wpb_column column_container vc_column_container col child_column centered-text no-extra-padding inherit_tablet inherit_phone flex_gap_desktop_10px\"   data-padding-pos=\"all\" data-has-bg-color=\"false\" data-bg-color=\"\" data-bg-opacity=\"1\" data-animation=\"\" data-delay=\"0\" >\n\t\t<div class=\"vc_column-inner\" >\n\t\t<div class=\"wpb_wrapper\">\n\t\t\t<div class=\"divider-wrap\" data-alignment=\"default\"><div style=\"height: 40px;\" class=\"divider\"><\/div><\/div>\n<div class=\"wpb_text_column wpb_content_element\" >\n\t<h3>Derni\u00e8res nouvelles<\/h3>\n<\/div>\n\n\n\n\n\t\t<\/div> \n\t<\/div>\n\t<\/div> \n<\/div><\/div><div id=\"fws_69f05326df909\" data-midnight=\"\" data-column-margin=\"default\" class=\"wpb_row vc_row-fluid vc_row inner_row  vc_custom_1504236091614\"  style=\"\"><div class=\"row-bg-wrap\"> <div class=\"row-bg\" ><\/div> <\/div><div class=\"row_col_wrap_12_inner col span_12  left\">\n\t<div  class=\"vc_col-sm-12 wpb_column column_container vc_column_container col child_column no-extra-padding inherit_tablet inherit_phone flex_gap_desktop_10px\"   data-padding-pos=\"all\" data-has-bg-color=\"false\" data-bg-color=\"\" data-bg-opacity=\"1\" data-animation=\"\" data-delay=\"0\" >\n\t\t<div class=\"vc_column-inner\" >\n\t\t<div class=\"wpb_wrapper\">\n\t\t\t<div class='nectar-post-grid-wrap text-color-dark spacing-25px' data-el-settings='{\"post_type\":\"post\",\"pagination\":\"none\",\"image_size\":\"large\",\"parallax_scrolling\":\"\",\"aspect_ratio_image_size\":\"\",\"category_position\":\"default\",\"category_display\":\"default\",\"display_categories\":\"yes\",\"display_excerpt\":\"yes\",\"excerpt_length\":\"20\",\"content_next_to_image_excerpt_pos\":\"default\",\"display_date\":\"yes\",\"display_estimated_reading_time\":\"0\",\"display_author\":\"0\",\"author_functionality\":\"default\",\"author_position\":\"default\",\"color_overlay\":\"\",\"color_overlay_opacity\":\"\",\"color_overlay_hover_opacity\":\"\",\"card_bg_color\":\"\",\"grid_style\":\"content_under_image\",\"hover_effect\":\"zoom\",\"post_title_overlay\":\"\",\"heading_tag\":\"default\",\"heading_tag_render\":\"default\",\"enable_gallery_lightbox\":\"0\",\"remove_links\":\"0\",\"category_style\":\"underline\",\"overlay_secondary_project_image\":\"\",\"vertical_list_hover_effect\":\"none\",\"vertical_list_read_more\":\"\",\"vertical_list_read_more_style\":\"text\",\"read_more_button\":\"0\",\"animation\":\"none\",\"custom_fields\":\"\",\"custom_fields_location\":\"before_post_meta\",\"display_type\":\"grid\",\"text_content_layout\":\"top_left\"}' data-style='content_under_image' data-query='{\"post_type\":\"post\",\"posts_per_page\":\"12\",\"order\":\"DESC\",\"orderby\":\"date\",\"offset\":\"0\",\"cpt_name\":\"post\",\"custom_query_tax\":\"\",\"ignore_sticky_posts\":\"\",\"exclude_current_post\":\"\"}' data-load-more-color='black' data-load-more-text='Load More'><div class=\"nectar-post-grid-filters\" data-active-color=\"default\" data-align=\"default\" data-animation=\"none\" data-sortable=\"\"><div><a href=\"#\" data-filter=\"fai\" data-total-count=\"11\">Tu fais<\/a><\/div><\/div><div class=\"nectar-post-grid category-position-before-title\" data-indicator=\"\" data-indicator-style=\"default\" data-indicator-text-color=\"#fff\" data-indicator-color=\"#000\" data-indicator-text=\"View\" data-masonry=\"yes\" data-columns=\"4\" data-hover-effect=\"zoom\" data-text-style=\"default\" data-border-radius=\"5px\" data-grid-item-height=\"30vh\" data-grid-spacing=\"25px\" data-text-layout=\"top_left\" data-text-color=\"dark\" data-text-hover-color=\"dark\" data-shadow-hover=\"\" data-animation=\"none\" data-animation-stagger=\"90\" data-cat-click=\"default\"  data-lock-aspect=\"\"  data-text-align=\"left\" data-card=\"\" style=\"--post-grid-border-radius:5px;\" ><div class=\"nectar-post-grid-item\" data-post-id=\"5735\" data-has-img=\"true\"> <div class=\"inner\"><div class=\"nectar-post-grid-item-bg-wrap\"><div class=\"nectar-post-grid-item-bg-wrap-inner\"><div class=\"nectar-post-grid-item-bg\"><img loading=\"lazy\" decoding=\"async\" width=\"1024\" height=\"574\" src=\"https:\/\/www.cislferrara.it\/wp-content\/uploads\/2025\/07\/Terreno-agricolo-1024x574.jpg\" class=\"attachment-large size-large wp-post-image\" alt=\"\" srcset=\"https:\/\/www.cislferrara.it\/wp-content\/uploads\/2025\/07\/Terreno-agricolo-1024x574.jpg 1024w, https:\/\/www.cislferrara.it\/wp-content\/uploads\/2025\/07\/Terreno-agricolo-300x168.jpg 300w, https:\/\/www.cislferrara.it\/wp-content\/uploads\/2025\/07\/Terreno-agricolo-768x430.jpg 768w, https:\/\/www.cislferrara.it\/wp-content\/uploads\/2025\/07\/Terreno-agricolo-18x10.jpg 18w, https:\/\/www.cislferrara.it\/wp-content\/uploads\/2025\/07\/Terreno-agricolo.jpg 1414w\" sizes=\"auto, (max-width: 1024px) 100vw, 1024px\" \/><\/div><\/div><\/div><div class=\"content\"><a class=\"nectar-post-grid-link\" href=\"https:\/\/www.cislferrara.it\/fr\/disoccupazione-agricola-2026\/\" ><span class=\"screen-reader-text\">Ch\u00f4mage agricole 2026<\/span><\/a><span class=\"meta-category\"><a class=\"fai style-underline\" href=\"https:\/\/www.cislferrara.it\/fr\/category\/fai\/\">Tu fais<\/a><\/span><div class=\"item-main\"><h3 class=\"post-heading\"><span>Ch\u00f4mage agricole 2026<\/span><\/h3><div class=\"nectar-post-grid-item__excerpt-wrap item-meta-extra\"><span class=\"meta-excerpt\"><\/span><\/div><span class=\"nectar-post-grid-item__meta-wrap\"><span class=\"meta-date\">18 mars 2026<\/span><\/span><\/div><\/div><\/div><\/div><div class=\"nectar-post-grid-item\" data-post-id=\"5580\" data-has-img=\"true\"> <div class=\"inner\"><div class=\"nectar-post-grid-item-bg-wrap\"><div class=\"nectar-post-grid-item-bg-wrap-inner\"><div class=\"nectar-post-grid-item-bg\"><img loading=\"lazy\" decoding=\"async\" width=\"1024\" height=\"574\" src=\"https:\/\/www.cislferrara.it\/wp-content\/uploads\/2025\/07\/Terreno-agricolo-1024x574.jpg\" class=\"attachment-large size-large wp-post-image\" alt=\"\" srcset=\"https:\/\/www.cislferrara.it\/wp-content\/uploads\/2025\/07\/Terreno-agricolo-1024x574.jpg 1024w, https:\/\/www.cislferrara.it\/wp-content\/uploads\/2025\/07\/Terreno-agricolo-300x168.jpg 300w, https:\/\/www.cislferrara.it\/wp-content\/uploads\/2025\/07\/Terreno-agricolo-768x430.jpg 768w, https:\/\/www.cislferrara.it\/wp-content\/uploads\/2025\/07\/Terreno-agricolo-18x10.jpg 18w, https:\/\/www.cislferrara.it\/wp-content\/uploads\/2025\/07\/Terreno-agricolo.jpg 1414w\" sizes=\"auto, (max-width: 1024px) 100vw, 1024px\" \/><\/div><\/div><\/div><div class=\"content\"><a class=\"nectar-post-grid-link\" href=\"https:\/\/www.cislferrara.it\/fr\/la-sicurezza-prima-di-tutto\/\" ><span class=\"screen-reader-text\">La s\u00e9curit\u00e9 avant tout<\/span><\/a><span class=\"meta-category\"><a class=\"fai style-underline\" href=\"https:\/\/www.cislferrara.it\/fr\/category\/fai\/\">Tu fais<\/a><\/span><div class=\"item-main\"><h3 class=\"post-heading\"><span>La s\u00e9curit\u00e9 avant tout<\/span><\/h3><div class=\"nectar-post-grid-item__excerpt-wrap item-meta-extra\"><span class=\"meta-excerpt\">La Fai Cisl pr\u00e9sente ses condol\u00e9ances pour l\u2019\u00e9v\u00e9nement dramatique survenu le 14 juillet, qui\u2026<\/span><\/div><span class=\"nectar-post-grid-item__meta-wrap\"><span class=\"meta-date\">17 juillet 2025<\/span><\/span><\/div><\/div><\/div><\/div><div class=\"nectar-post-grid-item\" data-post-id=\"4262\" data-has-img=\"true\"> <div class=\"inner\"><div class=\"nectar-post-grid-item-bg-wrap\"><div class=\"nectar-post-grid-item-bg-wrap-inner\"><div class=\"nectar-post-grid-item-bg\"><img loading=\"lazy\" decoding=\"async\" width=\"724\" height=\"1024\" src=\"https:\/\/www.cislferrara.it\/wp-content\/uploads\/2023\/11\/volantino-ANOLF-FAI-2023_page-0001-724x1024.jpg\" class=\"attachment-large size-large wp-post-image\" alt=\"\" srcset=\"https:\/\/www.cislferrara.it\/wp-content\/uploads\/2023\/11\/volantino-ANOLF-FAI-2023_page-0001-724x1024.jpg 724w, https:\/\/www.cislferrara.it\/wp-content\/uploads\/2023\/11\/volantino-ANOLF-FAI-2023_page-0001-212x300.jpg 212w, https:\/\/www.cislferrara.it\/wp-content\/uploads\/2023\/11\/volantino-ANOLF-FAI-2023_page-0001-768x1086.jpg 768w, https:\/\/www.cislferrara.it\/wp-content\/uploads\/2023\/11\/volantino-ANOLF-FAI-2023_page-0001-1086x1536.jpg 1086w, https:\/\/www.cislferrara.it\/wp-content\/uploads\/2023\/11\/volantino-ANOLF-FAI-2023_page-0001.jpg 1241w\" sizes=\"auto, (max-width: 724px) 100vw, 724px\" \/><\/div><\/div><\/div><div class=\"content\"><a class=\"nectar-post-grid-link\" href=\"https:\/\/www.cislferrara.it\/fr\/rivolgiti-a-noi-per-il-rinnovo-del-permesso-di-soggiorno\/\" ><span class=\"screen-reader-text\">Contactez-nous pour renouveler votre titre de s\u00e9jour<\/span><\/a><span class=\"meta-category\"><a class=\"anolf style-underline\" href=\"https:\/\/www.cislferrara.it\/fr\/category\/anolf\/\">ANOLF<\/a><a class=\"area-stampa style-underline\" href=\"https:\/\/www.cislferrara.it\/fr\/category\/area-stampa\/\">Espace presse<\/a><a class=\"fai style-underline\" href=\"https:\/\/www.cislferrara.it\/fr\/category\/fai\/\">Tu fais<\/a><\/span><div class=\"item-main\"><h3 class=\"post-heading\"><span>Contactez-nous pour renouveler votre titre de s\u00e9jour<\/span><\/h3><div class=\"nectar-post-grid-item__excerpt-wrap item-meta-extra\"><span class=\"meta-excerpt\"><\/span><\/div><span class=\"nectar-post-grid-item__meta-wrap\"><span class=\"meta-date\">27 novembre 2023<\/span><\/span><\/div><\/div><\/div><\/div><div class=\"nectar-post-grid-item\" data-post-id=\"3590\" data-has-img=\"true\"> <div class=\"inner\"><div class=\"nectar-post-grid-item-bg-wrap\"><div class=\"nectar-post-grid-item-bg-wrap-inner\"><div class=\"nectar-post-grid-item-bg\"><img loading=\"lazy\" decoding=\"async\" width=\"300\" height=\"225\" src=\"https:\/\/www.cislferrara.it\/wp-content\/uploads\/2015\/01\/PERE.jpg\" class=\"attachment-large size-large wp-post-image\" alt=\"\" \/><\/div><\/div><\/div><div class=\"content\"><a class=\"nectar-post-grid-link\" href=\"https:\/\/www.cislferrara.it\/fr\/richiesta-disoccupazione-agricola\/\" ><span class=\"screen-reader-text\">DEMANDE D&#039;INDEMNIT\u00c9S DE CH\u00d4MAGE AGRICOLE<\/span><\/a><span class=\"meta-category\"><a class=\"area-stampa style-underline\" href=\"https:\/\/www.cislferrara.it\/fr\/category\/area-stampa\/\">Espace presse<\/a><a class=\"cisl-ferrara style-underline\" href=\"https:\/\/www.cislferrara.it\/fr\/category\/cisl-ferrara\/\">Cisl Ferrare<\/a><a class=\"fai style-underline\" href=\"https:\/\/www.cislferrara.it\/fr\/category\/fai\/\">Tu fais<\/a><\/span><div class=\"item-main\"><h3 class=\"post-heading\"><span>DEMANDE D&#039;INDEMNIT\u00c9S DE CH\u00d4MAGE AGRICOLE<\/span><\/h3><div class=\"nectar-post-grid-item__excerpt-wrap item-meta-extra\"><span class=\"meta-excerpt\">\u201c CH\u00d4MAGE AGRICOLE \u201d : Du 1er janvier au 31 mars 2026, pour les travailleurs agricoles, c\u2019est\u2026<\/span><\/div><span class=\"nectar-post-grid-item__meta-wrap\"><span class=\"meta-date\">25 octobre 2022<\/span><\/span><\/div><\/div><\/div><\/div><div class=\"nectar-post-grid-item\" data-post-id=\"3994\" data-has-img=\"true\"> <div class=\"inner\"><div class=\"nectar-post-grid-item-bg-wrap\"><div class=\"nectar-post-grid-item-bg-wrap-inner\"><div class=\"nectar-post-grid-item-bg\"><img loading=\"lazy\" decoding=\"async\" width=\"1024\" height=\"557\" src=\"https:\/\/www.cislferrara.it\/wp-content\/uploads\/2022\/10\/IL-LAVORO-Banner-1024x557.jpg\" class=\"attachment-large size-large wp-post-image\" alt=\"\" srcset=\"https:\/\/www.cislferrara.it\/wp-content\/uploads\/2022\/10\/IL-LAVORO-Banner-1024x557.jpg 1024w, https:\/\/www.cislferrara.it\/wp-content\/uploads\/2022\/10\/IL-LAVORO-Banner-300x163.jpg 300w, https:\/\/www.cislferrara.it\/wp-content\/uploads\/2022\/10\/IL-LAVORO-Banner-768x418.jpg 768w, https:\/\/www.cislferrara.it\/wp-content\/uploads\/2022\/10\/IL-LAVORO-Banner.jpg 1414w\" sizes=\"auto, (max-width: 1024px) 100vw, 1024px\" \/><\/div><\/div><\/div><div class=\"content\"><a class=\"nectar-post-grid-link\" href=\"https:\/\/www.cislferrara.it\/fr\/il-lavoro-e-la-legalita\/\" ><span class=\"screen-reader-text\">TRAVAIL ET L\u00c9GALIT\u00c9<\/span><\/a><span class=\"meta-category\"><a class=\"area-stampa style-underline\" href=\"https:\/\/www.cislferrara.it\/fr\/category\/area-stampa\/\">Espace presse<\/a><a class=\"avvisi style-underline\" href=\"https:\/\/www.cislferrara.it\/fr\/category\/avvisi\/\">Avis<\/a><a class=\"cisl-ferrara style-underline\" href=\"https:\/\/www.cislferrara.it\/fr\/category\/cisl-ferrara\/\">Cisl Ferrare<\/a><a class=\"fai style-underline\" href=\"https:\/\/www.cislferrara.it\/fr\/category\/fai\/\">Tu fais<\/a><\/span><div class=\"item-main\"><h3 class=\"post-heading\"><span>TRAVAIL ET L\u00c9GALIT\u00c9<\/span><\/h3><div class=\"nectar-post-grid-item__excerpt-wrap item-meta-extra\"><span class=\"meta-excerpt\">La question de la l\u00e9galit\u00e9 est au c\u0153ur de la qualit\u00e9 de la vie publique dans notre pays,\u2026<\/span><\/div><span class=\"nectar-post-grid-item__meta-wrap\"><span class=\"meta-date\">11 octobre 2022<\/span><\/span><\/div><\/div><\/div><\/div><div class=\"nectar-post-grid-item\" data-post-id=\"3969\" data-has-img=\"true\"> <div class=\"inner\"><div class=\"nectar-post-grid-item-bg-wrap\"><div class=\"nectar-post-grid-item-bg-wrap-inner\"><div class=\"nectar-post-grid-item-bg\"><img loading=\"lazy\" decoding=\"async\" width=\"1024\" height=\"600\" src=\"https:\/\/www.cislferrara.it\/wp-content\/uploads\/2022\/07\/mai-pi\u00f9-ghetti-banner-1024x600.png\" class=\"attachment-large size-large wp-post-image\" alt=\"\" srcset=\"https:\/\/www.cislferrara.it\/wp-content\/uploads\/2022\/07\/mai-pi\u00f9-ghetti-banner-1024x600.png 1024w, https:\/\/www.cislferrara.it\/wp-content\/uploads\/2022\/07\/mai-pi\u00f9-ghetti-banner-300x176.png 300w, https:\/\/www.cislferrara.it\/wp-content\/uploads\/2022\/07\/mai-pi\u00f9-ghetti-banner-768x450.png 768w, https:\/\/www.cislferrara.it\/wp-content\/uploads\/2022\/07\/mai-pi\u00f9-ghetti-banner-357x210.png 357w, https:\/\/www.cislferrara.it\/wp-content\/uploads\/2022\/07\/mai-pi\u00f9-ghetti-banner.png 1573w\" sizes=\"auto, (max-width: 1024px) 100vw, 1024px\" \/><\/div><\/div><\/div><div class=\"content\"><a class=\"nectar-post-grid-link\" href=\"https:\/\/www.cislferrara.it\/fr\/mai-piu-ghetti\/\" ><span class=\"screen-reader-text\">PLUS DE GHETTOS<\/span><\/a><span class=\"meta-category\"><a class=\"area-stampa style-underline\" href=\"https:\/\/www.cislferrara.it\/fr\/category\/area-stampa\/\">Espace presse<\/a><a class=\"cisl-ferrara style-underline\" href=\"https:\/\/www.cislferrara.it\/fr\/category\/cisl-ferrara\/\">Cisl Ferrare<\/a><a class=\"fai style-underline\" href=\"https:\/\/www.cislferrara.it\/fr\/category\/fai\/\">Tu fais<\/a><\/span><div class=\"item-main\"><h3 class=\"post-heading\"><span>PLUS DE GHETTOS<\/span><\/h3><div class=\"nectar-post-grid-item__excerpt-wrap item-meta-extra\"><span class=\"meta-excerpt\">Chers tous, lors de notre 7e Congr\u00e8s national, le texte d\u2019une motion a \u00e9t\u00e9 pr\u00e9sent\u00e9\u2026<\/span><\/div><span class=\"nectar-post-grid-item__meta-wrap\"><span class=\"meta-date\">6 juillet 2022<\/span><\/span><\/div><\/div><\/div><\/div><div class=\"nectar-post-grid-item\" data-post-id=\"2894\" data-has-img=\"true\"> <div class=\"inner\"><div class=\"nectar-post-grid-item-bg-wrap\"><div class=\"nectar-post-grid-item-bg-wrap-inner\"><div class=\"nectar-post-grid-item-bg\"><img loading=\"lazy\" decoding=\"async\" width=\"670\" height=\"434\" src=\"https:\/\/www.cislferrara.it\/wp-content\/uploads\/2018\/05\/SOS-Caporalato-1.jpg\" class=\"attachment-large size-large wp-post-image\" alt=\"\" srcset=\"https:\/\/www.cislferrara.it\/wp-content\/uploads\/2018\/05\/SOS-Caporalato-1.jpg 670w, https:\/\/www.cislferrara.it\/wp-content\/uploads\/2018\/05\/SOS-Caporalato-1-300x194.jpg 300w, https:\/\/www.cislferrara.it\/wp-content\/uploads\/2018\/05\/SOS-Caporalato-1-210x136.jpg 210w\" sizes=\"auto, (max-width: 670px) 100vw, 670px\" \/><\/div><\/div><\/div><div class=\"content\"><a class=\"nectar-post-grid-link\" href=\"https:\/\/www.cislferrara.it\/fr\/sos-caporalato-lo-sfruttamento-del-lavoro-agroalimentare\/\" ><span class=\"screen-reader-text\">\u00ab SOS CAPORALATO \u00bb CONTRE L&#039;EXPLOITATION DE LA MAIN-D&#039;\u0152UVRE AGRICOLE<\/span><\/a><span class=\"meta-category\"><a class=\"cisl-ferrara style-underline\" href=\"https:\/\/www.cislferrara.it\/fr\/category\/cisl-ferrara\/\">Cisl Ferrare<\/a><a class=\"fai style-underline\" href=\"https:\/\/www.cislferrara.it\/fr\/category\/fai\/\">Tu fais<\/a><\/span><div class=\"item-main\"><h3 class=\"post-heading\"><span>\u00ab SOS CAPORALATO \u00bb CONTRE L&#039;EXPLOITATION DE LA MAIN-D&#039;\u0152UVRE AGRICOLE<\/span><\/h3><div class=\"nectar-post-grid-item__excerpt-wrap item-meta-extra\"><span class=\"meta-excerpt\">Rota\u00a0: \u00ab\u00a0Une campagne civilis\u00e9e pour donner la parole aux travailleurs.\u00a0\u00bb Luigi Sbarra, secr\u00e9taire\u2026<\/span><\/div><span class=\"nectar-post-grid-item__meta-wrap\"><span class=\"meta-date\">30 mai 2018<\/span><\/span><\/div><\/div><\/div><\/div><div class=\"nectar-post-grid-item\" data-post-id=\"2391\" data-has-img=\"true\"> <div class=\"inner\"><div class=\"nectar-post-grid-item-bg-wrap\"><div class=\"nectar-post-grid-item-bg-wrap-inner\"><div class=\"nectar-post-grid-item-bg\"><img loading=\"lazy\" decoding=\"async\" width=\"1024\" height=\"575\" src=\"https:\/\/www.cislferrara.it\/wp-content\/uploads\/2017\/03\/fai-cisl-1024x575.jpg\" class=\"attachment-large size-large wp-post-image\" alt=\"\" srcset=\"https:\/\/www.cislferrara.it\/wp-content\/uploads\/2017\/03\/fai-cisl-1024x575.jpg 1024w, https:\/\/www.cislferrara.it\/wp-content\/uploads\/2017\/03\/fai-cisl-300x168.jpg 300w, https:\/\/www.cislferrara.it\/wp-content\/uploads\/2017\/03\/fai-cisl.jpg 1600w\" sizes=\"auto, (max-width: 1024px) 100vw, 1024px\" \/><\/div><\/div><\/div><div class=\"content\"><a class=\"nectar-post-grid-link\" href=\"https:\/\/www.cislferrara.it\/fr\/congresso-fai-cisl-ferrara\/\" ><span class=\"screen-reader-text\">Congr\u00e8s Fai Cisl de Ferrare<\/span><\/a><span class=\"meta-category\"><a class=\"cisl-ferrara style-underline\" href=\"https:\/\/www.cislferrara.it\/fr\/category\/cisl-ferrara\/\">Cisl Ferrare<\/a><a class=\"fai style-underline\" href=\"https:\/\/www.cislferrara.it\/fr\/category\/fai\/\">Tu fais<\/a><\/span><div class=\"item-main\"><h3 class=\"post-heading\"><span>Congr\u00e8s Fai Cisl de Ferrare<\/span><\/h3><div class=\"nectar-post-grid-item__excerpt-wrap item-meta-extra\"><span class=\"meta-excerpt\">Lors de son congr\u00e8s du 6 mars, la F\u00e9d\u00e9ration agricole, alimentaire et industrielle de Ferrare a reconfirm\u00e9 sa\u2026<\/span><\/div><span class=\"nectar-post-grid-item__meta-wrap\"><span class=\"meta-date\">6 mars 2017<\/span><\/span><\/div><\/div><\/div><\/div><div class=\"nectar-post-grid-item\" data-post-id=\"2207\" data-has-img=\"true\"> <div class=\"inner\"><div class=\"nectar-post-grid-item-bg-wrap\"><div class=\"nectar-post-grid-item-bg-wrap-inner\"><div class=\"nectar-post-grid-item-bg\"><img loading=\"lazy\" decoding=\"async\" width=\"360\" height=\"240\" src=\"https:\/\/www.cislferrara.it\/wp-content\/uploads\/2016\/06\/consorzio-bonifica.jpg\" class=\"attachment-large size-large wp-post-image\" alt=\"\" srcset=\"https:\/\/www.cislferrara.it\/wp-content\/uploads\/2016\/06\/consorzio-bonifica.jpg 360w, https:\/\/www.cislferrara.it\/wp-content\/uploads\/2016\/06\/consorzio-bonifica-300x200.jpg 300w\" sizes=\"auto, (max-width: 360px) 100vw, 360px\" \/><\/div><\/div><\/div><div class=\"content\"><a class=\"nectar-post-grid-link\" href=\"https:\/\/www.cislferrara.it\/fr\/agitazione-per-il-rinnovo-del-ccnl-dei-lavoratori-d\/\" ><span class=\"screen-reader-text\">Agitation pour le renouvellement du CCNL des employ\u00e9s des Consortiums de R\u00e9cup\u00e9ration des Terres<\/span><\/a><span class=\"meta-category\"><a class=\"cisl-ferrara style-underline\" href=\"https:\/\/www.cislferrara.it\/fr\/category\/cisl-ferrara\/\">Cisl Ferrare<\/a><a class=\"fai style-underline\" href=\"https:\/\/www.cislferrara.it\/fr\/category\/fai\/\">Tu fais<\/a><\/span><div class=\"item-main\"><h3 class=\"post-heading\"><span>Agitation pour le renouvellement du CCNL des employ\u00e9s des Consortiums de R\u00e9cup\u00e9ration des Terres<\/span><\/h3><div class=\"nectar-post-grid-item__excerpt-wrap item-meta-extra\"><span class=\"meta-excerpt\">Suite \u00e0 la circulaire conjointe de Fai, Flai et Filbi dat\u00e9e du 10 juin, les \u00e9l\u00e9ments suivants sont confirm\u00e9s\u2026<\/span><\/div><span class=\"nectar-post-grid-item__meta-wrap\"><span class=\"meta-date\">16 juin 2016<\/span><\/span><\/div><\/div><\/div><\/div><div class=\"nectar-post-grid-item\" data-post-id=\"1795\" data-has-img=\"true\"> <div class=\"inner\"><div class=\"nectar-post-grid-item-bg-wrap\"><div class=\"nectar-post-grid-item-bg-wrap-inner\"><div class=\"nectar-post-grid-item-bg\"><img loading=\"lazy\" decoding=\"async\" width=\"1024\" height=\"768\" src=\"https:\/\/www.cislferrara.it\/wp-content\/uploads\/2015\/06\/consorzi-bonifica-1024x768.jpg\" class=\"attachment-large size-large wp-post-image\" alt=\"\" srcset=\"https:\/\/www.cislferrara.it\/wp-content\/uploads\/2015\/06\/consorzi-bonifica-1024x768.jpg 1024w, https:\/\/www.cislferrara.it\/wp-content\/uploads\/2015\/06\/consorzi-bonifica-300x225.jpg 300w, https:\/\/www.cislferrara.it\/wp-content\/uploads\/2015\/06\/consorzi-bonifica.jpg 1772w\" sizes=\"auto, (max-width: 1024px) 100vw, 1024px\" \/><\/div><\/div><\/div><div class=\"content\"><a class=\"nectar-post-grid-link\" href=\"https:\/\/www.cislferrara.it\/fr\/elezioni-rsu-consorzio-di-bonifica-pianura-di-ferrara\/\" ><span class=\"screen-reader-text\">\u00c9lections du RSU du Consortium de remise en \u00e9tat des terres de la plaine de Ferrara<\/span><\/a><span class=\"meta-category\"><a class=\"cisl-ferrara style-underline\" href=\"https:\/\/www.cislferrara.it\/fr\/category\/cisl-ferrara\/\">Cisl Ferrare<\/a><a class=\"fai style-underline\" href=\"https:\/\/www.cislferrara.it\/fr\/category\/fai\/\">Tu fais<\/a><\/span><div class=\"item-main\"><h3 class=\"post-heading\"><span>\u00c9lections du RSU du Consortium de remise en \u00e9tat des terres de la plaine de Ferrara<\/span><\/h3><div class=\"nectar-post-grid-item__excerpt-wrap item-meta-extra\"><span class=\"meta-excerpt\">Entre le 11 et le 12 juin 2015, les \u00e9lections pour la RSU ont eu lieu\u2026<\/span><\/div><span class=\"nectar-post-grid-item__meta-wrap\"><span class=\"meta-date\">16 juin 2015<\/span><\/span><\/div><\/div><\/div><\/div><div class=\"nectar-post-grid-item\" data-post-id=\"1498\" data-has-img=\"true\"> <div class=\"inner\"><div class=\"nectar-post-grid-item-bg-wrap\"><div class=\"nectar-post-grid-item-bg-wrap-inner\"><div class=\"nectar-post-grid-item-bg\"><img loading=\"lazy\" decoding=\"async\" width=\"576\" height=\"1024\" src=\"https:\/\/www.cislferrara.it\/wp-content\/uploads\/2015\/02\/rosarno-576x1024.jpg\" class=\"attachment-large size-large wp-post-image\" alt=\"\" srcset=\"https:\/\/www.cislferrara.it\/wp-content\/uploads\/2015\/02\/rosarno-576x1024.jpg 576w, https:\/\/www.cislferrara.it\/wp-content\/uploads\/2015\/02\/rosarno-168x300.jpg 168w, https:\/\/www.cislferrara.it\/wp-content\/uploads\/2015\/02\/rosarno.jpg 1836w\" sizes=\"auto, (max-width: 576px) 100vw, 576px\" \/><\/div><\/div><\/div><div class=\"content\"><a class=\"nectar-post-grid-link\" href=\"https:\/\/www.cislferrara.it\/fr\/agroalimentare-legalita-diritti-e-dignita\/\" ><span class=\"screen-reader-text\">Agriculture. L\u00e9galit\u00e9, droits et dignit\u00e9<\/span><\/a><span class=\"meta-category\"><a class=\"cisl-ferrara style-underline\" href=\"https:\/\/www.cislferrara.it\/fr\/category\/cisl-ferrara\/\">Cisl Ferrare<\/a><a class=\"fai style-underline\" href=\"https:\/\/www.cislferrara.it\/fr\/category\/fai\/\">Tu fais<\/a><\/span><div class=\"item-main\"><h3 class=\"post-heading\"><span>Agriculture. L\u00e9galit\u00e9, droits et dignit\u00e9<\/span><\/h3><div class=\"nectar-post-grid-item__excerpt-wrap item-meta-extra\"><span class=\"meta-excerpt\">La F\u00e9d\u00e9ration Agricole de la Cisl Ferrara (Fai) a \u00e9galement particip\u00e9 \u00e0 l&#039;initiative conjointe, d&#039;importance nationale\u2026<\/span><\/div><span class=\"nectar-post-grid-item__meta-wrap\"><span class=\"meta-date\">18 f\u00e9vrier 2015<\/span><\/span><\/div><\/div><\/div><\/div><\/div><\/div>\n\t\t<\/div> \n\t<\/div>\n\t<\/div> \n<\/div><\/div><div id=\"fws_69f0532700796\" data-midnight=\"\" data-column-margin=\"default\" class=\"wpb_row vc_row-fluid vc_row inner_row\"  style=\"\"><div class=\"row-bg-wrap\"> <div class=\"row-bg\" ><\/div> <\/div><div class=\"row_col_wrap_12_inner col span_12  left\">\n\t<div  class=\"vc_col-sm-12 wpb_column column_container vc_column_container col child_column centered-text no-extra-padding inherit_tablet inherit_phone flex_gap_desktop_10px\"   data-padding-pos=\"all\" data-has-bg-color=\"false\" data-bg-color=\"\" data-bg-opacity=\"1\" data-animation=\"\" data-delay=\"0\" >\n\t\t<div class=\"vc_column-inner\" >\n\t\t<div class=\"wpb_wrapper\">\n\t\t\t<a class=\"nectar-button large see-through m-extra-color-gradient-2 has-icon\"  role=\"button\" style=\"margin-top: 15px; \"  href=\"https:\/\/www.cislferrara.it\/fr\/archivio\/\" data-color-override=\"false\" data-hover-color-override=\"false\" data-hover-text-color-override=\"#fff\"><span>Lire toutes les actualit\u00e9s<\/span><i  class=\"icon-button-arrow\"><\/i><\/a>\n\t\t<\/div> \n\t<\/div>\n\t<\/div> \n<\/div><\/div>\n\t\t\t<\/div> \n\t\t<\/div>\n\t<\/div> \n<\/div><\/div>","protected":false},"excerpt":{"rendered":"La F\u00e9d\u00e9ration Agricole de la CISL Ferrara (FAI) a \u00e9galement particip\u00e9 \u00e0 l&#039;initiative conjointe d&#039;importance nationale qui s&#039;est tenue \u00e0 Rosarno et intitul\u00e9e \u00ab L\u00e9galit\u00e9, Droits et Dignit\u00e9 \u00e0 partir de Rosarno...","protected":false},"author":1,"featured_media":0,"parent":0,"menu_order":0,"comment_status":"closed","ping_status":"closed","template":"","meta":{"footnotes":""},"class_list":["post-51","page","type-page","status-publish"],"_links":{"self":[{"href":"https:\/\/www.cislferrara.it\/fr\/wp-json\/wp\/v2\/pages\/51","targetHints":{"allow":["GET"]}}],"collection":[{"href":"https:\/\/www.cislferrara.it\/fr\/wp-json\/wp\/v2\/pages"}],"about":[{"href":"https:\/\/www.cislferrara.it\/fr\/wp-json\/wp\/v2\/types\/page"}],"author":[{"embeddable":true,"href":"https:\/\/www.cislferrara.it\/fr\/wp-json\/wp\/v2\/users\/1"}],"replies":[{"embeddable":true,"href":"https:\/\/www.cislferrara.it\/fr\/wp-json\/wp\/v2\/comments?post=51"}],"version-history":[{"count":13,"href":"https:\/\/www.cislferrara.it\/fr\/wp-json\/wp\/v2\/pages\/51\/revisions"}],"predecessor-version":[{"id":5741,"href":"https:\/\/www.cislferrara.it\/fr\/wp-json\/wp\/v2\/pages\/51\/revisions\/5741"}],"wp:attachment":[{"href":"https:\/\/www.cislferrara.it\/fr\/wp-json\/wp\/v2\/media?parent=51"}],"curies":[{"name":"wp","href":"https:\/\/api.w.org\/{rel}","templated":true}]}}