{"id":503,"date":"2014-09-18T10:14:44","date_gmt":"2014-09-18T08:14:44","guid":{"rendered":"http:\/\/www.cislferrara.it\/?page_id=503"},"modified":"2025-01-09T16:26:23","modified_gmt":"2025-01-09T15:26:23","slug":"dipartimento-politiche-sociali","status":"publish","type":"page","link":"https:\/\/www.cislferrara.it\/fr\/dipartimento-politiche-sociali\/","title":{"rendered":"D\u00c9PARTEMENT DE LA POLITIQUE SOCIALE"},"content":{"rendered":"<div id=\"fws_69f05490c5c83\"  data-column-margin=\"default\" data-midnight=\"dark\"  class=\"wpb_row vc_row-fluid vc_row\"  style=\"padding-top: 0px; padding-bottom: 0px; \"><div class=\"row-bg-wrap\" data-bg-animation=\"none\" data-bg-animation-delay=\"\" data-bg-overlay=\"false\"><div class=\"inner-wrap row-bg-layer\" ><div class=\"row-bg viewport-desktop\"  style=\"\"><\/div><\/div><\/div><div class=\"row_col_wrap_12 col span_12 dark center\">\n\t<div  class=\"vc_col-sm-12 wpb_column column_container vc_column_container col centered-text no-extra-padding inherit_tablet inherit_phone\"  data-padding-pos=\"all\" data-has-bg-color=\"false\" data-bg-color=\"\" data-bg-opacity=\"1\" data-animation=\"\" data-delay=\"0\" >\n\t\t<div class=\"vc_column-inner\" >\n\t\t\t<div class=\"wpb_wrapper\">\n\t\t\t\t<div class=\"nectar-highlighted-text font_size_tablet_6vw\" data-style=\"none\" data-exp=\"default\" data-user-color=\"true\" style=\"color: #016648;\" data-using-custom-color=\"false\" data-animation-delay=\"false\" data-color=\"\" data-color-gradient=\"\"><h2>D\u00e9partement des politiques sociales<\/h2>\n<\/div>\n\t\t\t<\/div> \n\t\t<\/div>\n\t<\/div> \n<\/div><\/div>\n\t\t<div id=\"fws_69f05490c6a95\"  data-column-margin=\"80px\" data-midnight=\"dark\" data-bottom-percent=\"3%\"  class=\"wpb_row vc_row-fluid vc_row\"  style=\"padding-top: 0px; padding-bottom: calc(100vw * 0.03); \"><div class=\"row-bg-wrap\" data-bg-animation=\"none\" data-bg-animation-delay=\"\" data-bg-overlay=\"false\"><div class=\"inner-wrap row-bg-layer\" ><div class=\"row-bg viewport-desktop\"  style=\"\"><\/div><\/div><\/div><div class=\"row_col_wrap_12 col span_12 dark left\">\n\t<div  class=\"vc_col-sm-6 wpb_column column_container vc_column_container col no-extra-padding inherit_tablet inherit_phone\"  data-padding-pos=\"all\" data-has-bg-color=\"false\" data-bg-color=\"\" data-bg-opacity=\"1\" data-animation=\"\" data-delay=\"0\" >\n\t\t<div class=\"vc_column-inner\" >\n\t\t\t<div class=\"wpb_wrapper\">\n\t\t\t\t<div id=\"fws_69f05490c7178\" data-midnight=\"\" data-column-margin=\"default\" class=\"wpb_row vc_row-fluid vc_row inner_row\"  style=\"\"><div class=\"row-bg-wrap\"> <div class=\"row-bg\" ><\/div> <\/div><div class=\"row_col_wrap_12_inner col span_12  left\">\n\t<div  class=\"vc_col-sm-12 wpb_column column_container vc_column_container col child_column has-animation no-extra-padding inherit_tablet inherit_phone\"   data-padding-pos=\"all\" data-has-bg-color=\"false\" data-bg-color=\"\" data-bg-opacity=\"1\" data-animation=\"fade-in-from-bottom\" data-delay=\"0\" >\n\t\t<div class=\"vc_column-inner\" >\n\t\t<div class=\"wpb_wrapper\">\n\t\t\t<h3 style=\"text-align: left\" class=\"vc_custom_heading vc_do_custom_heading\" >Des choses?<\/h3>\n<div class=\"wpb_text_column wpb_content_element\" >\n\t<p><b>Le D\u00e9partement des politiques sociales\u00a0<\/b>op\u00e8re dans le cadre territorial en tant qu&#039;interlocuteur aupr\u00e8s des organismes politiques autoris\u00e9s qui fournissent des services d&#039;assistance aux citoyens.<\/p>\n<\/div>\n\n\n\n<div class=\"divider-wrap\" data-alignment=\"default\"><div style=\"height: 40px;\" class=\"divider\"><\/div><\/div><h3 style=\"text-align: left\" class=\"vc_custom_heading vc_do_custom_heading\" >La Mission<\/h3>\n<div class=\"wpb_text_column wpb_content_element\" >\n\t<ul>\n<li>Elle m\u00e8ne un dialogue et une n\u00e9gociation avec les institutions qui fournissent et planifient le bien-\u00eatre territorial afin de d\u00e9finir les services sociaux les plus appropri\u00e9s \u00e0 la communaut\u00e9 ;<\/li>\n<li>Il a un r\u00f4le de suivi actif sur la qualit\u00e9 des services de sant\u00e9 fournis dans les Districts ;<\/li>\n<li>Supervise les d\u00e9penses des autorit\u00e9s locales en mati\u00e8re de services sociaux ;<\/li>\n<li>Il vise \u00e0 mettre en \u0153uvre l\u2019\u00e9quit\u00e9 financi\u00e8re locale \u00e0 travers une analyse comparative des budgets municipaux de la province de Ferrare entre eux et sur diff\u00e9rentes ann\u00e9es ;<\/li>\n<li>Informe les citoyens et les usagers sur les services sociaux et de sant\u00e9 offerts localement<\/li>\n<\/ul>\n<\/div>\n\n\n\n\n\t\t<\/div> \n\t<\/div>\n\t<\/div> \n<\/div><\/div>\n\t\t\t<\/div> \n\t\t<\/div>\n\t<\/div> \n\n\t<div  class=\"vc_col-sm-6 wpb_column column_container vc_column_container col top_margin_tablet_10pct right_padding_desktop_2vw\"  data-padding-pos=\"all\" data-has-bg-color=\"false\" data-bg-color=\"\" data-bg-opacity=\"1\" data-animation=\"\" data-delay=\"0\" >\n\t\t<div class=\"vc_column-inner\" >\n\t\t\t<div class=\"wpb_wrapper\">\n\t\t\t\t<div id=\"fws_69f05490c8247\" data-midnight=\"\" data-column-margin=\"default\" class=\"wpb_row vc_row-fluid vc_row inner_row\"  style=\"\"><div class=\"row-bg-wrap\"> <div class=\"row-bg\" ><\/div> <\/div><div class=\"row_col_wrap_12_inner col span_12  left\">\n\t<div  class=\"vc_col-sm-12 wpb_column column_container vc_column_container col child_column no-extra-padding inherit_tablet inherit_phone col-overflow-hidden\"   data-border-radius=\"15px\" data-overlay-color=\"true\" data-padding-pos=\"all\" data-has-bg-color=\"false\" data-bg-color=\"\" data-bg-opacity=\"1\" data-animation=\"\" data-delay=\"0\" >\n\t\t<div class=\"vc_column-inner\" ><div class=\"column-bg-overlay-wrap column-bg-layer\" data-bg-animation=\"none\"><div class=\"column-bg-overlay\"><\/div><div class=\"column-overlay-layer\" style=\"\"><\/div><\/div>\n\t\t<div class=\"wpb_wrapper\">\n\t\t\t<h4 style=\"text-align: center\" class=\"vc_custom_heading vc_do_custom_heading\" >Architecture politico-territoriale des services socio-sanitaires<\/h4><div class=\"divider-wrap\" data-alignment=\"default\"><div style=\"height: 30px;\" class=\"divider\"><\/div><\/div><div class=\"img-with-aniamtion-wrap center\" data-max-width=\"100%\" data-max-width-mobile=\"default\" data-shadow=\"none\" data-animation=\"none\" >\n      <div class=\"inner\">\n        <div class=\"hover-wrap\"> \n          <div class=\"hover-wrap-inner\">\n            <img loading=\"lazy\" decoding=\"async\" class=\"img-with-animation skip-lazy\" data-delay=\"0\" height=\"195\" width=\"350\" data-animation=\"none\" src=\"https:\/\/www.cislferrara.it\/wp-content\/uploads\/2014\/09\/dipartimento-politiche-sociali-cisl-ferrara.png\" alt=\"\" srcset=\"https:\/\/www.cislferrara.it\/wp-content\/uploads\/2014\/09\/dipartimento-politiche-sociali-cisl-ferrara.png 350w, https:\/\/www.cislferrara.it\/wp-content\/uploads\/2014\/09\/dipartimento-politiche-sociali-cisl-ferrara-300x167.png 300w\" sizes=\"auto, (max-width: 350px) 100vw, 350px\" \/>\n          <\/div>\n        <\/div>\n        \n      <\/div>\n    <\/div><div class=\"divider-wrap\" data-alignment=\"default\"><div style=\"height: 30px;\" class=\"divider\"><\/div><\/div>\n<div class=\"wpb_text_column wpb_content_element\" >\n\t<p style=\"text-align: center;\">Les DISTRICTS sont responsables de la planification socio-sanitaire.<\/p>\n<\/div>\n\n\n\n\n\t\t<\/div> \n\t<\/div>\n\t<\/div> \n<\/div><\/div>\n\t\t\t<\/div> \n\t\t<\/div>\n\t<\/div> \n<\/div><\/div>\n\t\t<div id=\"fws_69f05490c9490\"  data-column-margin=\"80px\" data-midnight=\"dark\"  class=\"wpb_row vc_row-fluid vc_row\"  style=\"padding-top: 0px; padding-bottom: 0px; \"><div class=\"row-bg-wrap\" data-bg-animation=\"none\" data-bg-animation-delay=\"\" data-bg-overlay=\"false\"><div class=\"inner-wrap row-bg-layer\" ><div class=\"row-bg viewport-desktop\"  style=\"\"><\/div><\/div><\/div><div class=\"row_col_wrap_12 col span_12 dark left\">\n\t<div  class=\"vc_col-sm-6 wpb_column column_container vc_column_container col no-extra-padding inherit_tablet inherit_phone\"  data-padding-pos=\"all\" data-has-bg-color=\"false\" data-bg-color=\"\" data-bg-opacity=\"1\" data-animation=\"\" data-delay=\"0\" >\n\t\t<div class=\"vc_column-inner\" >\n\t\t\t<div class=\"wpb_wrapper\">\n\t\t\t\t<div id=\"fws_69f05490c9afa\" data-midnight=\"\" data-column-margin=\"default\" class=\"wpb_row vc_row-fluid vc_row inner_row\"  style=\"\"><div class=\"row-bg-wrap\"> <div class=\"row-bg\" ><\/div> <\/div><div class=\"row_col_wrap_12_inner col span_12  left\">\n\t<div  class=\"vc_col-sm-12 wpb_column column_container vc_column_container col child_column has-animation no-extra-padding inherit_tablet inherit_phone\"   data-padding-pos=\"all\" data-has-bg-color=\"false\" data-bg-color=\"\" data-bg-opacity=\"1\" data-animation=\"fade-in-from-bottom\" data-delay=\"0\" >\n\t\t<div class=\"vc_column-inner\" >\n\t\t<div class=\"wpb_wrapper\">\n\t\t\t<h3 style=\"text-align: left\" class=\"vc_custom_heading vc_do_custom_heading\" >Les districts de Ferrare sont au nombre de trois :<\/h3>\n<div class=\"wpb_text_column wpb_content_element\" >\n\t<p><strong>DISTRICT Ouest<\/strong><br \/>\n<em>Municipalit\u00e9s de<\/em>: Cento, Bondeno, Mirabello, Sant&#039;Agostino, Poggiorenatico, Vigarano Mainarda.<\/p>\n<p><strong>DISTRICT Centre-nord<\/strong><br \/>\n<em>Municipalit\u00e9s de<\/em>: Ferrare, Masi Torello, Voghiera, Copparo, Berra, Formigniana, Iolanda de Savoie, Ferrarese ro, Tresigallo.<\/p>\n<p><strong>District du Sud-Est<\/strong><br \/>\n<em>Municipalit\u00e9s de<\/em>: Portomaggiore, Argenta, Codigoro, Ostellato, Comacchio, Goro, Lagosanto, Fiscaglia, Mesola.<\/p>\n<p>Selon le principe de subsidiarit\u00e9 (art. 118 de la Constitution), la prestation des services rel\u00e8ve de la responsabilit\u00e9 de l&#039;organisme territorial le plus proche du citoyen, donc des Communes et, le cas \u00e9ch\u00e9ant, de leurs Syndicats.<br \/>\n<strong>LES MUNICIPALIT\u00c9S :<\/strong> dans la province de Ferrare, il y en a 24.<\/p>\n<\/div>\n\n\n\n\n\t\t<\/div> \n\t<\/div>\n\t<\/div> \n<\/div><\/div>\n\t\t\t<\/div> \n\t\t<\/div>\n\t<\/div> \n\n\t<div  class=\"vc_col-sm-6 wpb_column column_container vc_column_container col no-extra-padding inherit_tablet inherit_phone\"  data-padding-pos=\"all\" data-has-bg-color=\"false\" data-bg-color=\"\" data-bg-opacity=\"1\" data-animation=\"\" data-delay=\"0\" >\n\t\t<div class=\"vc_column-inner\" >\n\t\t\t<div class=\"wpb_wrapper\">\n\t\t\t\t<div id=\"fws_69f05490ca670\" data-midnight=\"\" data-column-margin=\"default\" class=\"wpb_row vc_row-fluid vc_row inner_row\"  style=\"\"><div class=\"row-bg-wrap\"> <div class=\"row-bg\" ><\/div> <\/div><div class=\"row_col_wrap_12_inner col span_12  left\">\n\t<div  class=\"vc_col-sm-12 wpb_column column_container vc_column_container col child_column has-animation no-extra-padding inherit_tablet inherit_phone\"   data-padding-pos=\"all\" data-has-bg-color=\"false\" data-bg-color=\"\" data-bg-opacity=\"1\" data-animation=\"fade-in-from-bottom\" data-delay=\"0\" >\n\t\t<div class=\"vc_column-inner\" >\n\t\t<div class=\"wpb_wrapper\">\n\t\t\t<h3 style=\"text-align: left\" class=\"vc_custom_heading vc_do_custom_heading\" >Les syndicats :<\/h3>\n<div class=\"wpb_text_column wpb_content_element\" >\n\t<p>Les syndicats territoriaux qui identifient les services \u00e0 g\u00e9rer de mani\u00e8re intercommunale :<\/p>\n<p><strong>Union des Terres et des Rivi\u00e8res<\/strong>: Copparo, Jolanda de Savoie, Tresigallo, Ro, Formignana, Berra.<\/p>\n<p><strong>Association Intercommunale des Terres d&#039;Estensi<\/strong>: Masitorello, Ferrare, Voghiera.<\/p>\n<p><strong>Association intercommunale du Haut Ferrarese<\/strong>: Bondeno, Sant&#039;Agostino, Poggio Renatico, Cento, Mirabello, Vigarano Mainarda.<\/p>\n<p><strong>Delta Union<\/strong>: Goro, Fiscaglia, Codigoro, Mesola, Lagosanto, Comacchio.<\/p>\n<p><strong>Vall\u00e9es et d\u00e9lices de l&#039;Union<\/strong>: Ostellato, Argenta, Portomaggiore.<\/p>\n<\/div>\n\n\n\n\n\t\t<\/div> \n\t<\/div>\n\t<\/div> \n<\/div><\/div>\n\t\t\t<\/div> \n\t\t<\/div>\n\t<\/div> \n<\/div><\/div>\n\t\t<div id=\"fws_69f05490caf5d\"  data-column-margin=\"default\" data-midnight=\"dark\"  class=\"wpb_row vc_row-fluid vc_row\"  style=\"padding-top: 0px; padding-bottom: 0px; \"><div class=\"row-bg-wrap\" data-bg-animation=\"none\" data-bg-animation-delay=\"\" data-bg-overlay=\"false\"><div class=\"inner-wrap row-bg-layer\" ><div class=\"row-bg viewport-desktop\"  style=\"\"><\/div><\/div><\/div><div class=\"row_col_wrap_12 col span_12 dark left\">\n\t<div  class=\"vc_col-sm-12 wpb_column column_container vc_column_container col no-extra-padding inherit_tablet inherit_phone\"  data-padding-pos=\"all\" data-has-bg-color=\"false\" data-bg-color=\"\" data-bg-opacity=\"1\" data-animation=\"\" data-delay=\"0\" >\n\t\t<div class=\"vc_column-inner\" >\n\t\t\t<div class=\"wpb_wrapper\">\n\t\t\t\t<div class=\"divider-wrap\" data-alignment=\"default\"><div style=\"height: 40px;\" class=\"divider\"><\/div><\/div>\n\t\t\t<\/div> \n\t\t<\/div>\n\t<\/div> \n<\/div><\/div>","protected":false},"excerpt":{"rendered":"D\u00e9partement des Politiques Sociales. Qu&#039;est-ce que c&#039;est ? Le D\u00e9partement des Politiques Sociales agit sur le territoire comme interlocuteur des entit\u00e9s politiques habilit\u00e9es \u00e0 fournir des services d&#039;assistance aux citoyens. Sa mission\u2026","protected":false},"author":1,"featured_media":0,"parent":0,"menu_order":0,"comment_status":"closed","ping_status":"closed","template":"","meta":{"footnotes":""},"class_list":["post-503","page","type-page","status-publish"],"_links":{"self":[{"href":"https:\/\/www.cislferrara.it\/fr\/wp-json\/wp\/v2\/pages\/503","targetHints":{"allow":["GET"]}}],"collection":[{"href":"https:\/\/www.cislferrara.it\/fr\/wp-json\/wp\/v2\/pages"}],"about":[{"href":"https:\/\/www.cislferrara.it\/fr\/wp-json\/wp\/v2\/types\/page"}],"author":[{"embeddable":true,"href":"https:\/\/www.cislferrara.it\/fr\/wp-json\/wp\/v2\/users\/1"}],"replies":[{"embeddable":true,"href":"https:\/\/www.cislferrara.it\/fr\/wp-json\/wp\/v2\/comments?post=503"}],"version-history":[{"count":2,"href":"https:\/\/www.cislferrara.it\/fr\/wp-json\/wp\/v2\/pages\/503\/revisions"}],"predecessor-version":[{"id":4655,"href":"https:\/\/www.cislferrara.it\/fr\/wp-json\/wp\/v2\/pages\/503\/revisions\/4655"}],"wp:attachment":[{"href":"https:\/\/www.cislferrara.it\/fr\/wp-json\/wp\/v2\/media?parent=503"}],"curies":[{"name":"wp","href":"https:\/\/api.w.org\/{rel}","templated":true}]}}