{"id":2966,"date":"2018-08-22T16:28:12","date_gmt":"2018-08-22T14:28:12","guid":{"rendered":"https:\/\/www.cislferrara.it\/?page_id=2966"},"modified":"2025-01-13T15:30:24","modified_gmt":"2025-01-13T14:30:24","slug":"felsa","status":"publish","type":"page","link":"https:\/\/www.cislferrara.it\/fr\/felsa\/","title":{"rendered":"FELSA"},"content":{"rendered":"<div id=\"fws_69f05341c4885\"  data-column-margin=\"default\" data-midnight=\"dark\" data-top-percent=\"4%\"  class=\"wpb_row vc_row-fluid vc_row  top_padding_tablet_8pct bottom_padding_tablet_8pct\"  style=\"padding-top: calc(100vw * 0.04); padding-bottom: 0px; \"><div class=\"row-bg-wrap\" data-bg-animation=\"none\" data-bg-animation-delay=\"\" data-bg-overlay=\"false\"><div class=\"inner-wrap row-bg-layer\" ><div class=\"row-bg viewport-desktop\"  style=\"\"><\/div><\/div><\/div><div class=\"row_col_wrap_12 col span_12 dark left\">\n\t<div  class=\"vc_col-sm-2\/5 vc_col-xs-12 wpb_column column_container vc_column_container col no-extra-padding right_margin_tablet_auto right_margin_phone_auto left_margin_tablet_auto left_margin_phone_auto inherit_tablet inherit_phone max_width_tablet_600px max_width_phone_420px\"  data-padding-pos=\"all\" data-has-bg-color=\"false\" data-bg-color=\"\" data-bg-opacity=\"1\" data-animation=\"\" data-delay=\"0\" >\n\t\t<div class=\"vc_column-inner\" >\n\t\t\t<div class=\"wpb_wrapper\">\n\t\t\t\t<div id=\"fws_69f05341c52fa\" data-midnight=\"\" data-column-margin=\"default\" class=\"wpb_row vc_row-fluid vc_row inner_row\"  style=\"\"><div class=\"row-bg-wrap\"> <div class=\"row-bg\" ><\/div> <\/div><div class=\"row_col_wrap_12_inner col span_12  left\">\n\t<div  class=\"vc_col-sm-12 wpb_column column_container vc_column_container col child_column no-extra-padding inherit_tablet inherit_phone\"   data-padding-pos=\"all\" data-has-bg-color=\"false\" data-bg-color=\"\" data-bg-opacity=\"1\" data-animation=\"\" data-delay=\"0\" >\n\t\t<div class=\"vc_column-inner\" >\n\t\t<div class=\"wpb_wrapper\">\n\t\t\t<div class=\"img-with-aniamtion-wrap center\" data-max-width=\"100%\" data-max-width-mobile=\"default\" data-shadow=\"none\" data-animation=\"none\" >\n      <div class=\"inner\">\n        <div class=\"hover-wrap\"> \n          <div class=\"hover-wrap-inner\">\n            <img loading=\"lazy\" decoding=\"async\" class=\"img-with-animation skip-lazy\" data-delay=\"0\" height=\"250\" width=\"500\" data-animation=\"none\" src=\"https:\/\/www.cislferrara.it\/wp-content\/uploads\/2014\/09\/felsa-cisl1.jpg\" alt=\"\" srcset=\"https:\/\/www.cislferrara.it\/wp-content\/uploads\/2014\/09\/felsa-cisl1.jpg 500w, https:\/\/www.cislferrara.it\/wp-content\/uploads\/2014\/09\/felsa-cisl1-300x150.jpg 300w\" sizes=\"auto, (max-width: 500px) 100vw, 500px\" \/>\n          <\/div>\n        <\/div>\n        \n      <\/div>\n    <\/div>\n\t\t<\/div> \n\t<\/div>\n\t<\/div> \n<\/div><\/div>\n\t\t\t<\/div> \n\t\t<\/div>\n\t<\/div> \n\n\t<div style=\"z-index: 100; \" class=\"vc_col-sm-3\/5 vc_col-xs-12 wpb_column column_container vc_column_container col padding-3-percent max_width_desktop_1000px top_margin_tablet_40px right_margin_tablet_auto right_margin_phone_auto left_margin_tablet_auto left_margin_phone_auto no-extra-padding_tablet no-extra-padding_phone max_width_tablet_600px max_width_phone_420px\"  data-padding-pos=\"left\" data-has-bg-color=\"false\" data-bg-color=\"\" data-bg-opacity=\"1\" data-animation=\"\" data-delay=\"0\" >\n\t\t<div class=\"vc_column-inner\" >\n\t\t\t<div class=\"wpb_wrapper\">\n\t\t\t\t<div id=\"fws_69f05341c67b1\" data-midnight=\"\" data-column-margin=\"40px\" class=\"wpb_row vc_row-fluid vc_row inner_row\"  style=\"\"><div class=\"row-bg-wrap\"> <div class=\"row-bg\" ><\/div> <\/div><div class=\"row_col_wrap_12_inner col span_12  left\">\n\t<div  class=\"vc_col-sm-12 wpb_column column_container vc_column_container col child_column has-animation no-extra-padding inherit_tablet inherit_phone\"   data-padding-pos=\"all\" data-has-bg-color=\"false\" data-bg-color=\"\" data-bg-opacity=\"1\" data-animation=\"fade-in-from-bottom\" data-delay=\"0\" >\n\t\t<div class=\"vc_column-inner\" >\n\t\t<div class=\"wpb_wrapper\">\n\t\t\t\n<div class=\"wpb_text_column wpb_content_element  vc_custom_1736778674773\" >\n\t<h3>F\u00e9d\u00e9ration des travailleurs temporaires, ind\u00e9pendants et atypiques<\/h3>\n<\/div>\n\n\n\n\n<div class=\"wpb_text_column wpb_content_element\" >\n\t<p><strong>La Felsa Cisl (F\u00e9d\u00e9ration des travailleurs temporaires ind\u00e9pendants atypiques) s&#039;occupe de formes de travail allant du travail temporaire aux num\u00e9ros de TVA et aux collaborations.<\/strong><br \/>\nFelsa Cisl a \u00e9t\u00e9 cr\u00e9\u00e9e pour r\u00e9pondre \u00e0 des besoins sp\u00e9cifiques de protection, d\u2019information et de repr\u00e9sentation.<\/p>\n<p><strong>DIRECTEUR TERRITORIAL<\/strong><br \/>\nSara Guzzinati<br \/>\nT\u00e9l\u00e9phone : 0532.777677<br \/>\nCourriel : sara.guzzinati@cisl.it<\/p>\n<\/div>\n\n\n\n<div class=\"divider-wrap\" data-alignment=\"default\"><div style=\"height: 15px;\" class=\"divider\"><\/div><\/div>\n\t\t<\/div> \n\t<\/div>\n\t<\/div> \n<\/div><\/div>\n\t\t\t<\/div> \n\t\t<\/div>\n\t<\/div> \n<\/div><\/div>\n\t\t<div id=\"fws_69f05341c775f\"  data-column-margin=\"default\" data-midnight=\"dark\" data-top-percent=\"1%\" data-bottom-percent=\"6%\"  class=\"wpb_row vc_row-fluid vc_row full-width-section\"  style=\"padding-top: calc(100vw * 0.01); padding-bottom: calc(100vw * 0.06); \"><div class=\"row-bg-wrap\" data-bg-animation=\"none\" data-bg-animation-delay=\"\" data-bg-overlay=\"false\"><div class=\"inner-wrap row-bg-layer\" ><div class=\"row-bg viewport-desktop\"  style=\"\"><\/div><\/div><\/div><div class=\"row_col_wrap_12 col span_12 dark left\">\n\t<div  class=\"vc_col-sm-12 wpb_column column_container vc_column_container col no-extra-padding inherit_tablet inherit_phone\"  data-padding-pos=\"all\" data-has-bg-color=\"false\" data-bg-color=\"\" data-bg-opacity=\"1\" data-animation=\"\" data-delay=\"0\" >\n\t\t<div class=\"vc_column-inner\" >\n\t\t\t<div class=\"wpb_wrapper\">\n\t\t\t\t<div id=\"fws_69f05341c8037\" data-midnight=\"\" data-column-margin=\"default\" class=\"wpb_row vc_row-fluid vc_row inner_row\"  style=\"padding-bottom: 50px; \"><div class=\"row-bg-wrap\"> <div class=\"row-bg\" ><\/div> <\/div><div class=\"row_col_wrap_12_inner col span_12  left\">\n\t<div  class=\"vc_col-sm-12 wpb_column column_container vc_column_container col child_column centered-text no-extra-padding inherit_tablet inherit_phone\"   data-padding-pos=\"all\" data-has-bg-color=\"false\" data-bg-color=\"\" data-bg-opacity=\"1\" data-animation=\"\" data-delay=\"0\" >\n\t\t<div class=\"vc_column-inner\" >\n\t\t<div class=\"wpb_wrapper\">\n\t\t\t<div class=\"divider-wrap\" data-alignment=\"default\"><div style=\"height: 40px;\" class=\"divider\"><\/div><\/div>\n<div class=\"wpb_text_column wpb_content_element\" >\n\t<h3>Derni\u00e8res nouvelles<\/h3>\n<\/div>\n\n\n\n\n\t\t<\/div> \n\t<\/div>\n\t<\/div> \n<\/div><\/div><div id=\"fws_69f05341c8a08\" data-midnight=\"\" data-column-margin=\"default\" class=\"wpb_row vc_row-fluid vc_row inner_row  vc_custom_1504236091614\"  style=\"\"><div class=\"row-bg-wrap\"> <div class=\"row-bg\" ><\/div> <\/div><div class=\"row_col_wrap_12_inner col span_12  left\">\n\t<div  class=\"vc_col-sm-12 wpb_column column_container vc_column_container col child_column no-extra-padding inherit_tablet inherit_phone\"   data-padding-pos=\"all\" data-has-bg-color=\"false\" data-bg-color=\"\" data-bg-opacity=\"1\" data-animation=\"\" data-delay=\"0\" >\n\t\t<div class=\"vc_column-inner\" >\n\t\t<div class=\"wpb_wrapper\">\n\t\t\t<div class='nectar-post-grid-wrap text-color-dark spacing-25px' data-el-settings='{\"post_type\":\"post\",\"pagination\":\"none\",\"image_size\":\"large\",\"parallax_scrolling\":\"\",\"aspect_ratio_image_size\":\"\",\"category_position\":\"default\",\"category_display\":\"default\",\"display_categories\":\"yes\",\"display_excerpt\":\"yes\",\"excerpt_length\":\"20\",\"content_next_to_image_excerpt_pos\":\"default\",\"display_date\":\"yes\",\"display_estimated_reading_time\":\"0\",\"display_author\":\"0\",\"author_functionality\":\"default\",\"author_position\":\"default\",\"color_overlay\":\"\",\"color_overlay_opacity\":\"\",\"color_overlay_hover_opacity\":\"\",\"card_bg_color\":\"\",\"grid_style\":\"content_under_image\",\"hover_effect\":\"zoom\",\"post_title_overlay\":\"\",\"heading_tag\":\"default\",\"heading_tag_render\":\"default\",\"enable_gallery_lightbox\":\"0\",\"remove_links\":\"0\",\"category_style\":\"underline\",\"overlay_secondary_project_image\":\"\",\"vertical_list_hover_effect\":\"none\",\"vertical_list_read_more\":\"\",\"vertical_list_read_more_style\":\"text\",\"read_more_button\":\"0\",\"animation\":\"none\",\"custom_fields\":\"\",\"custom_fields_location\":\"before_post_meta\",\"display_type\":\"grid\",\"text_content_layout\":\"top_left\"}' data-style='content_under_image' data-query='{\"post_type\":\"post\",\"posts_per_page\":\"6\",\"order\":\"DESC\",\"orderby\":\"date\",\"offset\":\"0\",\"cpt_name\":\"post\",\"custom_query_tax\":\"\",\"ignore_sticky_posts\":\"\",\"exclude_current_post\":\"\"}' data-load-more-color='black' data-load-more-text='Load More'><div class=\"nectar-post-grid-filters\" data-active-color=\"default\" data-align=\"default\" data-animation=\"none\" data-sortable=\"\"><div><a href=\"#\" data-filter=\"felsa\" data-total-count=\"5\">Felsa<\/a><\/div><\/div><div class=\"nectar-post-grid category-position-before-title\" data-indicator=\"\" data-indicator-style=\"default\" data-indicator-text-color=\"#fff\" data-indicator-color=\"#000\" data-indicator-text=\"View\" data-masonry=\"yes\" data-columns=\"4\" data-hover-effect=\"zoom\" data-text-style=\"default\" data-border-radius=\"5px\" data-grid-item-height=\"30vh\" data-grid-spacing=\"25px\" data-text-layout=\"top_left\" data-text-color=\"dark\" data-text-hover-color=\"dark\" data-shadow-hover=\"\" data-animation=\"none\" data-animation-stagger=\"90\" data-cat-click=\"default\"  data-lock-aspect=\"\"  data-text-align=\"left\" data-card=\"\" style=\"--post-grid-border-radius:5px;\" ><div class=\"nectar-post-grid-item\" data-post-id=\"5727\" data-has-img=\"true\"> <div class=\"inner\"><div class=\"nectar-post-grid-item-bg-wrap\"><div class=\"nectar-post-grid-item-bg-wrap-inner\"><div class=\"nectar-post-grid-item-bg\"><img loading=\"lazy\" decoding=\"async\" width=\"1024\" height=\"1024\" src=\"https:\/\/www.cislferrara.it\/wp-content\/uploads\/2026\/02\/piattaforma-food-delivery-FeLSA-CISL_pages-to-jpg-0001-1024x1024.jpg\" class=\"attachment-large size-large wp-post-image\" alt=\"\" srcset=\"https:\/\/www.cislferrara.it\/wp-content\/uploads\/2026\/02\/piattaforma-food-delivery-FeLSA-CISL_pages-to-jpg-0001-1024x1024.jpg 1024w, https:\/\/www.cislferrara.it\/wp-content\/uploads\/2026\/02\/piattaforma-food-delivery-FeLSA-CISL_pages-to-jpg-0001-300x300.jpg 300w, https:\/\/www.cislferrara.it\/wp-content\/uploads\/2026\/02\/piattaforma-food-delivery-FeLSA-CISL_pages-to-jpg-0001-150x150.jpg 150w, https:\/\/www.cislferrara.it\/wp-content\/uploads\/2026\/02\/piattaforma-food-delivery-FeLSA-CISL_pages-to-jpg-0001-768x768.jpg 768w, https:\/\/www.cislferrara.it\/wp-content\/uploads\/2026\/02\/piattaforma-food-delivery-FeLSA-CISL_pages-to-jpg-0001-1536x1536.jpg 1536w, https:\/\/www.cislferrara.it\/wp-content\/uploads\/2026\/02\/piattaforma-food-delivery-FeLSA-CISL_pages-to-jpg-0001-2048x2048.jpg 2048w, https:\/\/www.cislferrara.it\/wp-content\/uploads\/2026\/02\/piattaforma-food-delivery-FeLSA-CISL_pages-to-jpg-0001-12x12.jpg 12w, https:\/\/www.cislferrara.it\/wp-content\/uploads\/2026\/02\/piattaforma-food-delivery-FeLSA-CISL_pages-to-jpg-0001-140x140.jpg 140w, https:\/\/www.cislferrara.it\/wp-content\/uploads\/2026\/02\/piattaforma-food-delivery-FeLSA-CISL_pages-to-jpg-0001-100x100.jpg 100w, https:\/\/www.cislferrara.it\/wp-content\/uploads\/2026\/02\/piattaforma-food-delivery-FeLSA-CISL_pages-to-jpg-0001-500x500.jpg 500w, https:\/\/www.cislferrara.it\/wp-content\/uploads\/2026\/02\/piattaforma-food-delivery-FeLSA-CISL_pages-to-jpg-0001-350x350.jpg 350w, https:\/\/www.cislferrara.it\/wp-content\/uploads\/2026\/02\/piattaforma-food-delivery-FeLSA-CISL_pages-to-jpg-0001-1000x1000.jpg 1000w, https:\/\/www.cislferrara.it\/wp-content\/uploads\/2026\/02\/piattaforma-food-delivery-FeLSA-CISL_pages-to-jpg-0001-800x800.jpg 800w\" sizes=\"auto, (max-width: 1024px) 100vw, 1024px\" \/><\/div><\/div><\/div><div class=\"content\"><a class=\"nectar-post-grid-link\" href=\"https:\/\/www.cislferrara.it\/fr\/da-oggi-anche-i-rider-hanno-una-rappresentanza\/\" ><span class=\"screen-reader-text\">\u00c0 partir d&#039;aujourd&#039;hui, le RIDER a \u00e9galement une REPR\u00c9SENTATION<\/span><\/a><span class=\"meta-category\"><a class=\"felsa style-underline\" href=\"https:\/\/www.cislferrara.it\/fr\/category\/felsa\/\">Felsa<\/a><\/span><div class=\"item-main\"><h3 class=\"post-heading\"><span>\u00c0 partir d&#039;aujourd&#039;hui, le RIDER a \u00e9galement une REPR\u00c9SENTATION<\/span><\/h3><div class=\"nectar-post-grid-item__excerpt-wrap item-meta-extra\"><span class=\"meta-excerpt\">CONSULTEZ TOUTES NOS ACTUALIT\u00c9S SUR LA PLATEFORME FELSA CISL CONCERNANT UNE CONVENTION COLLECTIVE DANS L&#039;INDUSTRIE ALIMENTAIRE\u2026<\/span><\/div><span class=\"nectar-post-grid-item__meta-wrap\"><span class=\"meta-date\">23 f\u00e9vrier 2026<\/span><\/span><\/div><\/div><\/div><\/div><div class=\"nectar-post-grid-item\" data-post-id=\"4321\" data-has-img=\"true\"> <div class=\"inner\"><div class=\"nectar-post-grid-item-bg-wrap\"><div class=\"nectar-post-grid-item-bg-wrap-inner\"><div class=\"nectar-post-grid-item-bg\"><img loading=\"lazy\" decoding=\"async\" width=\"1024\" height=\"672\" src=\"https:\/\/www.cislferrara.it\/wp-content\/uploads\/2024\/03\/banner-recruiting-day-1024x672.jpg\" class=\"attachment-large size-large wp-post-image\" alt=\"\" srcset=\"https:\/\/www.cislferrara.it\/wp-content\/uploads\/2024\/03\/banner-recruiting-day-1024x672.jpg 1024w, https:\/\/www.cislferrara.it\/wp-content\/uploads\/2024\/03\/banner-recruiting-day-300x197.jpg 300w, https:\/\/www.cislferrara.it\/wp-content\/uploads\/2024\/03\/banner-recruiting-day-768x504.jpg 768w, https:\/\/www.cislferrara.it\/wp-content\/uploads\/2024\/03\/banner-recruiting-day.jpg 1241w\" sizes=\"auto, (max-width: 1024px) 100vw, 1024px\" \/><\/div><\/div><\/div><div class=\"content\"><a class=\"nectar-post-grid-link\" href=\"https:\/\/www.cislferrara.it\/fr\/recruiting-day\/\" ><span class=\"screen-reader-text\">JOURN\u00c9E DE RECRUTEMENT<\/span><\/a><span class=\"meta-category\"><a class=\"area-stampa style-underline\" href=\"https:\/\/www.cislferrara.it\/fr\/category\/area-stampa\/\">Espace presse<\/a><a class=\"cisl-ferrara style-underline\" href=\"https:\/\/www.cislferrara.it\/fr\/category\/cisl-ferrara\/\">Cisl Ferrare<\/a><a class=\"felsa style-underline\" href=\"https:\/\/www.cislferrara.it\/fr\/category\/felsa\/\">Felsa<\/a><\/span><div class=\"item-main\"><h3 class=\"post-heading\"><span>JOURN\u00c9E DE RECRUTEMENT<\/span><\/h3><div class=\"nectar-post-grid-item__excerpt-wrap item-meta-extra\"><span class=\"meta-excerpt\">CISL essaie d&#039;\u00eatre toujours \u00e0 vos c\u00f4t\u00e9s, c&#039;est pourquoi la collaboration entre le centre pour l&#039;emploi, FeLSA\u2026<\/span><\/div><span class=\"nectar-post-grid-item__meta-wrap\"><span class=\"meta-date\">26 mars 2024<\/span><\/span><\/div><\/div><\/div><\/div><div class=\"nectar-post-grid-item\" data-post-id=\"4041\" data-has-img=\"true\"> <div class=\"inner\"><div class=\"nectar-post-grid-item-bg-wrap\"><div class=\"nectar-post-grid-item-bg-wrap-inner\"><div class=\"nectar-post-grid-item-bg\"><img loading=\"lazy\" decoding=\"async\" width=\"1024\" height=\"576\" src=\"https:\/\/www.cislferrara.it\/wp-content\/uploads\/2022\/10\/volantino-materiale-scolastico-1024x576.jpg\" class=\"attachment-large size-large wp-post-image\" alt=\"\" srcset=\"https:\/\/www.cislferrara.it\/wp-content\/uploads\/2022\/10\/volantino-materiale-scolastico-1024x576.jpg 1024w, https:\/\/www.cislferrara.it\/wp-content\/uploads\/2022\/10\/volantino-materiale-scolastico-300x169.jpg 300w, https:\/\/www.cislferrara.it\/wp-content\/uploads\/2022\/10\/volantino-materiale-scolastico-768x432.jpg 768w, https:\/\/www.cislferrara.it\/wp-content\/uploads\/2022\/10\/volantino-materiale-scolastico-1536x864.jpg 1536w, https:\/\/www.cislferrara.it\/wp-content\/uploads\/2022\/10\/volantino-materiale-scolastico.jpg 2000w\" sizes=\"auto, (max-width: 1024px) 100vw, 1024px\" \/><\/div><\/div><\/div><div class=\"content\"><a class=\"nectar-post-grid-link\" href=\"https:\/\/www.cislferrara.it\/fr\/bonus-materiale-didattico\/\" ><span class=\"screen-reader-text\">BONUS POUR LE MAT\u00c9RIEL P\u00c9DAGOGIQUE<\/span><\/a><span class=\"meta-category\"><a class=\"area-stampa style-underline\" href=\"https:\/\/www.cislferrara.it\/fr\/category\/area-stampa\/\">Espace presse<\/a><a class=\"cisl-ferrara style-underline\" href=\"https:\/\/www.cislferrara.it\/fr\/category\/cisl-ferrara\/\">Cisl Ferrare<\/a><a class=\"felsa style-underline\" href=\"https:\/\/www.cislferrara.it\/fr\/category\/felsa\/\">Felsa<\/a><\/span><div class=\"item-main\"><h3 class=\"post-heading\"><span>BONUS POUR LE MAT\u00c9RIEL P\u00c9DAGOGIQUE<\/span><\/h3><div class=\"nectar-post-grid-item__excerpt-wrap item-meta-extra\"><span class=\"meta-excerpt\">d\u00e9pliant sur les fournitures scolaires<\/span><\/div><span class=\"nectar-post-grid-item__meta-wrap\"><span class=\"meta-date\">26 octobre 2022<\/span><\/span><\/div><\/div><\/div><\/div><div class=\"nectar-post-grid-item\" data-post-id=\"4026\" data-has-img=\"true\"> <div class=\"inner\"><div class=\"nectar-post-grid-item-bg-wrap\"><div class=\"nectar-post-grid-item-bg-wrap-inner\"><div class=\"nectar-post-grid-item-bg\"><img loading=\"lazy\" decoding=\"async\" width=\"1024\" height=\"576\" src=\"https:\/\/www.cislferrara.it\/wp-content\/uploads\/2022\/10\/Volantino-Sanita-1024x576.jpg\" class=\"attachment-large size-large wp-post-image\" alt=\"\" srcset=\"https:\/\/www.cislferrara.it\/wp-content\/uploads\/2022\/10\/Volantino-Sanita-1024x576.jpg 1024w, https:\/\/www.cislferrara.it\/wp-content\/uploads\/2022\/10\/Volantino-Sanita-300x169.jpg 300w, https:\/\/www.cislferrara.it\/wp-content\/uploads\/2022\/10\/Volantino-Sanita-768x432.jpg 768w, https:\/\/www.cislferrara.it\/wp-content\/uploads\/2022\/10\/Volantino-Sanita.jpg 1280w\" sizes=\"auto, (max-width: 1024px) 100vw, 1024px\" \/><\/div><\/div><\/div><div class=\"content\"><a class=\"nectar-post-grid-link\" href=\"https:\/\/www.cislferrara.it\/fr\/polizza-colpa-grave-sanitaria\/\" ><span class=\"screen-reader-text\">POLICE D&#039;ASSURANCE MALADIE POUR FAUTE GRAVE<\/span><\/a><span class=\"meta-category\"><a class=\"area-stampa style-underline\" href=\"https:\/\/www.cislferrara.it\/fr\/category\/area-stampa\/\">Espace presse<\/a><a class=\"cisl-ferrara style-underline\" href=\"https:\/\/www.cislferrara.it\/fr\/category\/cisl-ferrara\/\">Cisl Ferrare<\/a><a class=\"felsa style-underline\" href=\"https:\/\/www.cislferrara.it\/fr\/category\/felsa\/\">Felsa<\/a><\/span><div class=\"item-main\"><h3 class=\"post-heading\"><span>POLICE D&#039;ASSURANCE MALADIE POUR FAUTE GRAVE<\/span><\/h3><div class=\"nectar-post-grid-item__excerpt-wrap item-meta-extra\"><span class=\"meta-excerpt\">d\u00e9pliant sant\u00e9<\/span><\/div><span class=\"nectar-post-grid-item__meta-wrap\"><span class=\"meta-date\">18 octobre 2022<\/span><\/span><\/div><\/div><\/div><\/div><div class=\"nectar-post-grid-item\" data-post-id=\"3079\" data-has-img=\"true\"> <div class=\"inner\"><div class=\"nectar-post-grid-item-bg-wrap\"><div class=\"nectar-post-grid-item-bg-wrap-inner\"><div class=\"nectar-post-grid-item-bg\"><img loading=\"lazy\" decoding=\"async\" width=\"1024\" height=\"724\" src=\"https:\/\/www.cislferrara.it\/wp-content\/uploads\/2019\/02\/copertina-fb-1024x724.jpg\" class=\"attachment-large size-large wp-post-image\" alt=\"\" srcset=\"https:\/\/www.cislferrara.it\/wp-content\/uploads\/2019\/02\/copertina-fb-1024x724.jpg 1024w, https:\/\/www.cislferrara.it\/wp-content\/uploads\/2019\/02\/copertina-fb-300x212.jpg 300w, https:\/\/www.cislferrara.it\/wp-content\/uploads\/2019\/02\/copertina-fb-768x543.jpg 768w, https:\/\/www.cislferrara.it\/wp-content\/uploads\/2019\/02\/copertina-fb.jpg 1123w\" sizes=\"auto, (max-width: 1024px) 100vw, 1024px\" \/><\/div><\/div><\/div><div class=\"content\"><a class=\"nectar-post-grid-link\" href=\"https:\/\/www.cislferrara.it\/fr\/felsa-cisl-partite-iva-vantaggi-e-svantaggi\/\" ><span class=\"screen-reader-text\">Felsa Cisl : num\u00e9ros de TVA, avantages et inconv\u00e9nients<\/span><\/a><span class=\"meta-category\"><a class=\"cisl-ferrara style-underline\" href=\"https:\/\/www.cislferrara.it\/fr\/category\/cisl-ferrara\/\">Cisl Ferrare<\/a><a class=\"felsa style-underline\" href=\"https:\/\/www.cislferrara.it\/fr\/category\/felsa\/\">Felsa<\/a><\/span><div class=\"item-main\"><h3 class=\"post-heading\"><span>Felsa Cisl : num\u00e9ros de TVA, avantages et inconv\u00e9nients<\/span><\/h3><div class=\"nectar-post-grid-item__excerpt-wrap item-meta-extra\"><span class=\"meta-excerpt\">Felsa Cisl Ferrara - F\u00e9d\u00e9ration des travailleurs temporaires, ind\u00e9pendants et atypiques - organise une conf\u00e9rence pour\u2026<\/span><\/div><span class=\"nectar-post-grid-item__meta-wrap\"><span class=\"meta-date\">11 f\u00e9vrier 2019<\/span><\/span><\/div><\/div><\/div><\/div><\/div><\/div>\n\t\t<\/div> \n\t<\/div>\n\t<\/div> \n<\/div><\/div><div id=\"fws_69f0534203295\" data-midnight=\"\" data-column-margin=\"default\" class=\"wpb_row vc_row-fluid vc_row inner_row\"  style=\"\"><div class=\"row-bg-wrap\"> <div class=\"row-bg\" ><\/div> <\/div><div class=\"row_col_wrap_12_inner col span_12  left\">\n\t<div  class=\"vc_col-sm-12 wpb_column column_container vc_column_container col child_column centered-text no-extra-padding inherit_tablet inherit_phone\"   data-padding-pos=\"all\" data-has-bg-color=\"false\" data-bg-color=\"\" data-bg-opacity=\"1\" data-animation=\"\" data-delay=\"0\" >\n\t\t<div class=\"vc_column-inner\" >\n\t\t<div class=\"wpb_wrapper\">\n\t\t\t<a class=\"nectar-button large see-through m-extra-color-gradient-2 has-icon\"  role=\"button\" style=\"margin-top: 15px; \"  href=\"https:\/\/www.cislferrara.it\/fr\/archivio\/\" data-color-override=\"false\" data-hover-color-override=\"false\" data-hover-text-color-override=\"#fff\"><span>Lire toutes les actualit\u00e9s<\/span><i  class=\"icon-button-arrow\"><\/i><\/a>\n\t\t<\/div> \n\t<\/div>\n\t<\/div> \n<\/div><\/div>\n\t\t\t<\/div> \n\t\t<\/div>\n\t<\/div> \n<\/div><\/div>","protected":false},"excerpt":{"rendered":"Felsa Cisl Ferrara - la f\u00e9d\u00e9ration des travailleurs temporaires, ind\u00e9pendants et atypiques - organise une conf\u00e9rence pour r\u00e9pondre \u00e0 toutes les questions de ceux qui ont ou envisagent d&#039;ouvrir un num\u00e9ro de TVA.","protected":false},"author":3,"featured_media":0,"parent":0,"menu_order":0,"comment_status":"closed","ping_status":"closed","template":"","meta":{"footnotes":""},"class_list":["post-2966","page","type-page","status-publish"],"_links":{"self":[{"href":"https:\/\/www.cislferrara.it\/fr\/wp-json\/wp\/v2\/pages\/2966","targetHints":{"allow":["GET"]}}],"collection":[{"href":"https:\/\/www.cislferrara.it\/fr\/wp-json\/wp\/v2\/pages"}],"about":[{"href":"https:\/\/www.cislferrara.it\/fr\/wp-json\/wp\/v2\/types\/page"}],"author":[{"embeddable":true,"href":"https:\/\/www.cislferrara.it\/fr\/wp-json\/wp\/v2\/users\/3"}],"replies":[{"embeddable":true,"href":"https:\/\/www.cislferrara.it\/fr\/wp-json\/wp\/v2\/comments?post=2966"}],"version-history":[{"count":2,"href":"https:\/\/www.cislferrara.it\/fr\/wp-json\/wp\/v2\/pages\/2966\/revisions"}],"predecessor-version":[{"id":4757,"href":"https:\/\/www.cislferrara.it\/fr\/wp-json\/wp\/v2\/pages\/2966\/revisions\/4757"}],"wp:attachment":[{"href":"https:\/\/www.cislferrara.it\/fr\/wp-json\/wp\/v2\/media?parent=2966"}],"curies":[{"name":"wp","href":"https:\/\/api.w.org\/{rel}","templated":true}]}}