{"id":2907,"date":"2018-06-28T09:12:40","date_gmt":"2018-06-28T07:12:40","guid":{"rendered":"https:\/\/www.cislferrara.it\/?page_id=2907"},"modified":"2025-01-14T15:00:27","modified_gmt":"2025-01-14T14:00:27","slug":"privacy","status":"publish","type":"page","link":"https:\/\/www.cislferrara.it\/fr\/privacy\/","title":{"rendered":"confidentialit\u00e9"},"content":{"rendered":"<h3 style=\"text-align: center;\">POLITIQUE DE CONFIDENTIALIT\u00c9<\/h3>\n<p style=\"text-align: left;\">Informations disponibles :<\/p>\n<ul>\n<li><a href=\"https:\/\/www.cislferrara.it\/wp-content\/uploads\/2019\/11\/Informativa_essenziale-completa_iscritti_UNIONI_EMIFE.pdf\" target=\"_blank\" rel=\"noopener\">Informations essentielles et compl\u00e8tes pour les membres<\/a><\/li>\n<li><a href=\"https:\/\/www.cislferrara.it\/wp-content\/uploads\/2019\/11\/InformativaEssenziale_e_Completa_dirigentidelegati_EMIFE.pdf\" target=\"_blank\" rel=\"noopener\">Informations essentielles et compl\u00e8tes pour les managers et les d\u00e9l\u00e9gu\u00e9s<\/a><\/li>\n<li>Coordonn\u00e9es des utilisateurs et visiteurs du site Web <em>(voir ci-dessous)<\/em><\/li>\n<\/ul>\n<hr \/>\n<h4 style=\"text-align: center;\"><strong>Coordonn\u00e9es du site Web<br \/>\n<\/strong><\/h4>\n<p><strong>Qui sommes-nous et que faisons-nous de vos donn\u00e9es personnelles ?<\/strong><\/p>\n<p><strong>UST CISL Ferrare <\/strong>ci-apr\u00e8s Responsable du traitement, prot\u00e8ge la confidentialit\u00e9 de vos donn\u00e9es personnelles et leur garantit la protection n\u00e9cessaire contre tout \u00e9v\u00e9nement pouvant les exposer \u00e0 un risque de violation.<\/p>\n<p>\u00c0 cette fin, le Responsable du traitement met en \u0153uvre des politiques et des pratiques concernant la collecte et l&#039;utilisation des donn\u00e9es personnelles et l&#039;exercice des droits qui vous sont reconnus par la loi applicable. Le Responsable du traitement veille \u00e0 mettre \u00e0 jour les politiques et pratiques adopt\u00e9es pour la protection des donn\u00e9es personnelles chaque fois que cela s&#039;av\u00e8re n\u00e9cessaire et, dans tous les cas, en cas de modifications r\u00e9glementaires et organisationnelles susceptibles d&#039;affecter le traitement de vos donn\u00e9es personnelles.<\/p>\n<p>Le responsable du traitement a d\u00e9sign\u00e9 un d\u00e9l\u00e9gu\u00e9 \u00e0 la protection des donn\u00e9es (DPD) que vous pouvez contacter pour toute question concernant les politiques et pratiques adopt\u00e9es. Ses coordonn\u00e9es sont les suivantes\u00a0:<\/p>\n<p>DPO UST CISL Ferrare<br \/>\nCourriel : dpo.cisl.ferrara@cisl.it<\/p>\n<p><strong>Comment il collecte et traite vos donn\u00e9es <\/strong><strong>Le<\/strong> <strong>Titulaire?<\/strong><\/p>\n<p>Le Propri\u00e9taire collecte et\/ou re\u00e7oit des informations vous concernant, telles que : adresse IP, donn\u00e9es d&#039;identification personnelle (telles que nom, pr\u00e9nom, adresse e-mail) communiqu\u00e9es lors de la navigation sur le site <strong>www.cislferrara.it <\/strong>Elles sont utilis\u00e9es par le Propri\u00e9taire pour assurer le suivi de la gestion du site et r\u00e9pondre \u00e0 votre demande d&#039;information. La communication de vos donn\u00e9es personnelles s&#039;effectue principalement \u00e0 des tiers et\/ou destinataires dont l&#039;activit\u00e9 est n\u00e9cessaire \u00e0 la r\u00e9alisation des activit\u00e9s inh\u00e9rentes aux finalit\u00e9s susmentionn\u00e9es, ainsi que pour r\u00e9pondre \u00e0 certaines obligations l\u00e9gales. Toute communication ne r\u00e9pondant pas \u00e0 ces finalit\u00e9s sera soumise \u00e0 votre consentement pr\u00e9alable.<\/p>\n<p>Vos donn\u00e9es personnelles ne seront en aucun cas divulgu\u00e9es ou distribu\u00e9es \u00e0 des tiers non sp\u00e9cifi\u00e9s.<\/p>\n<p>Le Propri\u00e9taire ne transf\u00e8re pas vos donn\u00e9es personnelles \u00e0 l&#039;\u00e9tranger. Vos donn\u00e9es personnelles ne seront en aucun cas diffus\u00e9es ou divulgu\u00e9es \u00e0 des tiers non identifi\u00e9s et non identifiables.<\/p>\n<p><strong>Que se passe-t-il si vous ne fournissez pas vos donn\u00e9es ?<\/strong><\/p>\n<p>Les donn\u00e9es personnelles qui vous concernent et qui vous identifient sont n\u00e9cessaires aux fins de r\u00e9pondre \u00e0 la demande que vous avez soumise via la section \u00ab contacts \u00bb ou qui, si elles ne sont pas fournies, rendent impossible pour le Propri\u00e9taire de r\u00e9pondre \u00e0 vos demandes.<\/p>\n<p><strong>Comment et pendant combien de temps vos donn\u00e9es sont-elles conserv\u00e9es ?<\/strong><\/p>\n<p>Le traitement des donn\u00e9es vous concernant s&#039;effectue par le biais de moyens et d&#039;outils \u00e9lectroniques et manuels mis \u00e0 disposition des sujets qui agissent sous l&#039;autorit\u00e9 du Titulaire et qui sont autoris\u00e9s et form\u00e9s \u00e0 cet effet.<\/p>\n<p>Les donn\u00e9es personnelles sont conserv\u00e9es, le cas \u00e9ch\u00e9ant, dans des archives \u00e9lectroniques prot\u00e9g\u00e9es par des mesures de s\u00e9curit\u00e9 efficaces et ad\u00e9quates pour contrer les risques de violation consid\u00e9r\u00e9s par le Responsable du traitement. Elles le sont pendant la dur\u00e9e n\u00e9cessaire au traitement des demandes d&#039;information et \u00e0 l&#039;envoi de communications de ce type que le Responsable du traitement effectue suite \u00e0 votre demande et, dans tous les cas, pour une dur\u00e9e maximale de 24 mois, sauf en cas d&#039;\u00e9v\u00e9nements n\u00e9cessitant l&#039;intervention des autorit\u00e9s comp\u00e9tentes, notamment en collaboration avec des tiers\/destinataires responsables de la s\u00e9curit\u00e9 informatique des donn\u00e9es du Responsable du traitement, afin de mener des enqu\u00eates sur les causes de l&#039;\u00e9v\u00e9nement.<\/p>\n<p><strong>Quels sont vos droits ?<\/strong><\/p>\n<p>Conform\u00e9ment aux limites, notamment temporelles, fix\u00e9es pour le traitement des donn\u00e9es personnelles vous concernant, les droits qui vous sont reconnus vous permettent de toujours garder le contr\u00f4le de vos donn\u00e9es. Vos droits sont ceux de\u00a0:<\/p>\n<ul>\n<li>acc\u00e9der;<\/li>\n<li>rectification;<\/li>\n<li>annulation;<\/li>\n<li>limitation du traitement ;<\/li>\n<li>opposition au traitement ;<\/li>\n<li>portabilit\u00e9.<\/li>\n<\/ul>\n<p>Vos droits vous sont garantis sans aucune formalit\u00e9 ni contrainte particuli\u00e8re pour leur exercice, qui est en principe gratuit. Vous avez le droit\u00a0:<\/p>\n<ul>\n<li>d&#039;obtenir une copie, y compris sous forme \u00e9lectronique, des donn\u00e9es auxquelles vous avez demand\u00e9 l&#039;acc\u00e8s. Si vous demandez des copies suppl\u00e9mentaires, le Responsable du traitement pourra vous facturer des frais raisonnables\u00a0;<\/li>\n<li>d&#039;obtenir l&#039;annulation de celles-ci ou la limitation du traitement ou encore la mise \u00e0 jour et la rectification de vos donn\u00e9es personnelles et que les tiers\/destinataires se conforment \u00e9galement \u00e0 votre demande dans le cas o\u00f9 ils recevraient vos donn\u00e9es, \u00e0 moins que des raisons l\u00e9gitimes ne pr\u00e9valent sur celles qui ont d\u00e9termin\u00e9 votre demande (par exemple, enqu\u00eates environnementales et ma\u00eetrise du risque d\u00e9termin\u00e9 par l&#039;urgence g\u00e9r\u00e9e par leur interm\u00e9diaire par le Responsable du traitement) ;<\/li>\n<li>d&#039;obtenir toute communication utile concernant les activit\u00e9s r\u00e9alis\u00e9es suite \u00e0 l&#039;exercice de vos droits sans d\u00e9lai et en tout \u00e9tat de cause, dans un d\u00e9lai d&#039;un mois \u00e0 compter de votre demande, sauf si une prolongation motiv\u00e9e pouvant aller jusqu&#039;\u00e0 deux mois vous est d\u00fbment communiqu\u00e9e.<\/li>\n<li>Pour toute information compl\u00e9mentaire et dans tous les cas pour envoyer votre demande, vous devez contacter UST CISL Ferrara, \u00e0 l&#039;adresse ust.ferrara@cisl.it.<\/li>\n<\/ul>\n<p><strong>\u00c0 qui pouvez-vous vous plaindre ?<\/strong><\/p>\n<p>Sans pr\u00e9judice de toute autre action administrative ou judiciaire, vous pouvez d\u00e9poser une plainte aupr\u00e8s de l&#039;autorit\u00e9 de contr\u00f4le comp\u00e9tente ou de celle qui exerce ses fonctions et ses pouvoirs en Italie o\u00f9 vous avez votre r\u00e9sidence habituelle ou votre travail ou, si diff\u00e9rent, dans l&#039;\u00c9tat membre o\u00f9 la violation du r\u00e8glement (UE) 2016\/679 a eu lieu.<\/p>\n<p>&nbsp;<\/p>","protected":false},"excerpt":{"rendered":"<p>INFORMATIVE PRIVACY Informative disponibili: Informativa essenziale e completa Iscritti Informativa essenziale e completa Dirigenti e Delegati Informativa contatti per utenti e visitatori del sito web (si veda sotto) Informativa Contatti&#8230;<\/p>","protected":false},"author":1,"featured_media":0,"parent":0,"menu_order":0,"comment_status":"closed","ping_status":"closed","template":"","meta":{"footnotes":""},"class_list":["post-2907","page","type-page","status-publish"],"_links":{"self":[{"href":"https:\/\/www.cislferrara.it\/fr\/wp-json\/wp\/v2\/pages\/2907","targetHints":{"allow":["GET"]}}],"collection":[{"href":"https:\/\/www.cislferrara.it\/fr\/wp-json\/wp\/v2\/pages"}],"about":[{"href":"https:\/\/www.cislferrara.it\/fr\/wp-json\/wp\/v2\/types\/page"}],"author":[{"embeddable":true,"href":"https:\/\/www.cislferrara.it\/fr\/wp-json\/wp\/v2\/users\/1"}],"replies":[{"embeddable":true,"href":"https:\/\/www.cislferrara.it\/fr\/wp-json\/wp\/v2\/comments?post=2907"}],"version-history":[{"count":2,"href":"https:\/\/www.cislferrara.it\/fr\/wp-json\/wp\/v2\/pages\/2907\/revisions"}],"predecessor-version":[{"id":4842,"href":"https:\/\/www.cislferrara.it\/fr\/wp-json\/wp\/v2\/pages\/2907\/revisions\/4842"}],"wp:attachment":[{"href":"https:\/\/www.cislferrara.it\/fr\/wp-json\/wp\/v2\/media?parent=2907"}],"curies":[{"name":"wp","href":"https:\/\/api.w.org\/{rel}","templated":true}]}}